{"id":45973,"date":"2013-12-17T19:09:49","date_gmt":"2013-12-17T18:09:49","guid":{"rendered":"https:\/\/www.oriolmorte.com\/blog\/"},"modified":"2024-03-18T11:33:37","modified_gmt":"2024-03-18T10:33:37","slug":"blog","status":"publish","type":"page","link":"https:\/\/www.oriolmorte.com\/es\/blog\/","title":{"rendered":"Blog"},"content":{"rendered":"\t\t<div data-elementor-type=\"wp-page\" data-elementor-id=\"45973\" class=\"elementor elementor-45973 elementor-2716\" data-elementor-post-type=\"page\">\n\t\t\t\t\t\t<section class=\"elementor-section elementor-top-section elementor-element elementor-element-6c8ad26d elementor-section-height-min-height elementor-section-stretched elementor-section-full_width elementor-section-items-stretch elementor-section-height-default\" data-id=\"6c8ad26d\" data-element_type=\"section\" data-settings=\"{&quot;stretch_section&quot;:&quot;section-stretched&quot;,&quot;background_background&quot;:&quot;classic&quot;}\">\n\t\t\t\t\t\t\t<div class=\"elementor-background-overlay\"><\/div>\n\t\t\t\t\t\t\t<div class=\"elementor-container elementor-column-gap-default\">\n\t\t\t\t\t<div class=\"elementor-column elementor-col-100 elementor-top-column elementor-element elementor-element-63b25115\" data-id=\"63b25115\" data-element_type=\"column\">\n\t\t\t<div class=\"elementor-widget-wrap elementor-element-populated\">\n\t\t\t\t\t\t<div class=\"elementor-element elementor-element-49f19eef section-align-center section-size-large subtitle-style-sidelines animated-slow elementor-invisible elementor-widget elementor-widget-section-heading\" data-id=\"49f19eef\" data-element_type=\"widget\" data-settings=\"{&quot;_animation&quot;:&quot;fadeIn&quot;}\" data-widget_type=\"section-heading.default\">\n\t\t\t\t<div class=\"elementor-widget-container\">\n\t\t\t\t\t<div class=\"section-heading headingstyle-default\"><div class=\"section-title-wrapper\"><h2 class=\"entry-title section-title\">BLOG<\/h2><\/div><h5 class=\"entry-sub-title section-sub-title\">Blog de Fotograf\u00eda<\/h5><div class=\"section-description clearfix\"><div class=\"section-description-inner\"><h4><span style=\"color: #ffffff;\"><strong>SIEMPRE HAY UNA HISTORIA DETR\u00c1S DE CADA FOTO<\/strong><\/span><\/h4>\n<\/div><\/div><\/div>\t\t\t\t<\/div>\n\t\t\t\t<\/div>\n\t\t\t\t\t<\/div>\n\t\t<\/div>\n\t\t\t\t\t<\/div>\n\t\t<\/section>\n\t\t\t\t<section class=\"elementor-section elementor-top-section elementor-element elementor-element-dc99e51 elementor-section-full_width elementor-section-height-default elementor-section-height-default\" data-id=\"dc99e51\" data-element_type=\"section\">\n\t\t\t\t\t\t<div class=\"elementor-container elementor-column-gap-no\">\n\t\t\t\t\t<div class=\"elementor-column elementor-col-100 elementor-top-column elementor-element elementor-element-0abb6c2\" data-id=\"0abb6c2\" data-element_type=\"column\">\n\t\t\t<div class=\"elementor-widget-wrap elementor-element-populated\">\n\t\t\t\t\t\t<div class=\"elementor-element elementor-element-6907411 blog-list-style-default elementor-widget elementor-widget-blog-list\" data-id=\"6907411\" data-element_type=\"widget\" data-widget_type=\"blog-list.default\">\n\t\t\t\t<div class=\"elementor-widget-container\">\n\t\t\t\t\t<div class=\"mtheme-shortcode-bloglist\">\t\t<div class=\"entry-content-wrapper\">\n\t\t\t<div class=\"topseperator entry-wrapper post-standard-wrapper clearfix\">\n<div class=\"blog-content-section\">\n<div id=\"post-49489\" class=\"post-49489 post type-post status-publish format-standard has-post-thumbnail hentry category-paisaje category-viajes-es tag-aragon tag-canon-1d-mark-ii tag-guipuzcoa tag-huesca-2 tag-invierno tag-loarre-2 tag-pais-vasco\">\n<div class=\"entry-content postformat_contents post-display-excerpt clearfix\">\n<div class=\"post-format-media\"><a href=\"https:\/\/www.oriolmorte.com\/es\/2020\/02\/28\/fotografiar-en-invierno-por-el-norte-de-la-peninsula-iberica\/\"><img decoding=\"async\" src=\"https:\/\/www.oriolmorte.com\/wp-content\/uploads\/2020\/06\/oriolmorte_blog_photographing_winter_north_iberian_peninsula-01.jpg\" srcset=\"https:\/\/www.oriolmorte.com\/wp-content\/uploads\/2020\/06\/oriolmorte_blog_photographing_winter_north_iberian_peninsula-01.jpg 1400w, https:\/\/www.oriolmorte.com\/wp-content\/uploads\/2020\/06\/oriolmorte_blog_photographing_winter_north_iberian_peninsula-01-710x317.jpg 710w, https:\/\/www.oriolmorte.com\/wp-content\/uploads\/2020\/06\/oriolmorte_blog_photographing_winter_north_iberian_peninsula-01-1030x460.jpg 1030w, https:\/\/www.oriolmorte.com\/wp-content\/uploads\/2020\/06\/oriolmorte_blog_photographing_winter_north_iberian_peninsula-01-768x343.jpg 768w, https:\/\/www.oriolmorte.com\/wp-content\/uploads\/2020\/06\/oriolmorte_blog_photographing_winter_north_iberian_peninsula-01-800x357.jpg 800w, https:\/\/www.oriolmorte.com\/wp-content\/uploads\/2020\/06\/oriolmorte_blog_photographing_winter_north_iberian_peninsula-01-600x268.jpg 600w\" sizes=\"(max-width: 1400px) 100vw, 1400px\" alt=\"Fotografiar Castillo de Loarre nevado\" \/><\/a><\/div><div class=\"entry-blog-contents-wrap clearfix\">\n\t\t\t<div class=\"entry-post-title\">\n\t\t\t<h2>\n\t\t\t<a class=\"postformat_standard\" href=\"https:\/\/www.oriolmorte.com\/es\/2020\/02\/28\/fotografiar-en-invierno-por-el-norte-de-la-peninsula-iberica\/\" rel=\"bookmark\">Fotografiar en invierno por el Norte de la Pen\u00ednsula Ib\u00e9rica<\/a>\n\t\t\t<\/h2>\n\t\t\t<\/div>\n\t\t\t\t<div class=\"postsummarywrap fullpage-item\">\n\t\t\t<div class=\"datecomment clearfix\">\n\t\t\t\t\t<div class=\"post-single-meta-group-one\">\n\t\t\t\t\t\t\t\t\t<span class=\"post-single-meta post-single-meta-author\">\n\t\t\t\t\t<i class=\"feather-icon-head\"><\/i>\n\t\t\t\t\t<span class=\"post-meta-author\">\n\t\t\t\t\t\tOriol Morte\t\t\t\t\t<\/span>\n\t\t\t\t\t<\/span>\n\t\t\t\t\t\t\t\t\t\t<span class=\"post-single-meta post-single-meta-date\">\n\t\t\t\t\t\t<span class=\"post-meta-time\">\n\t\t\t\t\t\t<i class=\"feather-icon-clock\"><\/i>\n\t\t\t\t\t\t<span class=\"date updated\">28\/02\/2020<\/span>\t\t\t\t\t\t<\/span>\n\t\t\t\t\t<\/span>\n\t\t\t\t\t\t\t\t<\/div>\n\t\t\t<div class=\"post-single-meta-group-two\">\n\t\t\t\t\t\t\t\t\t<span class=\"post-single-meta post-meta-category post-single-meta-category\">\n\t\t\t\t\t<i class=\"feather-icon-grid\"><\/i>\n\t\t\t\t\t<a href=\"https:\/\/www.oriolmorte.com\/es\/categoria\/paisaje\/\" rel=\"category tag\">Paisaje<\/a> \/ <a href=\"https:\/\/www.oriolmorte.com\/es\/categoria\/paisaje\/viajes-es\/\" rel=\"category tag\">Viajes<\/a>\t\t\t\t\t<\/span>\n\t\t\t\t\t\t\t\t<\/div>\n\t\t<\/div>\n\t<\/div>\n\t<div class=\"postsummary-spacing\"><p>El Reto de la fotograf\u00eda en invierno La climatolog\u00eda a veces nos hace regalos que los fot\u00f3grafos debemos saber aprovechar como el caso que nos ocupa y poder fotografiar en invierno en el Norte de la Pen\u00ednsula Ib\u00e9rica. Aunque las condiciones sean adversas vale la pena salir y ver escenas que raramente podemos volver a ver. Sin embargo, es necesario adaptarse a estas condiciones clim\u00e1ticas para tener una buena experiencia. Buen calzado, buena ropa y asegurar que el medio de [\u2026]<\/p>\n<\/div><a class=\"theme-btn-link\" href=\"https:\/\/www.oriolmorte.com\/es\/2020\/02\/28\/fotografiar-en-invierno-por-el-norte-de-la-peninsula-iberica\/\"><div class=\"theme-btn theme-btn-outline-primary theme-hover-arrow\">Continue Reading<\/div><\/a><\/div>\n<\/div>\n<\/div>\n<\/div>\n<\/div>\n\t\t<\/div>\n\t\t\t\t<div class=\"entry-content-wrapper\">\n\t\t\t<div class=\"topseperator entry-wrapper post-standard-wrapper clearfix\">\n<div class=\"blog-content-section\">\n<div id=\"post-34718\" class=\"post-34718 post type-post status-publish format-standard has-post-thumbnail hentry category-paisaje category-viajes-es\">\n<div class=\"entry-content postformat_contents post-display-excerpt clearfix\">\n<div class=\"post-format-media\"><a href=\"https:\/\/www.oriolmorte.com\/es\/2018\/07\/14\/una-tarde-en-bilbao\/\"><img decoding=\"async\" src=\"https:\/\/www.oriolmorte.com\/wp-content\/uploads\/2016\/02\/R8A5291-Edit_oriol_morte_featured_blog-scaled.jpg\" srcset=\"https:\/\/www.oriolmorte.com\/wp-content\/uploads\/2016\/02\/R8A5291-Edit_oriol_morte_featured_blog-scaled.jpg 2560w, https:\/\/www.oriolmorte.com\/wp-content\/uploads\/2016\/02\/R8A5291-Edit_oriol_morte_featured_blog-600x204.jpg 600w, https:\/\/www.oriolmorte.com\/wp-content\/uploads\/2016\/02\/R8A5291-Edit_oriol_morte_featured_blog-710x242.jpg 710w, https:\/\/www.oriolmorte.com\/wp-content\/uploads\/2016\/02\/R8A5291-Edit_oriol_morte_featured_blog-768x261.jpg 768w, https:\/\/www.oriolmorte.com\/wp-content\/uploads\/2016\/02\/R8A5291-Edit_oriol_morte_featured_blog-1030x351.jpg 1030w, https:\/\/www.oriolmorte.com\/wp-content\/uploads\/2016\/02\/R8A5291-Edit_oriol_morte_featured_blog-1500x511.jpg 1500w, https:\/\/www.oriolmorte.com\/wp-content\/uploads\/2016\/02\/R8A5291-Edit_oriol_morte_featured_blog-705x240.jpg 705w\" sizes=\"(max-width: 1400px) 100vw, 1400px\" alt=\"Una tarde en Bilbao\" \/><\/a><\/div><div class=\"entry-blog-contents-wrap clearfix\">\n\t\t\t<div class=\"entry-post-title\">\n\t\t\t<h2>\n\t\t\t<a class=\"postformat_standard\" href=\"https:\/\/www.oriolmorte.com\/es\/2018\/07\/14\/una-tarde-en-bilbao\/\" rel=\"bookmark\">Una tarde en Bilbao<\/a>\n\t\t\t<\/h2>\n\t\t\t<\/div>\n\t\t\t\t<div class=\"postsummarywrap fullpage-item\">\n\t\t\t<div class=\"datecomment clearfix\">\n\t\t\t\t\t<div class=\"post-single-meta-group-one\">\n\t\t\t\t\t\t\t\t\t<span class=\"post-single-meta post-single-meta-author\">\n\t\t\t\t\t<i class=\"feather-icon-head\"><\/i>\n\t\t\t\t\t<span class=\"post-meta-author\">\n\t\t\t\t\t\tOriol Morte\t\t\t\t\t<\/span>\n\t\t\t\t\t<\/span>\n\t\t\t\t\t\t\t\t\t\t<span class=\"post-single-meta post-single-meta-date\">\n\t\t\t\t\t\t<span class=\"post-meta-time\">\n\t\t\t\t\t\t<i class=\"feather-icon-clock\"><\/i>\n\t\t\t\t\t\t<span class=\"date updated\">14\/07\/2018<\/span>\t\t\t\t\t\t<\/span>\n\t\t\t\t\t<\/span>\n\t\t\t\t\t\t\t\t<\/div>\n\t\t\t<div class=\"post-single-meta-group-two\">\n\t\t\t\t\t\t\t\t\t<span class=\"post-single-meta post-meta-category post-single-meta-category\">\n\t\t\t\t\t<i class=\"feather-icon-grid\"><\/i>\n\t\t\t\t\t<a href=\"https:\/\/www.oriolmorte.com\/es\/categoria\/paisaje\/\" rel=\"category tag\">Paisaje<\/a> \/ <a href=\"https:\/\/www.oriolmorte.com\/es\/categoria\/paisaje\/viajes-es\/\" rel=\"category tag\">Viajes<\/a>\t\t\t\t\t<\/span>\n\t\t\t\t\t\t\t\t<\/div>\n\t\t<\/div>\n\t<\/div>\n\t<div class=\"postsummary-spacing\"><p>Una tarde en\u00a0Bilbao Siguiendo mi viaje a trav\u00e9s de la costa del norte de Espa\u00f1a, despu\u00e9s de dejar Asturias pasando por la Playa de Cuevas del Mar\u00a0decid\u00ed pasar una tarde en Bilbao. La ciudad es un municipio dentro de la provincia de Vizcaya, en la comunidad aut\u00f3noma del Pa\u00eds Vasco, Espa\u00f1a. Por muchos a\u00f1os la ciudad fue muy industrial pero ha renovado muchas \u00e1reas convirtiendo algunos sitios en algo mucho m\u00e1s bonito. El turismo se ha incrementado tambi\u00e9n desde que [\u2026]<\/p>\n<\/div><a class=\"theme-btn-link\" href=\"https:\/\/www.oriolmorte.com\/es\/2018\/07\/14\/una-tarde-en-bilbao\/\"><div class=\"theme-btn theme-btn-outline-primary theme-hover-arrow\">Continue Reading<\/div><\/a><\/div>\n<\/div>\n<\/div>\n<\/div>\n<\/div>\n\t\t<\/div>\n\t\t\t\t<div class=\"entry-content-wrapper\">\n\t\t\t<div class=\"topseperator entry-wrapper post-standard-wrapper clearfix\">\n<div class=\"blog-content-section\">\n<div id=\"post-34670\" class=\"post-34670 post type-post status-publish format-standard has-post-thumbnail hentry category-paisaje category-viajes-es\">\n<div class=\"entry-content postformat_contents post-display-excerpt clearfix\">\n<div class=\"post-format-media\"><a href=\"https:\/\/www.oriolmorte.com\/es\/2017\/05\/15\/playa-de-cuevas-del-mar\/\"><img decoding=\"async\" src=\"https:\/\/www.oriolmorte.com\/wp-content\/uploads\/2016\/02\/R8A5215_oriol_morte_featured_blog-scaled.jpg\" srcset=\"https:\/\/www.oriolmorte.com\/wp-content\/uploads\/2016\/02\/R8A5215_oriol_morte_featured_blog-scaled.jpg 2560w, https:\/\/www.oriolmorte.com\/wp-content\/uploads\/2016\/02\/R8A5215_oriol_morte_featured_blog-600x400.jpg 600w, https:\/\/www.oriolmorte.com\/wp-content\/uploads\/2016\/02\/R8A5215_oriol_morte_featured_blog-710x473.jpg 710w, https:\/\/www.oriolmorte.com\/wp-content\/uploads\/2016\/02\/R8A5215_oriol_morte_featured_blog-768x512.jpg 768w, https:\/\/www.oriolmorte.com\/wp-content\/uploads\/2016\/02\/R8A5215_oriol_morte_featured_blog-900x600.jpg 900w, https:\/\/www.oriolmorte.com\/wp-content\/uploads\/2016\/02\/R8A5215_oriol_morte_featured_blog-1500x1000.jpg 1500w, https:\/\/www.oriolmorte.com\/wp-content\/uploads\/2016\/02\/R8A5215_oriol_morte_featured_blog-705x470.jpg 705w\" sizes=\"(max-width: 1400px) 100vw, 1400px\" alt=\"Playa de Cuevas del Mar\" \/><\/a><\/div><div class=\"entry-blog-contents-wrap clearfix\">\n\t\t\t<div class=\"entry-post-title\">\n\t\t\t<h2>\n\t\t\t<a class=\"postformat_standard\" href=\"https:\/\/www.oriolmorte.com\/es\/2017\/05\/15\/playa-de-cuevas-del-mar\/\" rel=\"bookmark\">Playa de Cuevas del Mar<\/a>\n\t\t\t<\/h2>\n\t\t\t<\/div>\n\t\t\t\t<div class=\"postsummarywrap fullpage-item\">\n\t\t\t<div class=\"datecomment clearfix\">\n\t\t\t\t\t<div class=\"post-single-meta-group-one\">\n\t\t\t\t\t\t\t\t\t<span class=\"post-single-meta post-single-meta-author\">\n\t\t\t\t\t<i class=\"feather-icon-head\"><\/i>\n\t\t\t\t\t<span class=\"post-meta-author\">\n\t\t\t\t\t\tOriol Morte\t\t\t\t\t<\/span>\n\t\t\t\t\t<\/span>\n\t\t\t\t\t\t\t\t\t\t<span class=\"post-single-meta post-single-meta-date\">\n\t\t\t\t\t\t<span class=\"post-meta-time\">\n\t\t\t\t\t\t<i class=\"feather-icon-clock\"><\/i>\n\t\t\t\t\t\t<span class=\"date updated\">15\/05\/2017<\/span>\t\t\t\t\t\t<\/span>\n\t\t\t\t\t<\/span>\n\t\t\t\t\t\t\t\t<\/div>\n\t\t\t<div class=\"post-single-meta-group-two\">\n\t\t\t\t\t\t\t\t\t<span class=\"post-single-meta post-meta-category post-single-meta-category\">\n\t\t\t\t\t<i class=\"feather-icon-grid\"><\/i>\n\t\t\t\t\t<a href=\"https:\/\/www.oriolmorte.com\/es\/categoria\/paisaje\/\" rel=\"category tag\">Paisaje<\/a> \/ <a href=\"https:\/\/www.oriolmorte.com\/es\/categoria\/paisaje\/viajes-es\/\" rel=\"category tag\">Viajes<\/a>\t\t\t\t\t<\/span>\n\t\t\t\t\t\t\t\t<\/div>\n\t\t<\/div>\n\t<\/div>\n\t<div class=\"postsummary-spacing\"><p>Asturias El pasado junio de 2014 visit\u00e9 la Playa de Cuevas del Mar que se encuentra cerca de Nueva (Llanes), en Asturias, norte de Espa\u00f1a.\u00a0Asturias fue la regi\u00f3n en la que hice mi primera parada en mi viaje por el norte de Espa\u00f1a, y es una zona que merece la pena visitar. Los paisajes, la comida, la gente\u2026Son normalmente muy amables y agradables y \u00a0en esas\u00a0tierras se puede ir de la playa a la monta\u00f1a en menos de una hora. [\u2026]<\/p>\n<\/div><a class=\"theme-btn-link\" href=\"https:\/\/www.oriolmorte.com\/es\/2017\/05\/15\/playa-de-cuevas-del-mar\/\"><div class=\"theme-btn theme-btn-outline-primary theme-hover-arrow\">Continue Reading<\/div><\/a><\/div>\n<\/div>\n<\/div>\n<\/div>\n<\/div>\n\t\t<\/div>\n\t\t\t\t<div class=\"entry-content-wrapper\">\n\t\t\t<div class=\"topseperator entry-wrapper post-standard-wrapper clearfix\">\n<div class=\"blog-content-section\">\n<div id=\"post-35645\" class=\"post-35645 post type-post status-publish format-standard has-post-thumbnail hentry category-paisaje category-viajes-es\">\n<div class=\"entry-content postformat_contents post-display-excerpt clearfix\">\n<div class=\"post-format-media\"><a href=\"https:\/\/www.oriolmorte.com\/es\/2017\/01\/01\/robado-el-peor-viaje-fotografico-de-mi-vida\/\"><img decoding=\"async\" src=\"https:\/\/www.oriolmorte.com\/wp-content\/uploads\/2017\/01\/R8A9373-Pano_oriol_morte_featured_blog-scaled.jpg\" srcset=\"https:\/\/www.oriolmorte.com\/wp-content\/uploads\/2017\/01\/R8A9373-Pano_oriol_morte_featured_blog-scaled.jpg 2560w, https:\/\/www.oriolmorte.com\/wp-content\/uploads\/2017\/01\/R8A9373-Pano_oriol_morte_featured_blog-600x229.jpg 600w, https:\/\/www.oriolmorte.com\/wp-content\/uploads\/2017\/01\/R8A9373-Pano_oriol_morte_featured_blog-710x271.jpg 710w, https:\/\/www.oriolmorte.com\/wp-content\/uploads\/2017\/01\/R8A9373-Pano_oriol_morte_featured_blog-768x293.jpg 768w, https:\/\/www.oriolmorte.com\/wp-content\/uploads\/2017\/01\/R8A9373-Pano_oriol_morte_featured_blog-1030x393.jpg 1030w, https:\/\/www.oriolmorte.com\/wp-content\/uploads\/2017\/01\/R8A9373-Pano_oriol_morte_featured_blog-1500x573.jpg 1500w, https:\/\/www.oriolmorte.com\/wp-content\/uploads\/2017\/01\/R8A9373-Pano_oriol_morte_featured_blog-705x269.jpg 705w, https:\/\/www.oriolmorte.com\/wp-content\/uploads\/2017\/01\/R8A9373-Pano_oriol_morte_featured_blog-845x321.jpg 845w\" sizes=\"(max-width: 1400px) 100vw, 1400px\" alt=\"\" \/><\/a><\/div><div class=\"entry-blog-contents-wrap clearfix\">\n\t\t\t<div class=\"entry-post-title\">\n\t\t\t<h2>\n\t\t\t<a class=\"postformat_standard\" href=\"https:\/\/www.oriolmorte.com\/es\/2017\/01\/01\/robado-el-peor-viaje-fotografico-de-mi-vida\/\" rel=\"bookmark\">ROBADO. El peor viaje fotogr\u00e1fico de mi vida<\/a>\n\t\t\t<\/h2>\n\t\t\t<\/div>\n\t\t\t\t<div class=\"postsummarywrap fullpage-item\">\n\t\t\t<div class=\"datecomment clearfix\">\n\t\t\t\t\t<div class=\"post-single-meta-group-one\">\n\t\t\t\t\t\t\t\t\t<span class=\"post-single-meta post-single-meta-author\">\n\t\t\t\t\t<i class=\"feather-icon-head\"><\/i>\n\t\t\t\t\t<span class=\"post-meta-author\">\n\t\t\t\t\t\tadmin\t\t\t\t\t<\/span>\n\t\t\t\t\t<\/span>\n\t\t\t\t\t\t\t\t\t\t<span class=\"post-single-meta post-single-meta-date\">\n\t\t\t\t\t\t<span class=\"post-meta-time\">\n\t\t\t\t\t\t<i class=\"feather-icon-clock\"><\/i>\n\t\t\t\t\t\t<span class=\"date updated\">01\/01\/2017<\/span>\t\t\t\t\t\t<\/span>\n\t\t\t\t\t<\/span>\n\t\t\t\t\t\t\t\t<\/div>\n\t\t\t<div class=\"post-single-meta-group-two\">\n\t\t\t\t\t\t\t\t\t<span class=\"post-single-meta post-meta-category post-single-meta-category\">\n\t\t\t\t\t<i class=\"feather-icon-grid\"><\/i>\n\t\t\t\t\t<a href=\"https:\/\/www.oriolmorte.com\/es\/categoria\/paisaje\/\" rel=\"category tag\">Paisaje<\/a> \/ <a href=\"https:\/\/www.oriolmorte.com\/es\/categoria\/paisaje\/viajes-es\/\" rel=\"category tag\">Viajes<\/a>\t\t\t\t\t<\/span>\n\t\t\t\t\t\t\t\t<\/div>\n\t\t<\/div>\n\t<\/div>\n\t<div class=\"postsummary-spacing\"><p>La triste historia de lo que empez\u00f3 como un maravilloso viaje fotogr\u00e1fico por carretera y se acab\u00f3 convirtiendo en un robo de equipo fotogr\u00e1fico de un valor de 13000\u20ac en nuestra autocaravana cuando dorm\u00edamos en ella. Lee la historia completa a continuaci\u00f3n. Mi peor pesadilla hasta hoy. El viaje Hace unos meses, plane\u00e9 un viaje fotogr\u00e1fico a trav\u00e9s de Escocia con mi amigo H\u00e9ctor (@hrf1 en instagram) y su Volkswagen Caravelle convertida en autocaravana. La idea era hacer una ruta [\u2026]<\/p>\n<\/div><a class=\"theme-btn-link\" href=\"https:\/\/www.oriolmorte.com\/es\/2017\/01\/01\/robado-el-peor-viaje-fotografico-de-mi-vida\/\"><div class=\"theme-btn theme-btn-outline-primary theme-hover-arrow\">Continue Reading<\/div><\/a><\/div>\n<\/div>\n<\/div>\n<\/div>\n<\/div>\n\t\t<\/div>\n\t\t\t\t<div class=\"entry-content-wrapper\">\n\t\t\t<div class=\"topseperator entry-wrapper post-standard-wrapper clearfix\">\n<div class=\"blog-content-section\">\n<div id=\"post-33750\" class=\"post-33750 post type-post status-publish format-standard has-post-thumbnail hentry category-retrato\">\n<div class=\"entry-content postformat_contents post-display-excerpt clearfix\">\n<div class=\"post-format-media\"><a href=\"https:\/\/www.oriolmorte.com\/es\/2015\/01\/06\/boda-de-irma-y-fernando\/\"><img decoding=\"async\" src=\"https:\/\/www.oriolmorte.com\/wp-content\/uploads\/2015\/01\/R8A5579_oriol_morte_featured_blog1-scaled.jpg\" srcset=\"https:\/\/www.oriolmorte.com\/wp-content\/uploads\/2015\/01\/R8A5579_oriol_morte_featured_blog1-scaled.jpg 2560w, https:\/\/www.oriolmorte.com\/wp-content\/uploads\/2015\/01\/R8A5579_oriol_morte_featured_blog1-300x300.jpg 300w, https:\/\/www.oriolmorte.com\/wp-content\/uploads\/2015\/01\/R8A5579_oriol_morte_featured_blog1-100x100.jpg 100w, https:\/\/www.oriolmorte.com\/wp-content\/uploads\/2015\/01\/R8A5579_oriol_morte_featured_blog1-600x600.jpg 600w, https:\/\/www.oriolmorte.com\/wp-content\/uploads\/2015\/01\/R8A5579_oriol_morte_featured_blog1-80x80.jpg 80w, https:\/\/www.oriolmorte.com\/wp-content\/uploads\/2015\/01\/R8A5579_oriol_morte_featured_blog1-36x36.jpg 36w, https:\/\/www.oriolmorte.com\/wp-content\/uploads\/2015\/01\/R8A5579_oriol_morte_featured_blog1-180x180.jpg 180w, https:\/\/www.oriolmorte.com\/wp-content\/uploads\/2015\/01\/R8A5579_oriol_morte_featured_blog1-1500x1500.jpg 1500w, https:\/\/www.oriolmorte.com\/wp-content\/uploads\/2015\/01\/R8A5579_oriol_morte_featured_blog1-705x705.jpg 705w\" sizes=\"(max-width: 1400px) 100vw, 1400px\" alt=\"\" \/><\/a><\/div><div class=\"entry-blog-contents-wrap clearfix\">\n\t\t\t<div class=\"entry-post-title\">\n\t\t\t<h2>\n\t\t\t<a class=\"postformat_standard\" href=\"https:\/\/www.oriolmorte.com\/es\/2015\/01\/06\/boda-de-irma-y-fernando\/\" rel=\"bookmark\">Boda de Irma y Fernando<\/a>\n\t\t\t<\/h2>\n\t\t\t<\/div>\n\t\t\t\t<div class=\"postsummarywrap fullpage-item\">\n\t\t\t<div class=\"datecomment clearfix\">\n\t\t\t\t\t<div class=\"post-single-meta-group-one\">\n\t\t\t\t\t\t\t\t\t<span class=\"post-single-meta post-single-meta-author\">\n\t\t\t\t\t<i class=\"feather-icon-head\"><\/i>\n\t\t\t\t\t<span class=\"post-meta-author\">\n\t\t\t\t\t\tOriol Morte\t\t\t\t\t<\/span>\n\t\t\t\t\t<\/span>\n\t\t\t\t\t\t\t\t\t\t<span class=\"post-single-meta post-single-meta-date\">\n\t\t\t\t\t\t<span class=\"post-meta-time\">\n\t\t\t\t\t\t<i class=\"feather-icon-clock\"><\/i>\n\t\t\t\t\t\t<span class=\"date updated\">06\/01\/2015<\/span>\t\t\t\t\t\t<\/span>\n\t\t\t\t\t<\/span>\n\t\t\t\t\t\t\t\t<\/div>\n\t\t\t<div class=\"post-single-meta-group-two\">\n\t\t\t\t\t\t\t\t\t<span class=\"post-single-meta post-meta-category post-single-meta-category\">\n\t\t\t\t\t<i class=\"feather-icon-grid\"><\/i>\n\t\t\t\t\t<a href=\"https:\/\/www.oriolmorte.com\/es\/categoria\/retrato\/\" rel=\"category tag\">Retrato<\/a>\t\t\t\t\t<\/span>\n\t\t\t\t\t\t\t\t<\/div>\n\t\t<\/div>\n\t<\/div>\n\t<div class=\"postsummary-spacing\"><p>Hace unos meses fui invitado y a la vez requerido para hacer fotos en la Boda de Irma y Fernando. Con Fernando nos conocimos hace casi 10 a\u00f1os cuando los dos asistimos a un encuentro de fot\u00f3grafos de Caborian\u00a0en Mallorca.\u00a0\u00c9l naci\u00f3 en Pamplona (Navarra) y sigue viviendo all\u00ed, junto a su mujer, Irma y sus dos hijos Marcos y Andrea.\u00a0Dicho esto, es bastante obvio d\u00f3nde tuvo lugar la boda. Una vez prefiero el rol de fot\u00f3grafo alternativo de boda, le [\u2026]<\/p>\n<\/div><a class=\"theme-btn-link\" href=\"https:\/\/www.oriolmorte.com\/es\/2015\/01\/06\/boda-de-irma-y-fernando\/\"><div class=\"theme-btn theme-btn-outline-primary theme-hover-arrow\">Continue Reading<\/div><\/a><\/div>\n<\/div>\n<\/div>\n<\/div>\n<\/div>\n\t\t<\/div>\n\t\t\t\t<div class=\"entry-content-wrapper\">\n\t\t\t<div class=\"topseperator entry-wrapper post-standard-wrapper clearfix\">\n<div class=\"blog-content-section\">\n<div id=\"post-7813\" class=\"post-7813 post type-post status-publish format-standard has-post-thumbnail hentry category-retrato\">\n<div class=\"entry-content postformat_contents post-display-excerpt clearfix\">\n<div class=\"post-format-media\"><a href=\"https:\/\/www.oriolmorte.com\/es\/2014\/11\/26\/boda-de-melania-y-max\/\"><img decoding=\"async\" src=\"https:\/\/www.oriolmorte.com\/wp-content\/uploads\/2014\/11\/R8A4876_oriol_morte_featured_blog-scaled.jpg\" srcset=\"https:\/\/www.oriolmorte.com\/wp-content\/uploads\/2014\/11\/R8A4876_oriol_morte_featured_blog-scaled.jpg 2560w, https:\/\/www.oriolmorte.com\/wp-content\/uploads\/2014\/11\/R8A4876_oriol_morte_featured_blog-600x400.jpg 600w, https:\/\/www.oriolmorte.com\/wp-content\/uploads\/2014\/11\/R8A4876_oriol_morte_featured_blog-710x473.jpg 710w, https:\/\/www.oriolmorte.com\/wp-content\/uploads\/2014\/11\/R8A4876_oriol_morte_featured_blog-900x600.jpg 900w, https:\/\/www.oriolmorte.com\/wp-content\/uploads\/2014\/11\/R8A4876_oriol_morte_featured_blog-1500x1000.jpg 1500w, https:\/\/www.oriolmorte.com\/wp-content\/uploads\/2014\/11\/R8A4876_oriol_morte_featured_blog-705x470.jpg 705w\" sizes=\"(max-width: 1400px) 100vw, 1400px\" alt=\"\" \/><\/a><\/div><div class=\"entry-blog-contents-wrap clearfix\">\n\t\t\t<div class=\"entry-post-title\">\n\t\t\t<h2>\n\t\t\t<a class=\"postformat_standard\" href=\"https:\/\/www.oriolmorte.com\/es\/2014\/11\/26\/boda-de-melania-y-max\/\" rel=\"bookmark\">Boda de Melania y Max<\/a>\n\t\t\t<\/h2>\n\t\t\t<\/div>\n\t\t\t\t<div class=\"postsummarywrap fullpage-item\">\n\t\t\t<div class=\"datecomment clearfix\">\n\t\t\t\t\t<div class=\"post-single-meta-group-one\">\n\t\t\t\t\t\t\t\t\t<span class=\"post-single-meta post-single-meta-author\">\n\t\t\t\t\t<i class=\"feather-icon-head\"><\/i>\n\t\t\t\t\t<span class=\"post-meta-author\">\n\t\t\t\t\t\tOriol Morte\t\t\t\t\t<\/span>\n\t\t\t\t\t<\/span>\n\t\t\t\t\t\t\t\t\t\t<span class=\"post-single-meta post-single-meta-date\">\n\t\t\t\t\t\t<span class=\"post-meta-time\">\n\t\t\t\t\t\t<i class=\"feather-icon-clock\"><\/i>\n\t\t\t\t\t\t<span class=\"date updated\">26\/11\/2014<\/span>\t\t\t\t\t\t<\/span>\n\t\t\t\t\t<\/span>\n\t\t\t\t\t\t\t\t<\/div>\n\t\t\t<div class=\"post-single-meta-group-two\">\n\t\t\t\t\t\t\t\t\t<span class=\"post-single-meta post-meta-category post-single-meta-category\">\n\t\t\t\t\t<i class=\"feather-icon-grid\"><\/i>\n\t\t\t\t\t<a href=\"https:\/\/www.oriolmorte.com\/es\/categoria\/retrato\/\" rel=\"category tag\">Retrato<\/a>\t\t\t\t\t<\/span>\n\t\t\t\t\t\t\t\t<\/div>\n\t\t<\/div>\n\t<\/div>\n\t<div class=\"postsummary-spacing\"><p>La pareja El pasado Junio una pareja de amigos se casaron y les ofrec\u00ed hacer algunas fotos de esta\u00a0Boda\u00a0de Melania y Max. Son una pareja realmente creativa quienes trabajan adem\u00e1s juntos en proyectos como\u00a0La Casa Abandonada. En este caso, recolectan, restauran y venden piezas \u00fanicas de muebles vintage.\u00a0De su colaboraci\u00f3n, sali\u00f3 la idea de \u00abMi abuela Isabel\u00bb. Una edici\u00f3n limitada de un libro escrito por Melania e ilustrado por Max. \u00a0 La Boda de Melania y Max El evento tuvo [\u2026]<\/p>\n<\/div><a class=\"theme-btn-link\" href=\"https:\/\/www.oriolmorte.com\/es\/2014\/11\/26\/boda-de-melania-y-max\/\"><div class=\"theme-btn theme-btn-outline-primary theme-hover-arrow\">Continue Reading<\/div><\/a><\/div>\n<\/div>\n<\/div>\n<\/div>\n<\/div>\n\t\t<\/div>\n\t\t\t\t<div class=\"entry-content-wrapper\">\n\t\t\t<div class=\"topseperator entry-wrapper post-standard-wrapper clearfix\">\n<div class=\"blog-content-section\">\n<div id=\"post-7670\" class=\"post-7670 post type-post status-publish format-standard has-post-thumbnail hentry category-retrato\">\n<div class=\"entry-content postformat_contents post-display-excerpt clearfix\">\n<div class=\"post-format-media\"><a href=\"https:\/\/www.oriolmorte.com\/es\/2014\/08\/30\/sesion-de-fotos-en-banador-con-miss-bikini\/\"><img decoding=\"async\" src=\"https:\/\/www.oriolmorte.com\/wp-content\/uploads\/2014\/08\/R8A4400-Edit_oriol_morte_featured_blog-scaled.jpg\" srcset=\"https:\/\/www.oriolmorte.com\/wp-content\/uploads\/2014\/08\/R8A4400-Edit_oriol_morte_featured_blog-scaled.jpg 2560w, https:\/\/www.oriolmorte.com\/wp-content\/uploads\/2014\/08\/R8A4400-Edit_oriol_morte_featured_blog-600x400.jpg 600w, https:\/\/www.oriolmorte.com\/wp-content\/uploads\/2014\/08\/R8A4400-Edit_oriol_morte_featured_blog-710x473.jpg 710w, https:\/\/www.oriolmorte.com\/wp-content\/uploads\/2014\/08\/R8A4400-Edit_oriol_morte_featured_blog-900x600.jpg 900w, https:\/\/www.oriolmorte.com\/wp-content\/uploads\/2014\/08\/R8A4400-Edit_oriol_morte_featured_blog-1500x1000.jpg 1500w, https:\/\/www.oriolmorte.com\/wp-content\/uploads\/2014\/08\/R8A4400-Edit_oriol_morte_featured_blog-705x470.jpg 705w\" sizes=\"(max-width: 1400px) 100vw, 1400px\" alt=\"\" \/><\/a><\/div><div class=\"entry-blog-contents-wrap clearfix\">\n\t\t\t<div class=\"entry-post-title\">\n\t\t\t<h2>\n\t\t\t<a class=\"postformat_standard\" href=\"https:\/\/www.oriolmorte.com\/es\/2014\/08\/30\/sesion-de-fotos-en-banador-con-miss-bikini\/\" rel=\"bookmark\">Sesi\u00f3n de fotos en ba\u00f1ador con Miss Bikini<\/a>\n\t\t\t<\/h2>\n\t\t\t<\/div>\n\t\t\t\t<div class=\"postsummarywrap fullpage-item\">\n\t\t\t<div class=\"datecomment clearfix\">\n\t\t\t\t\t<div class=\"post-single-meta-group-one\">\n\t\t\t\t\t\t\t\t\t<span class=\"post-single-meta post-single-meta-author\">\n\t\t\t\t\t<i class=\"feather-icon-head\"><\/i>\n\t\t\t\t\t<span class=\"post-meta-author\">\n\t\t\t\t\t\tOriol Morte\t\t\t\t\t<\/span>\n\t\t\t\t\t<\/span>\n\t\t\t\t\t\t\t\t\t\t<span class=\"post-single-meta post-single-meta-date\">\n\t\t\t\t\t\t<span class=\"post-meta-time\">\n\t\t\t\t\t\t<i class=\"feather-icon-clock\"><\/i>\n\t\t\t\t\t\t<span class=\"date updated\">30\/08\/2014<\/span>\t\t\t\t\t\t<\/span>\n\t\t\t\t\t<\/span>\n\t\t\t\t\t\t\t\t<\/div>\n\t\t\t<div class=\"post-single-meta-group-two\">\n\t\t\t\t\t\t\t\t\t<span class=\"post-single-meta post-meta-category post-single-meta-category\">\n\t\t\t\t\t<i class=\"feather-icon-grid\"><\/i>\n\t\t\t\t\t<a href=\"https:\/\/www.oriolmorte.com\/es\/categoria\/retrato\/\" rel=\"category tag\">Retrato<\/a>\t\t\t\t\t<\/span>\n\t\t\t\t\t\t\t\t<\/div>\n\t\t<\/div>\n\t<\/div>\n\t<div class=\"postsummary-spacing\"><p>La sesi\u00f3n de fotos en ba\u00f1ador con Miss Bikini fue uno de los mayores retos que he tenido hasta ahora. La misi\u00f3n consist\u00eda en fotografiar a Nash Brown, ganadora del concurso Miss Bikini Spain en su edici\u00f3n de 2013. Ella es adem\u00e1s imagen de la marca Australiana de ropa y ba\u00f1adores\u00a0Seafolly. \u00a0 \u00a0 Preparamos la sesi\u00f3n para realizarla antes que empezara el verano. Es un buen punto para evitar las masas de gente. Tengo que decir que ninguna de las [\u2026]<\/p>\n<\/div><a class=\"theme-btn-link\" href=\"https:\/\/www.oriolmorte.com\/es\/2014\/08\/30\/sesion-de-fotos-en-banador-con-miss-bikini\/\"><div class=\"theme-btn theme-btn-outline-primary theme-hover-arrow\">Continue Reading<\/div><\/a><\/div>\n<\/div>\n<\/div>\n<\/div>\n<\/div>\n\t\t<\/div>\n\t\t\t\t<div class=\"entry-content-wrapper\">\n\t\t\t<div class=\"topseperator entry-wrapper post-standard-wrapper clearfix\">\n<div class=\"blog-content-section\">\n<div id=\"post-7575\" class=\"post-7575 post type-post status-publish format-standard has-post-thumbnail hentry category-retrato\">\n<div class=\"entry-content postformat_contents post-display-excerpt clearfix\">\n<div class=\"post-format-media\"><a href=\"https:\/\/www.oriolmorte.com\/es\/2014\/05\/04\/sesion-de-fotos-con-noelia-en-estudio\/\"><img decoding=\"async\" src=\"https:\/\/www.oriolmorte.com\/wp-content\/uploads\/2014\/05\/20140211_6559_5dm2-Edit_oriol_morte_featured_blog1-scaled.jpg\" srcset=\"https:\/\/www.oriolmorte.com\/wp-content\/uploads\/2014\/05\/20140211_6559_5dm2-Edit_oriol_morte_featured_blog1-scaled.jpg 2560w, https:\/\/www.oriolmorte.com\/wp-content\/uploads\/2014\/05\/20140211_6559_5dm2-Edit_oriol_morte_featured_blog1-600x400.jpg 600w, https:\/\/www.oriolmorte.com\/wp-content\/uploads\/2014\/05\/20140211_6559_5dm2-Edit_oriol_morte_featured_blog1-710x473.jpg 710w, https:\/\/www.oriolmorte.com\/wp-content\/uploads\/2014\/05\/20140211_6559_5dm2-Edit_oriol_morte_featured_blog1-900x600.jpg 900w, https:\/\/www.oriolmorte.com\/wp-content\/uploads\/2014\/05\/20140211_6559_5dm2-Edit_oriol_morte_featured_blog1-1500x1000.jpg 1500w, https:\/\/www.oriolmorte.com\/wp-content\/uploads\/2014\/05\/20140211_6559_5dm2-Edit_oriol_morte_featured_blog1-705x470.jpg 705w\" sizes=\"(max-width: 1400px) 100vw, 1400px\" alt=\"\" \/><\/a><\/div><div class=\"entry-blog-contents-wrap clearfix\">\n\t\t\t<div class=\"entry-post-title\">\n\t\t\t<h2>\n\t\t\t<a class=\"postformat_standard\" href=\"https:\/\/www.oriolmorte.com\/es\/2014\/05\/04\/sesion-de-fotos-con-noelia-en-estudio\/\" rel=\"bookmark\">Sesi\u00f3n de fotos con Noelia en estudio<\/a>\n\t\t\t<\/h2>\n\t\t\t<\/div>\n\t\t\t\t<div class=\"postsummarywrap fullpage-item\">\n\t\t\t<div class=\"datecomment clearfix\">\n\t\t\t\t\t<div class=\"post-single-meta-group-one\">\n\t\t\t\t\t\t\t\t\t<span class=\"post-single-meta post-single-meta-author\">\n\t\t\t\t\t<i class=\"feather-icon-head\"><\/i>\n\t\t\t\t\t<span class=\"post-meta-author\">\n\t\t\t\t\t\tOriol Morte\t\t\t\t\t<\/span>\n\t\t\t\t\t<\/span>\n\t\t\t\t\t\t\t\t\t\t<span class=\"post-single-meta post-single-meta-date\">\n\t\t\t\t\t\t<span class=\"post-meta-time\">\n\t\t\t\t\t\t<i class=\"feather-icon-clock\"><\/i>\n\t\t\t\t\t\t<span class=\"date updated\">04\/05\/2014<\/span>\t\t\t\t\t\t<\/span>\n\t\t\t\t\t<\/span>\n\t\t\t\t\t\t\t\t<\/div>\n\t\t\t<div class=\"post-single-meta-group-two\">\n\t\t\t\t\t\t\t\t\t<span class=\"post-single-meta post-meta-category post-single-meta-category\">\n\t\t\t\t\t<i class=\"feather-icon-grid\"><\/i>\n\t\t\t\t\t<a href=\"https:\/\/www.oriolmorte.com\/es\/categoria\/retrato\/\" rel=\"category tag\">Retrato<\/a>\t\t\t\t\t<\/span>\n\t\t\t\t\t\t\t\t<\/div>\n\t\t<\/div>\n\t<\/div>\n\t<div class=\"postsummary-spacing\"><p>La sesi\u00f3n de fotos con Noelia en estudio tuvo lugar una semana despues de la Sesi\u00f3n de fotos en estudio con Adrien. Mismo estudio y b\u00e1sicamente un esquema de iluminaci\u00f3n muy similar. De hecho ellos dos\u00a0comparten\u00a0piso y fue en realidad divertido saber que estuvieron revisando sus fotos juntos de ambas sesiones desde que les envi\u00e9 los previos para hacer la selecci\u00f3n. \u00a0 Pre-producci\u00f3n de la sesi\u00f3n La modelo es de Madrid y ha estado viviendo en Barcelona hasta hoy. Estuvimos [\u2026]<\/p>\n<\/div><a class=\"theme-btn-link\" href=\"https:\/\/www.oriolmorte.com\/es\/2014\/05\/04\/sesion-de-fotos-con-noelia-en-estudio\/\"><div class=\"theme-btn theme-btn-outline-primary theme-hover-arrow\">Continue Reading<\/div><\/a><\/div>\n<\/div>\n<\/div>\n<\/div>\n<\/div>\n\t\t<\/div>\n\t\t\t\t<div class=\"entry-content-wrapper\">\n\t\t\t<div class=\"topseperator entry-wrapper post-standard-wrapper clearfix\">\n<div class=\"blog-content-section\">\n<div id=\"post-7538\" class=\"post-7538 post type-post status-publish format-standard has-post-thumbnail hentry category-retrato\">\n<div class=\"entry-content postformat_contents post-display-excerpt clearfix\">\n<div class=\"post-format-media\"><a href=\"https:\/\/www.oriolmorte.com\/es\/2014\/04\/26\/sesion-de-fotos-en-estudio-con-adrien\/\"><img decoding=\"async\" src=\"https:\/\/www.oriolmorte.com\/wp-content\/uploads\/2014\/04\/20140209_6307_5dm2-Edit_oriol_morte_featured_blog1-scaled.jpg\" srcset=\"https:\/\/www.oriolmorte.com\/wp-content\/uploads\/2014\/04\/20140209_6307_5dm2-Edit_oriol_morte_featured_blog1-scaled.jpg 2466w, https:\/\/www.oriolmorte.com\/wp-content\/uploads\/2014\/04\/20140209_6307_5dm2-Edit_oriol_morte_featured_blog1-600x623.jpg 600w, https:\/\/www.oriolmorte.com\/wp-content\/uploads\/2014\/04\/20140209_6307_5dm2-Edit_oriol_morte_featured_blog1-578x600.jpg 578w, https:\/\/www.oriolmorte.com\/wp-content\/uploads\/2014\/04\/20140209_6307_5dm2-Edit_oriol_morte_featured_blog1-36x36.jpg 36w, https:\/\/www.oriolmorte.com\/wp-content\/uploads\/2014\/04\/20140209_6307_5dm2-Edit_oriol_morte_featured_blog1-1445x1500.jpg 1445w, https:\/\/www.oriolmorte.com\/wp-content\/uploads\/2014\/04\/20140209_6307_5dm2-Edit_oriol_morte_featured_blog1-679x705.jpg 679w\" sizes=\"(max-width: 1400px) 100vw, 1400px\" alt=\"\" \/><\/a><\/div><div class=\"entry-blog-contents-wrap clearfix\">\n\t\t\t<div class=\"entry-post-title\">\n\t\t\t<h2>\n\t\t\t<a class=\"postformat_standard\" href=\"https:\/\/www.oriolmorte.com\/es\/2014\/04\/26\/sesion-de-fotos-en-estudio-con-adrien\/\" rel=\"bookmark\">Sesi\u00f3n de fotos en estudio con Adrien<\/a>\n\t\t\t<\/h2>\n\t\t\t<\/div>\n\t\t\t\t<div class=\"postsummarywrap fullpage-item\">\n\t\t\t<div class=\"datecomment clearfix\">\n\t\t\t\t\t<div class=\"post-single-meta-group-one\">\n\t\t\t\t\t\t\t\t\t<span class=\"post-single-meta post-single-meta-author\">\n\t\t\t\t\t<i class=\"feather-icon-head\"><\/i>\n\t\t\t\t\t<span class=\"post-meta-author\">\n\t\t\t\t\t\tOriol Morte\t\t\t\t\t<\/span>\n\t\t\t\t\t<\/span>\n\t\t\t\t\t\t\t\t\t\t<span class=\"post-single-meta post-single-meta-date\">\n\t\t\t\t\t\t<span class=\"post-meta-time\">\n\t\t\t\t\t\t<i class=\"feather-icon-clock\"><\/i>\n\t\t\t\t\t\t<span class=\"date updated\">26\/04\/2014<\/span>\t\t\t\t\t\t<\/span>\n\t\t\t\t\t<\/span>\n\t\t\t\t\t\t\t\t<\/div>\n\t\t\t<div class=\"post-single-meta-group-two\">\n\t\t\t\t\t\t\t\t\t<span class=\"post-single-meta post-meta-category post-single-meta-category\">\n\t\t\t\t\t<i class=\"feather-icon-grid\"><\/i>\n\t\t\t\t\t<a href=\"https:\/\/www.oriolmorte.com\/es\/categoria\/retrato\/\" rel=\"category tag\">Retrato<\/a>\t\t\t\t\t<\/span>\n\t\t\t\t\t\t\t\t<\/div>\n\t\t<\/div>\n\t<\/div>\n\t<div class=\"postsummary-spacing\"><p>Adrien es un amigo franc\u00e9s con quien a menudo salgo a patinar. S\u00ed, patino, aunque mejor dicho es que voy en longboard mientras mi amigo patina con patines en l\u00ednea. Esta ocasi\u00f3n no fue la primera que le hac\u00eda fotos aunque s\u00ed fue la primera en estudio. Me pidi\u00f3 alg\u00fan retrato corporativo en traje para prop\u00f3sitos profesionales y ese el motivo por el que preparamos esta sesi\u00f3n de fotos en estudio con Adrien. A veces me lo paso bien experimentando [\u2026]<\/p>\n<\/div><a class=\"theme-btn-link\" href=\"https:\/\/www.oriolmorte.com\/es\/2014\/04\/26\/sesion-de-fotos-en-estudio-con-adrien\/\"><div class=\"theme-btn theme-btn-outline-primary theme-hover-arrow\">Continue Reading<\/div><\/a><\/div>\n<\/div>\n<\/div>\n<\/div>\n<\/div>\n\t\t<\/div>\n\t\t\t\t<div class=\"entry-content-wrapper\">\n\t\t\t<div class=\"topseperator entry-wrapper post-standard-wrapper clearfix\">\n<div class=\"blog-content-section\">\n<div id=\"post-7507\" class=\"post-7507 post type-post status-publish format-standard has-post-thumbnail hentry category-retrato\">\n<div class=\"entry-content postformat_contents post-display-excerpt clearfix\">\n<div class=\"post-format-media\"><a href=\"https:\/\/www.oriolmorte.com\/es\/2014\/04\/13\/sesion-de-fotos-con-khandia-en-estudio\/\"><img decoding=\"async\" src=\"https:\/\/www.oriolmorte.com\/wp-content\/uploads\/2014\/04\/20140213_7093_5dm2-Edit_oriol_morte_featured_blog1-scaled.jpg\" srcset=\"https:\/\/www.oriolmorte.com\/wp-content\/uploads\/2014\/04\/20140213_7093_5dm2-Edit_oriol_morte_featured_blog1-scaled.jpg 2560w, https:\/\/www.oriolmorte.com\/wp-content\/uploads\/2014\/04\/20140213_7093_5dm2-Edit_oriol_morte_featured_blog1-600x400.jpg 600w, https:\/\/www.oriolmorte.com\/wp-content\/uploads\/2014\/04\/20140213_7093_5dm2-Edit_oriol_morte_featured_blog1-710x473.jpg 710w, https:\/\/www.oriolmorte.com\/wp-content\/uploads\/2014\/04\/20140213_7093_5dm2-Edit_oriol_morte_featured_blog1-900x600.jpg 900w, https:\/\/www.oriolmorte.com\/wp-content\/uploads\/2014\/04\/20140213_7093_5dm2-Edit_oriol_morte_featured_blog1-1500x1000.jpg 1500w, https:\/\/www.oriolmorte.com\/wp-content\/uploads\/2014\/04\/20140213_7093_5dm2-Edit_oriol_morte_featured_blog1-705x470.jpg 705w\" sizes=\"(max-width: 1400px) 100vw, 1400px\" alt=\"\" \/><\/a><\/div><div class=\"entry-blog-contents-wrap clearfix\">\n\t\t\t<div class=\"entry-post-title\">\n\t\t\t<h2>\n\t\t\t<a class=\"postformat_standard\" href=\"https:\/\/www.oriolmorte.com\/es\/2014\/04\/13\/sesion-de-fotos-con-khandia-en-estudio\/\" rel=\"bookmark\">Sesi\u00f3n de fotos con Khandia en estudio<\/a>\n\t\t\t<\/h2>\n\t\t\t<\/div>\n\t\t\t\t<div class=\"postsummarywrap fullpage-item\">\n\t\t\t<div class=\"datecomment clearfix\">\n\t\t\t\t\t<div class=\"post-single-meta-group-one\">\n\t\t\t\t\t\t\t\t\t<span class=\"post-single-meta post-single-meta-author\">\n\t\t\t\t\t<i class=\"feather-icon-head\"><\/i>\n\t\t\t\t\t<span class=\"post-meta-author\">\n\t\t\t\t\t\tOriol Morte\t\t\t\t\t<\/span>\n\t\t\t\t\t<\/span>\n\t\t\t\t\t\t\t\t\t\t<span class=\"post-single-meta post-single-meta-date\">\n\t\t\t\t\t\t<span class=\"post-meta-time\">\n\t\t\t\t\t\t<i class=\"feather-icon-clock\"><\/i>\n\t\t\t\t\t\t<span class=\"date updated\">13\/04\/2014<\/span>\t\t\t\t\t\t<\/span>\n\t\t\t\t\t<\/span>\n\t\t\t\t\t\t\t\t<\/div>\n\t\t\t<div class=\"post-single-meta-group-two\">\n\t\t\t\t\t\t\t\t\t<span class=\"post-single-meta post-meta-category post-single-meta-category\">\n\t\t\t\t\t<i class=\"feather-icon-grid\"><\/i>\n\t\t\t\t\t<a href=\"https:\/\/www.oriolmorte.com\/es\/categoria\/retrato\/\" rel=\"category tag\">Retrato<\/a>\t\t\t\t\t<\/span>\n\t\t\t\t\t\t\t\t<\/div>\n\t\t<\/div>\n\t<\/div>\n\t<div class=\"postsummary-spacing\"><p>A lo largo de 2013 no hice muchas fotograf\u00edas de retrato y por esa raz\u00f3n quer\u00eda mejorar mi galer\u00eda de retratos tomando nuevas fotograf\u00edas y as\u00ed ocurri\u00f3 esta sesi\u00f3n de fotos con Khandia en estudio. Dado que la galer\u00eda de lencer\u00eda y ba\u00f1ador en la redise\u00f1ada p\u00e1gina web no era muy amplia contact\u00e9 con Khandia por primera vez para organizar algo. Una vez empezamos a hablar y le hice saber qu\u00e9 ideas ten\u00eda estuvo contenta de colaborar y fue realmente [\u2026]<\/p>\n<\/div><a class=\"theme-btn-link\" href=\"https:\/\/www.oriolmorte.com\/es\/2014\/04\/13\/sesion-de-fotos-con-khandia-en-estudio\/\"><div class=\"theme-btn theme-btn-outline-primary theme-hover-arrow\">Continue Reading<\/div><\/a><\/div>\n<\/div>\n<\/div>\n<\/div>\n<\/div>\n\t\t<\/div>\n\t\t\t\t<div class=\"entry-content-wrapper\">\n\t\t\t<div class=\"topseperator entry-wrapper post-standard-wrapper clearfix\">\n<div class=\"blog-content-section\">\n<div id=\"post-7420\" class=\"post-7420 post type-post status-publish format-standard has-post-thumbnail hentry category-editorial-es\">\n<div class=\"entry-content postformat_contents post-display-excerpt clearfix\">\n<div class=\"post-format-media\"><a href=\"https:\/\/www.oriolmorte.com\/es\/2014\/02\/07\/nuevo-diseno-en-oriolmorte-com\/\"><img decoding=\"async\" src=\"https:\/\/www.oriolmorte.com\/wp-content\/uploads\/2014\/01\/homepage-macbook_reflections-scaled.jpg\" srcset=\"https:\/\/www.oriolmorte.com\/wp-content\/uploads\/2014\/01\/homepage-macbook_reflections-scaled.jpg 2560w, https:\/\/www.oriolmorte.com\/wp-content\/uploads\/2014\/01\/homepage-macbook_reflections-600x400.jpg 600w, https:\/\/www.oriolmorte.com\/wp-content\/uploads\/2014\/01\/homepage-macbook_reflections-710x473.jpg 710w, https:\/\/www.oriolmorte.com\/wp-content\/uploads\/2014\/01\/homepage-macbook_reflections-900x600.jpg 900w, https:\/\/www.oriolmorte.com\/wp-content\/uploads\/2014\/01\/homepage-macbook_reflections-1500x1000.jpg 1500w, https:\/\/www.oriolmorte.com\/wp-content\/uploads\/2014\/01\/homepage-macbook_reflections-705x470.jpg 705w\" sizes=\"(max-width: 1400px) 100vw, 1400px\" alt=\"\" \/><\/a><\/div><div class=\"entry-blog-contents-wrap clearfix\">\n\t\t\t<div class=\"entry-post-title\">\n\t\t\t<h2>\n\t\t\t<a class=\"postformat_standard\" href=\"https:\/\/www.oriolmorte.com\/es\/2014\/02\/07\/nuevo-diseno-en-oriolmorte-com\/\" rel=\"bookmark\">Nuevo dise\u00f1o en Oriolmorte.com<\/a>\n\t\t\t<\/h2>\n\t\t\t<\/div>\n\t\t\t\t<div class=\"postsummarywrap fullpage-item\">\n\t\t\t<div class=\"datecomment clearfix\">\n\t\t\t\t\t<div class=\"post-single-meta-group-one\">\n\t\t\t\t\t\t\t\t\t<span class=\"post-single-meta post-single-meta-author\">\n\t\t\t\t\t<i class=\"feather-icon-head\"><\/i>\n\t\t\t\t\t<span class=\"post-meta-author\">\n\t\t\t\t\t\tOriol Morte\t\t\t\t\t<\/span>\n\t\t\t\t\t<\/span>\n\t\t\t\t\t\t\t\t\t\t<span class=\"post-single-meta post-single-meta-date\">\n\t\t\t\t\t\t<span class=\"post-meta-time\">\n\t\t\t\t\t\t<i class=\"feather-icon-clock\"><\/i>\n\t\t\t\t\t\t<span class=\"date updated\">07\/02\/2014<\/span>\t\t\t\t\t\t<\/span>\n\t\t\t\t\t<\/span>\n\t\t\t\t\t\t\t\t<\/div>\n\t\t\t<div class=\"post-single-meta-group-two\">\n\t\t\t\t\t\t\t\t\t<span class=\"post-single-meta post-meta-category post-single-meta-category\">\n\t\t\t\t\t<i class=\"feather-icon-grid\"><\/i>\n\t\t\t\t\t<a href=\"https:\/\/www.oriolmorte.com\/es\/categoria\/editorial-es\/\" rel=\"category tag\">Editorial<\/a>\t\t\t\t\t<\/span>\n\t\t\t\t\t\t\t\t<\/div>\n\t\t<\/div>\n\t<\/div>\n\t<div class=\"postsummary-spacing\"><p>Ya en 2014, m\u00e1s experiencias para compartir y m\u00e1s fotos para mostrar. Hace unos meses decid\u00ed empezar a desarrollar un nuevo sitio web fresco y desde cero. Nuevo dise\u00f1o, men\u00fas, galer\u00edas expandidas y todo el sitio traducido en 3 idiomas: catal\u00e1n, castellano e ingl\u00e9s. Eleg\u00ed el minimalismo usando un fondo blanco con los m\u00e1s minimalistas y \u00fanicamente los m\u00e1s indispensables elementos que necesitaba para ofrecer la mejor experiencia de usuario. Tambi\u00e9n he trabajado en ofrecer todas las fotos en resoluci\u00f3n [\u2026]<\/p>\n<\/div><a class=\"theme-btn-link\" href=\"https:\/\/www.oriolmorte.com\/es\/2014\/02\/07\/nuevo-diseno-en-oriolmorte-com\/\"><div class=\"theme-btn theme-btn-outline-primary theme-hover-arrow\">Continue Reading<\/div><\/a><\/div>\n<\/div>\n<\/div>\n<\/div>\n<\/div>\n\t\t<\/div>\n\t\t\t\t<div class=\"entry-content-wrapper\">\n\t\t\t<div class=\"topseperator entry-wrapper post-standard-wrapper clearfix\">\n<div class=\"blog-content-section\">\n<div id=\"post-34638\" class=\"post-34638 post type-post status-publish format-standard has-post-thumbnail hentry category-paisaje category-viajes-es\">\n<div class=\"entry-content postformat_contents post-display-excerpt clearfix\">\n<div class=\"post-format-media\"><a href=\"https:\/\/www.oriolmorte.com\/es\/2013\/12\/28\/5-dias-de-otono-en-las-dolomitas\/\"><img decoding=\"async\" src=\"https:\/\/www.oriolmorte.com\/wp-content\/uploads\/2013\/12\/MG_4718_oriol_morte_featured_blog-scaled.jpg\" srcset=\"https:\/\/www.oriolmorte.com\/wp-content\/uploads\/2013\/12\/MG_4718_oriol_morte_featured_blog-scaled.jpg 2560w, https:\/\/www.oriolmorte.com\/wp-content\/uploads\/2013\/12\/MG_4718_oriol_morte_featured_blog-600x400.jpg 600w, https:\/\/www.oriolmorte.com\/wp-content\/uploads\/2013\/12\/MG_4718_oriol_morte_featured_blog-710x473.jpg 710w, https:\/\/www.oriolmorte.com\/wp-content\/uploads\/2013\/12\/MG_4718_oriol_morte_featured_blog-900x600.jpg 900w, https:\/\/www.oriolmorte.com\/wp-content\/uploads\/2013\/12\/MG_4718_oriol_morte_featured_blog-1500x1000.jpg 1500w, https:\/\/www.oriolmorte.com\/wp-content\/uploads\/2013\/12\/MG_4718_oriol_morte_featured_blog-705x470.jpg 705w\" sizes=\"(max-width: 1400px) 100vw, 1400px\" alt=\"5 d\u00edas de oto\u00f1o en las Dolomitas\" \/><\/a><\/div><div class=\"entry-blog-contents-wrap clearfix\">\n\t\t\t<div class=\"entry-post-title\">\n\t\t\t<h2>\n\t\t\t<a class=\"postformat_standard\" href=\"https:\/\/www.oriolmorte.com\/es\/2013\/12\/28\/5-dias-de-otono-en-las-dolomitas\/\" rel=\"bookmark\">5 d\u00edas de oto\u00f1o en las Dolomitas<\/a>\n\t\t\t<\/h2>\n\t\t\t<\/div>\n\t\t\t\t<div class=\"postsummarywrap fullpage-item\">\n\t\t\t<div class=\"datecomment clearfix\">\n\t\t\t\t\t<div class=\"post-single-meta-group-one\">\n\t\t\t\t\t\t\t\t\t<span class=\"post-single-meta post-single-meta-author\">\n\t\t\t\t\t<i class=\"feather-icon-head\"><\/i>\n\t\t\t\t\t<span class=\"post-meta-author\">\n\t\t\t\t\t\tadmin\t\t\t\t\t<\/span>\n\t\t\t\t\t<\/span>\n\t\t\t\t\t\t\t\t\t\t<span class=\"post-single-meta post-single-meta-date\">\n\t\t\t\t\t\t<span class=\"post-meta-time\">\n\t\t\t\t\t\t<i class=\"feather-icon-clock\"><\/i>\n\t\t\t\t\t\t<span class=\"date updated\">28\/12\/2013<\/span>\t\t\t\t\t\t<\/span>\n\t\t\t\t\t<\/span>\n\t\t\t\t\t\t\t\t<\/div>\n\t\t\t<div class=\"post-single-meta-group-two\">\n\t\t\t\t\t\t\t\t\t<span class=\"post-single-meta post-meta-category post-single-meta-category\">\n\t\t\t\t\t<i class=\"feather-icon-grid\"><\/i>\n\t\t\t\t\t<a href=\"https:\/\/www.oriolmorte.com\/es\/categoria\/paisaje\/\" rel=\"category tag\">Paisaje<\/a> \/ <a href=\"https:\/\/www.oriolmorte.com\/es\/categoria\/paisaje\/viajes-es\/\" rel=\"category tag\">Viajes<\/a>\t\t\t\t\t<\/span>\n\t\t\t\t\t\t\t\t<\/div>\n\t\t<\/div>\n\t<\/div>\n\t<div class=\"postsummary-spacing\"><p>Los \u00faltimos dos a\u00f1os he o\u00eddo un buen n\u00famero de veces acerca de las Dolomitas. Solamente sab\u00eda que son un grupo de monta\u00f1as en el noreste de Italia pegado a la frontera con Austria. No solamente italianos me han hablado de las Dolomitas. Incluso amigos que han estado all\u00ed y tuvieron un muy buen recuerdo. Durante mi viaje por el norte de Italia, 5 d\u00edas de oto\u00f1o en las Dolomitas fueron la combinaci\u00f3n perfecta. \u00a0 Preparando el viaje Viaj\u00e9 a [\u2026]<\/p>\n<\/div><a class=\"theme-btn-link\" href=\"https:\/\/www.oriolmorte.com\/es\/2013\/12\/28\/5-dias-de-otono-en-las-dolomitas\/\"><div class=\"theme-btn theme-btn-outline-primary theme-hover-arrow\">Continue Reading<\/div><\/a><\/div>\n<\/div>\n<\/div>\n<\/div>\n<\/div>\n\t\t<\/div>\n\t\t\t\t<div class=\"entry-content-wrapper\">\n\t\t\t<div class=\"topseperator entry-wrapper post-standard-wrapper clearfix\">\n<div class=\"blog-content-section\">\n<div id=\"post-7341\" class=\"post-7341 post type-post status-publish format-standard has-post-thumbnail hentry category-paisaje category-viajes-es\">\n<div class=\"entry-content postformat_contents post-display-excerpt clearfix\">\n<div class=\"post-format-media\"><a href=\"https:\/\/www.oriolmorte.com\/es\/2013\/12\/27\/tour-fotografico-en-italia-de-lombardia-emilia-romagna-y-veneto\/\"><img decoding=\"async\" src=\"https:\/\/www.oriolmorte.com\/wp-content\/uploads\/2013\/12\/MG_4174-Edit_oriol_morte_featured_blog-scaled.jpg\" srcset=\"https:\/\/www.oriolmorte.com\/wp-content\/uploads\/2013\/12\/MG_4174-Edit_oriol_morte_featured_blog-scaled.jpg 2560w, https:\/\/www.oriolmorte.com\/wp-content\/uploads\/2013\/12\/MG_4174-Edit_oriol_morte_featured_blog-600x400.jpg 600w, https:\/\/www.oriolmorte.com\/wp-content\/uploads\/2013\/12\/MG_4174-Edit_oriol_morte_featured_blog-710x473.jpg 710w, https:\/\/www.oriolmorte.com\/wp-content\/uploads\/2013\/12\/MG_4174-Edit_oriol_morte_featured_blog-900x600.jpg 900w, https:\/\/www.oriolmorte.com\/wp-content\/uploads\/2013\/12\/MG_4174-Edit_oriol_morte_featured_blog-1500x1000.jpg 1500w, https:\/\/www.oriolmorte.com\/wp-content\/uploads\/2013\/12\/MG_4174-Edit_oriol_morte_featured_blog-705x470.jpg 705w\" sizes=\"(max-width: 1400px) 100vw, 1400px\" alt=\"Tour fotogr\u00e1fico en Italia de Lombard\u00eda, Emilia-Romagna y Veneto\" \/><\/a><\/div><div class=\"entry-blog-contents-wrap clearfix\">\n\t\t\t<div class=\"entry-post-title\">\n\t\t\t<h2>\n\t\t\t<a class=\"postformat_standard\" href=\"https:\/\/www.oriolmorte.com\/es\/2013\/12\/27\/tour-fotografico-en-italia-de-lombardia-emilia-romagna-y-veneto\/\" rel=\"bookmark\">Tour fotogr\u00e1fico en Italia de Lombard\u00eda, Emilia-Romagna y Veneto<\/a>\n\t\t\t<\/h2>\n\t\t\t<\/div>\n\t\t\t\t<div class=\"postsummarywrap fullpage-item\">\n\t\t\t<div class=\"datecomment clearfix\">\n\t\t\t\t\t<div class=\"post-single-meta-group-one\">\n\t\t\t\t\t\t\t\t\t<span class=\"post-single-meta post-single-meta-author\">\n\t\t\t\t\t<i class=\"feather-icon-head\"><\/i>\n\t\t\t\t\t<span class=\"post-meta-author\">\n\t\t\t\t\t\tOriol Morte\t\t\t\t\t<\/span>\n\t\t\t\t\t<\/span>\n\t\t\t\t\t\t\t\t\t\t<span class=\"post-single-meta post-single-meta-date\">\n\t\t\t\t\t\t<span class=\"post-meta-time\">\n\t\t\t\t\t\t<i class=\"feather-icon-clock\"><\/i>\n\t\t\t\t\t\t<span class=\"date updated\">27\/12\/2013<\/span>\t\t\t\t\t\t<\/span>\n\t\t\t\t\t<\/span>\n\t\t\t\t\t\t\t\t<\/div>\n\t\t\t<div class=\"post-single-meta-group-two\">\n\t\t\t\t\t\t\t\t\t<span class=\"post-single-meta post-meta-category post-single-meta-category\">\n\t\t\t\t\t<i class=\"feather-icon-grid\"><\/i>\n\t\t\t\t\t<a href=\"https:\/\/www.oriolmorte.com\/es\/categoria\/paisaje\/\" rel=\"category tag\">Paisaje<\/a> \/ <a href=\"https:\/\/www.oriolmorte.com\/es\/categoria\/paisaje\/viajes-es\/\" rel=\"category tag\">Viajes<\/a>\t\t\t\t\t<\/span>\n\t\t\t\t\t\t\t\t<\/div>\n\t\t<\/div>\n\t<\/div>\n\t<div class=\"postsummary-spacing\"><p>\u00a0 Fue hace mucho tiempo cuando visit\u00e9 Italia y ten\u00eda solamente 6 a\u00f1os. Momento de visitar Italia otra vez entonces. Desde que he compartido un par de pisos en Barcelona y Melbourne y conocido a muchos amigos de todas partes del mundo, tienes la oportunidad de hacer amigos y conocer diferentes culturas. La casualidad me llev\u00f3 a compartir piso con italianos del norte de Italia tanto en Barcelona como en Australia. No ten\u00eda m\u00e1s excusas para visitar su \u00e1rea y [\u2026]<\/p>\n<\/div><a class=\"theme-btn-link\" href=\"https:\/\/www.oriolmorte.com\/es\/2013\/12\/27\/tour-fotografico-en-italia-de-lombardia-emilia-romagna-y-veneto\/\"><div class=\"theme-btn theme-btn-outline-primary theme-hover-arrow\">Continue Reading<\/div><\/a><\/div>\n<\/div>\n<\/div>\n<\/div>\n<\/div>\n\t\t<\/div>\n\t\t\t\t<div class=\"entry-content-wrapper\">\n\t\t\t<div class=\"topseperator entry-wrapper post-standard-wrapper clearfix\">\n<div class=\"blog-content-section\">\n<div id=\"post-7295\" class=\"post-7295 post type-post status-publish format-standard has-post-thumbnail hentry category-paisaje category-viajes-es\">\n<div class=\"entry-content postformat_contents post-display-excerpt clearfix\">\n<div class=\"post-format-media\"><a href=\"https:\/\/www.oriolmorte.com\/es\/2013\/12\/15\/viaje-fotografico-a-inglaterra\/\"><img decoding=\"async\" src=\"https:\/\/www.oriolmorte.com\/wp-content\/uploads\/2014\/01\/MG_3771_oriol_morte_featured_blog-scaled.jpg\" srcset=\"https:\/\/www.oriolmorte.com\/wp-content\/uploads\/2014\/01\/MG_3771_oriol_morte_featured_blog-scaled.jpg 2560w, https:\/\/www.oriolmorte.com\/wp-content\/uploads\/2014\/01\/MG_3771_oriol_morte_featured_blog-600x400.jpg 600w, https:\/\/www.oriolmorte.com\/wp-content\/uploads\/2014\/01\/MG_3771_oriol_morte_featured_blog-710x473.jpg 710w, https:\/\/www.oriolmorte.com\/wp-content\/uploads\/2014\/01\/MG_3771_oriol_morte_featured_blog-900x600.jpg 900w, https:\/\/www.oriolmorte.com\/wp-content\/uploads\/2014\/01\/MG_3771_oriol_morte_featured_blog-1500x1000.jpg 1500w, https:\/\/www.oriolmorte.com\/wp-content\/uploads\/2014\/01\/MG_3771_oriol_morte_featured_blog-705x470.jpg 705w\" sizes=\"(max-width: 1400px) 100vw, 1400px\" alt=\"\" \/><\/a><\/div><div class=\"entry-blog-contents-wrap clearfix\">\n\t\t\t<div class=\"entry-post-title\">\n\t\t\t<h2>\n\t\t\t<a class=\"postformat_standard\" href=\"https:\/\/www.oriolmorte.com\/es\/2013\/12\/15\/viaje-fotografico-a-inglaterra\/\" rel=\"bookmark\">Viaje fotogr\u00e1fico a Inglaterra<\/a>\n\t\t\t<\/h2>\n\t\t\t<\/div>\n\t\t\t\t<div class=\"postsummarywrap fullpage-item\">\n\t\t\t<div class=\"datecomment clearfix\">\n\t\t\t\t\t<div class=\"post-single-meta-group-one\">\n\t\t\t\t\t\t\t\t\t<span class=\"post-single-meta post-single-meta-author\">\n\t\t\t\t\t<i class=\"feather-icon-head\"><\/i>\n\t\t\t\t\t<span class=\"post-meta-author\">\n\t\t\t\t\t\tOriol Morte\t\t\t\t\t<\/span>\n\t\t\t\t\t<\/span>\n\t\t\t\t\t\t\t\t\t\t<span class=\"post-single-meta post-single-meta-date\">\n\t\t\t\t\t\t<span class=\"post-meta-time\">\n\t\t\t\t\t\t<i class=\"feather-icon-clock\"><\/i>\n\t\t\t\t\t\t<span class=\"date updated\">15\/12\/2013<\/span>\t\t\t\t\t\t<\/span>\n\t\t\t\t\t<\/span>\n\t\t\t\t\t\t\t\t<\/div>\n\t\t\t<div class=\"post-single-meta-group-two\">\n\t\t\t\t\t\t\t\t\t<span class=\"post-single-meta post-meta-category post-single-meta-category\">\n\t\t\t\t\t<i class=\"feather-icon-grid\"><\/i>\n\t\t\t\t\t<a href=\"https:\/\/www.oriolmorte.com\/es\/categoria\/paisaje\/\" rel=\"category tag\">Paisaje<\/a> \/ <a href=\"https:\/\/www.oriolmorte.com\/es\/categoria\/paisaje\/viajes-es\/\" rel=\"category tag\">Viajes<\/a>\t\t\t\t\t<\/span>\n\t\t\t\t\t\t\t\t<\/div>\n\t\t<\/div>\n\t<\/div>\n\t<div class=\"postsummary-spacing\"><p>El pasado octubre ten\u00eda un compromiso familiar en Bristol donde tengo algunos familiares viviendo. Esta fue de hecho una buena excusa para visitar a Jazm\u00edn, una amiga que ha estado viviendo en Londres desde hace 2 a\u00f1os. \u00c9sta es la cr\u00f3nica del\u00a0viaje fotogr\u00e1fico a Inglaterra. \u00a0 Londres Aunque ya visit\u00e9 Londres algunas veces antes, nunca tuve la oportunidad de disfrutar esa incre\u00edble ciudad y tomarme mi tiempo con mi c\u00e1mara. Eleg\u00ed solamente dos lentes, el cuerpo de la 5dmk2 y [\u2026]<\/p>\n<\/div><a class=\"theme-btn-link\" href=\"https:\/\/www.oriolmorte.com\/es\/2013\/12\/15\/viaje-fotografico-a-inglaterra\/\"><div class=\"theme-btn theme-btn-outline-primary theme-hover-arrow\">Continue Reading<\/div><\/a><\/div>\n<\/div>\n<\/div>\n<\/div>\n<\/div>\n\t\t<\/div>\n\t\t\t\t<div class=\"entry-content-wrapper\">\n\t\t\t<div class=\"topseperator entry-wrapper post-standard-wrapper clearfix\">\n<div class=\"blog-content-section\">\n<div id=\"post-2476\" class=\"post-2476 post type-post status-publish format-standard has-post-thumbnail hentry category-retrato category-sin-categorizar\">\n<div class=\"entry-content postformat_contents post-display-excerpt clearfix\">\n<div class=\"post-format-media\"><a href=\"https:\/\/www.oriolmorte.com\/es\/2013\/10\/27\/sesion-de-fotos-zofia-zelek\/\"><img decoding=\"async\" src=\"https:\/\/www.oriolmorte.com\/wp-content\/uploads\/2013\/10\/MG_3173-Edit_oriol_morte_featured_blog.jpg\" srcset=\"https:\/\/www.oriolmorte.com\/wp-content\/uploads\/2013\/10\/MG_3173-Edit_oriol_morte_featured_blog.jpg 1030w, https:\/\/www.oriolmorte.com\/wp-content\/uploads\/2013\/10\/MG_3173-Edit_oriol_morte_featured_blog-600x400.jpg 600w, https:\/\/www.oriolmorte.com\/wp-content\/uploads\/2013\/10\/MG_3173-Edit_oriol_morte_featured_blog-300x200.jpg 300w, https:\/\/www.oriolmorte.com\/wp-content\/uploads\/2013\/10\/MG_3173-Edit_oriol_morte_featured_blog-705x470.jpg 705w\" sizes=\"(max-width: 1030px) 100vw, 1030px\" alt=\"\" \/><\/a><\/div><div class=\"entry-blog-contents-wrap clearfix\">\n\t\t\t<div class=\"entry-post-title\">\n\t\t\t<h2>\n\t\t\t<a class=\"postformat_standard\" href=\"https:\/\/www.oriolmorte.com\/es\/2013\/10\/27\/sesion-de-fotos-zofia-zelek\/\" rel=\"bookmark\">Sesi\u00f3n de fotos Zofia Zelek<\/a>\n\t\t\t<\/h2>\n\t\t\t<\/div>\n\t\t\t\t<div class=\"postsummarywrap fullpage-item\">\n\t\t\t<div class=\"datecomment clearfix\">\n\t\t\t\t\t<div class=\"post-single-meta-group-one\">\n\t\t\t\t\t\t\t\t\t<span class=\"post-single-meta post-single-meta-author\">\n\t\t\t\t\t<i class=\"feather-icon-head\"><\/i>\n\t\t\t\t\t<span class=\"post-meta-author\">\n\t\t\t\t\t\tOriol Morte\t\t\t\t\t<\/span>\n\t\t\t\t\t<\/span>\n\t\t\t\t\t\t\t\t\t\t<span class=\"post-single-meta post-single-meta-date\">\n\t\t\t\t\t\t<span class=\"post-meta-time\">\n\t\t\t\t\t\t<i class=\"feather-icon-clock\"><\/i>\n\t\t\t\t\t\t<span class=\"date updated\">27\/10\/2013<\/span>\t\t\t\t\t\t<\/span>\n\t\t\t\t\t<\/span>\n\t\t\t\t\t\t\t\t<\/div>\n\t\t\t<div class=\"post-single-meta-group-two\">\n\t\t\t\t\t\t\t\t\t<span class=\"post-single-meta post-meta-category post-single-meta-category\">\n\t\t\t\t\t<i class=\"feather-icon-grid\"><\/i>\n\t\t\t\t\t<a href=\"https:\/\/www.oriolmorte.com\/es\/categoria\/retrato\/\" rel=\"category tag\">Retrato<\/a> \/ <a href=\"https:\/\/www.oriolmorte.com\/category\/sin-categorizar\/\" rel=\"category tag\">Sin categorizar<\/a>\t\t\t\t\t<\/span>\n\t\t\t\t\t\t\t\t<\/div>\n\t\t<\/div>\n\t<\/div>\n\t<div class=\"postsummary-spacing\"><p>A principios de septiembre me contact\u00f3 Zofia Zelek, una chica polaca de Cracovia que actualmente vive en Barcelona. Nos reunimos unos d\u00edas previos a la sesi\u00f3n de fotos y decidimos recrear un estilismo elegante y otro en ba\u00f1ador. Obviamente y siendo en exteriores la sesi\u00f3n de fotos tuve que encontrar una localizaci\u00f3n adecuada a cada uno de los estilismos. Enseguida contact\u00e9 con Anna Mundet\u00a0con quien ya hab\u00eda trabajado anteriormente en la sesi\u00f3n de fotos con Mireia\u00a0para realizar el maquillaje y [\u2026]<\/p>\n<\/div><a class=\"theme-btn-link\" href=\"https:\/\/www.oriolmorte.com\/es\/2013\/10\/27\/sesion-de-fotos-zofia-zelek\/\"><div class=\"theme-btn theme-btn-outline-primary theme-hover-arrow\">Continue Reading<\/div><\/a><\/div>\n<\/div>\n<\/div>\n<\/div>\n<\/div>\n\t\t<\/div>\n\t\t\t\t<div class=\"entry-content-wrapper\">\n\t\t\t<div class=\"topseperator entry-wrapper post-standard-wrapper clearfix\">\n<div class=\"blog-content-section\">\n<div id=\"post-2743\" class=\"post-2743 post type-post status-publish format-standard has-post-thumbnail hentry category-espectaculos category-musica\">\n<div class=\"entry-content postformat_contents post-display-excerpt clearfix\">\n<div class=\"post-format-media\"><a href=\"https:\/\/www.oriolmorte.com\/es\/2013\/10\/27\/clausura-del-festival-de-torroella-de-montgri-2013-con-albert-guinovart\/\"><img decoding=\"async\" src=\"https:\/\/www.oriolmorte.com\/wp-content\/uploads\/2013\/10\/MG_2623_oriol_morte_featured_blog3-scaled.jpg\" srcset=\"https:\/\/www.oriolmorte.com\/wp-content\/uploads\/2013\/10\/MG_2623_oriol_morte_featured_blog3-scaled.jpg 2560w, https:\/\/www.oriolmorte.com\/wp-content\/uploads\/2013\/10\/MG_2623_oriol_morte_featured_blog3-600x400.jpg 600w, https:\/\/www.oriolmorte.com\/wp-content\/uploads\/2013\/10\/MG_2623_oriol_morte_featured_blog3-710x473.jpg 710w, https:\/\/www.oriolmorte.com\/wp-content\/uploads\/2013\/10\/MG_2623_oriol_morte_featured_blog3-900x600.jpg 900w, https:\/\/www.oriolmorte.com\/wp-content\/uploads\/2013\/10\/MG_2623_oriol_morte_featured_blog3-1500x1000.jpg 1500w, https:\/\/www.oriolmorte.com\/wp-content\/uploads\/2013\/10\/MG_2623_oriol_morte_featured_blog3-705x470.jpg 705w\" sizes=\"(max-width: 1400px) 100vw, 1400px\" alt=\"\" \/><\/a><\/div><div class=\"entry-blog-contents-wrap clearfix\">\n\t\t\t<div class=\"entry-post-title\">\n\t\t\t<h2>\n\t\t\t<a class=\"postformat_standard\" href=\"https:\/\/www.oriolmorte.com\/es\/2013\/10\/27\/clausura-del-festival-de-torroella-de-montgri-2013-con-albert-guinovart\/\" rel=\"bookmark\">Clausura del Festival de Torroella de Montgr\u00ed 2013 con Albert Guinovart<\/a>\n\t\t\t<\/h2>\n\t\t\t<\/div>\n\t\t\t\t<div class=\"postsummarywrap fullpage-item\">\n\t\t\t<div class=\"datecomment clearfix\">\n\t\t\t\t\t<div class=\"post-single-meta-group-one\">\n\t\t\t\t\t\t\t\t\t<span class=\"post-single-meta post-single-meta-author\">\n\t\t\t\t\t<i class=\"feather-icon-head\"><\/i>\n\t\t\t\t\t<span class=\"post-meta-author\">\n\t\t\t\t\t\tOriol Morte\t\t\t\t\t<\/span>\n\t\t\t\t\t<\/span>\n\t\t\t\t\t\t\t\t\t\t<span class=\"post-single-meta post-single-meta-date\">\n\t\t\t\t\t\t<span class=\"post-meta-time\">\n\t\t\t\t\t\t<i class=\"feather-icon-clock\"><\/i>\n\t\t\t\t\t\t<span class=\"date updated\">27\/10\/2013<\/span>\t\t\t\t\t\t<\/span>\n\t\t\t\t\t<\/span>\n\t\t\t\t\t\t\t\t<\/div>\n\t\t\t<div class=\"post-single-meta-group-two\">\n\t\t\t\t\t\t\t\t\t<span class=\"post-single-meta post-meta-category post-single-meta-category\">\n\t\t\t\t\t<i class=\"feather-icon-grid\"><\/i>\n\t\t\t\t\t<a href=\"https:\/\/www.oriolmorte.com\/es\/categoria\/espectaculos\/\" rel=\"category tag\">Espect\u00e1culos<\/a> \/ <a href=\"https:\/\/www.oriolmorte.com\/es\/categoria\/espectaculos\/musica\/\" rel=\"category tag\">M\u00fasica<\/a>\t\t\t\t\t<\/span>\n\t\t\t\t\t\t\t\t<\/div>\n\t\t<\/div>\n\t<\/div>\n\t<div class=\"postsummary-spacing\"><p>El 27 de agosto finaliz\u00f3 el Festival de Torroella de Montgr\u00ed, dedicado a la m\u00fasica cl\u00e1sica y con repercusi\u00f3n internacional. El cierre del festival tuvo lugar en la plaza del ayuntamiento de Torroella con el espect\u00e1culo \u00abTorroella sona\u00bb, liderado por Albert Guinovart. Mi trabajo consisti\u00f3 en cubrir el concierto como fot\u00f3grafo oficial del festival para entregar mis fotograf\u00edas a su departamento de prensa que ser\u00edan facilitadas a los medios de prensa gr\u00e1fica que solicitaran im\u00e1genes del concierto. Aunque la lluvia [\u2026]<\/p>\n<\/div><a class=\"theme-btn-link\" href=\"https:\/\/www.oriolmorte.com\/es\/2013\/10\/27\/clausura-del-festival-de-torroella-de-montgri-2013-con-albert-guinovart\/\"><div class=\"theme-btn theme-btn-outline-primary theme-hover-arrow\">Continue Reading<\/div><\/a><\/div>\n<\/div>\n<\/div>\n<\/div>\n<\/div>\n\t\t<\/div>\n\t\t\t\t<div class=\"entry-content-wrapper\">\n\t\t\t<div class=\"topseperator entry-wrapper post-standard-wrapper clearfix\">\n<div class=\"blog-content-section\">\n<div id=\"post-2480\" class=\"post-2480 post type-post status-publish format-standard has-post-thumbnail hentry category-naturaleza category-paisaje category-viajes-es tag-lake-tekapo-es\">\n<div class=\"entry-content postformat_contents post-display-excerpt clearfix\">\n<div class=\"post-format-media\"><a href=\"https:\/\/www.oriolmorte.com\/es\/2013\/05\/25\/nueva-zelanda-naturalmente\/\"><img decoding=\"async\" src=\"https:\/\/www.oriolmorte.com\/wp-content\/uploads\/2013\/05\/MG_9747_oriol_morte_featured_blog1-scaled.jpg\" srcset=\"https:\/\/www.oriolmorte.com\/wp-content\/uploads\/2013\/05\/MG_9747_oriol_morte_featured_blog1-scaled.jpg 2560w, https:\/\/www.oriolmorte.com\/wp-content\/uploads\/2013\/05\/MG_9747_oriol_morte_featured_blog1-600x400.jpg 600w, https:\/\/www.oriolmorte.com\/wp-content\/uploads\/2013\/05\/MG_9747_oriol_morte_featured_blog1-710x473.jpg 710w, https:\/\/www.oriolmorte.com\/wp-content\/uploads\/2013\/05\/MG_9747_oriol_morte_featured_blog1-900x600.jpg 900w, https:\/\/www.oriolmorte.com\/wp-content\/uploads\/2013\/05\/MG_9747_oriol_morte_featured_blog1-1500x1000.jpg 1500w, https:\/\/www.oriolmorte.com\/wp-content\/uploads\/2013\/05\/MG_9747_oriol_morte_featured_blog1-705x470.jpg 705w\" sizes=\"(max-width: 1400px) 100vw, 1400px\" alt=\"\" \/><\/a><\/div><div class=\"entry-blog-contents-wrap clearfix\">\n\t\t\t<div class=\"entry-post-title\">\n\t\t\t<h2>\n\t\t\t<a class=\"postformat_standard\" href=\"https:\/\/www.oriolmorte.com\/es\/2013\/05\/25\/nueva-zelanda-naturalmente\/\" rel=\"bookmark\">Nueva Zelanda, naturalmente<\/a>\n\t\t\t<\/h2>\n\t\t\t<\/div>\n\t\t\t\t<div class=\"postsummarywrap fullpage-item\">\n\t\t\t<div class=\"datecomment clearfix\">\n\t\t\t\t\t<div class=\"post-single-meta-group-one\">\n\t\t\t\t\t\t\t\t\t<span class=\"post-single-meta post-single-meta-author\">\n\t\t\t\t\t<i class=\"feather-icon-head\"><\/i>\n\t\t\t\t\t<span class=\"post-meta-author\">\n\t\t\t\t\t\tOriol Morte\t\t\t\t\t<\/span>\n\t\t\t\t\t<\/span>\n\t\t\t\t\t\t\t\t\t\t<span class=\"post-single-meta post-single-meta-date\">\n\t\t\t\t\t\t<span class=\"post-meta-time\">\n\t\t\t\t\t\t<i class=\"feather-icon-clock\"><\/i>\n\t\t\t\t\t\t<span class=\"date updated\">25\/05\/2013<\/span>\t\t\t\t\t\t<\/span>\n\t\t\t\t\t<\/span>\n\t\t\t\t\t\t\t\t<\/div>\n\t\t\t<div class=\"post-single-meta-group-two\">\n\t\t\t\t\t\t\t\t\t<span class=\"post-single-meta post-meta-category post-single-meta-category\">\n\t\t\t\t\t<i class=\"feather-icon-grid\"><\/i>\n\t\t\t\t\t<a href=\"https:\/\/www.oriolmorte.com\/es\/categoria\/paisaje\/naturaleza\/\" rel=\"category tag\">Naturaleza<\/a> \/ <a href=\"https:\/\/www.oriolmorte.com\/es\/categoria\/paisaje\/\" rel=\"category tag\">Paisaje<\/a> \/ <a href=\"https:\/\/www.oriolmorte.com\/es\/categoria\/paisaje\/viajes-es\/\" rel=\"category tag\">Viajes<\/a>\t\t\t\t\t<\/span>\n\t\t\t\t\t\t\t\t<\/div>\n\t\t<\/div>\n\t<\/div>\n\t<div class=\"postsummary-spacing\"><p>Cuando hace cerca de un a\u00f1o decid\u00ed preparar el viaje a Australia tuve en todo momento un deseo que cumplir: Visitar New Zealand. Atra\u00eddo por su naturaleza en estado puro, sus monta\u00f1as y sus r\u00edos ten\u00eda claro que no pod\u00eda volver sin visitar ese pa\u00eds. Quer\u00eda tambi\u00e9n antes de continuar agradecer a Teresa, creadora de\u00a0Caprichos de Papel\u00a0que en base a su experiencia visitando NZ hace un tiempo me nutri\u00f3 de buenos consejos y documentaci\u00f3n sobre este viaje. Un pa\u00eds de [\u2026]<\/p>\n<\/div><a class=\"theme-btn-link\" href=\"https:\/\/www.oriolmorte.com\/es\/2013\/05\/25\/nueva-zelanda-naturalmente\/\"><div class=\"theme-btn theme-btn-outline-primary theme-hover-arrow\">Continue Reading<\/div><\/a><\/div>\n<\/div>\n<\/div>\n<\/div>\n<\/div>\n\t\t<\/div>\n\t\t\t\t<div class=\"entry-content-wrapper\">\n\t\t\t<div class=\"topseperator entry-wrapper post-standard-wrapper clearfix\">\n<div class=\"blog-content-section\">\n<div id=\"post-2775\" class=\"post-2775 post type-post status-publish format-standard has-post-thumbnail hentry category-naturaleza category-paisaje category-viajes-es tag-12-apostoles-es tag-brisbane-es tag-byron-bay-es tag-canon-es tag-cape-tribulation-es tag-fraser-island-es tag-great-ocean-road-es\">\n<div class=\"entry-content postformat_contents post-display-excerpt clearfix\">\n<div class=\"post-format-media\"><a href=\"https:\/\/www.oriolmorte.com\/es\/2013\/01\/28\/ruta-por-la-costa-este-de-australia\/\"><img decoding=\"async\" src=\"https:\/\/www.oriolmorte.com\/wp-content\/uploads\/2013\/01\/MG_9474_oriol_morte_featured_blog3-scaled.jpg\" srcset=\"https:\/\/www.oriolmorte.com\/wp-content\/uploads\/2013\/01\/MG_9474_oriol_morte_featured_blog3-scaled.jpg 2560w, https:\/\/www.oriolmorte.com\/wp-content\/uploads\/2013\/01\/MG_9474_oriol_morte_featured_blog3-600x404.jpg 600w, https:\/\/www.oriolmorte.com\/wp-content\/uploads\/2013\/01\/MG_9474_oriol_morte_featured_blog3-710x478.jpg 710w, https:\/\/www.oriolmorte.com\/wp-content\/uploads\/2013\/01\/MG_9474_oriol_morte_featured_blog3-891x600.jpg 891w, https:\/\/www.oriolmorte.com\/wp-content\/uploads\/2013\/01\/MG_9474_oriol_morte_featured_blog3-1500x1010.jpg 1500w, https:\/\/www.oriolmorte.com\/wp-content\/uploads\/2013\/01\/MG_9474_oriol_morte_featured_blog3-705x474.jpg 705w\" sizes=\"(max-width: 1400px) 100vw, 1400px\" alt=\"\" \/><\/a><\/div><div class=\"entry-blog-contents-wrap clearfix\">\n\t\t\t<div class=\"entry-post-title\">\n\t\t\t<h2>\n\t\t\t<a class=\"postformat_standard\" href=\"https:\/\/www.oriolmorte.com\/es\/2013\/01\/28\/ruta-por-la-costa-este-de-australia\/\" rel=\"bookmark\">Ruta por la costa este de Australia<\/a>\n\t\t\t<\/h2>\n\t\t\t<\/div>\n\t\t\t\t<div class=\"postsummarywrap fullpage-item\">\n\t\t\t<div class=\"datecomment clearfix\">\n\t\t\t\t\t<div class=\"post-single-meta-group-one\">\n\t\t\t\t\t\t\t\t\t<span class=\"post-single-meta post-single-meta-author\">\n\t\t\t\t\t<i class=\"feather-icon-head\"><\/i>\n\t\t\t\t\t<span class=\"post-meta-author\">\n\t\t\t\t\t\tOriol Morte\t\t\t\t\t<\/span>\n\t\t\t\t\t<\/span>\n\t\t\t\t\t\t\t\t\t\t<span class=\"post-single-meta post-single-meta-date\">\n\t\t\t\t\t\t<span class=\"post-meta-time\">\n\t\t\t\t\t\t<i class=\"feather-icon-clock\"><\/i>\n\t\t\t\t\t\t<span class=\"date updated\">28\/01\/2013<\/span>\t\t\t\t\t\t<\/span>\n\t\t\t\t\t<\/span>\n\t\t\t\t\t\t\t\t<\/div>\n\t\t\t<div class=\"post-single-meta-group-two\">\n\t\t\t\t\t\t\t\t\t<span class=\"post-single-meta post-meta-category post-single-meta-category\">\n\t\t\t\t\t<i class=\"feather-icon-grid\"><\/i>\n\t\t\t\t\t<a href=\"https:\/\/www.oriolmorte.com\/es\/categoria\/paisaje\/naturaleza\/\" rel=\"category tag\">Naturaleza<\/a> \/ <a href=\"https:\/\/www.oriolmorte.com\/es\/categoria\/paisaje\/\" rel=\"category tag\">Paisaje<\/a> \/ <a href=\"https:\/\/www.oriolmorte.com\/es\/categoria\/paisaje\/viajes-es\/\" rel=\"category tag\">Viajes<\/a>\t\t\t\t\t<\/span>\n\t\t\t\t\t\t\t\t<\/div>\n\t\t<\/div>\n\t<\/div>\n\t<div class=\"postsummary-spacing\"><p>Despu\u00e9s de volar hace unos meses hacia Melbourne, no ha sido hasta diciembre, cuando he tenido tiempo de ver un poco m\u00e1s de este pa\u00eds enorme y salir de la capital del estado de Victoria. La ruta ha sido toda en campervan y consist\u00eda en varias etapas. Realic\u00e9 este viaje junto a Roger, un buen amigo de toda la vida que vino a Australia para sus vacaciones. La primera etapa fue el Great Ocean Road, una carretera nutrida por unos [\u2026]<\/p>\n<\/div><a class=\"theme-btn-link\" href=\"https:\/\/www.oriolmorte.com\/es\/2013\/01\/28\/ruta-por-la-costa-este-de-australia\/\"><div class=\"theme-btn theme-btn-outline-primary theme-hover-arrow\">Continue Reading<\/div><\/a><\/div>\n<\/div>\n<\/div>\n<\/div>\n<\/div>\n\t\t<\/div>\n\t\t\t\t<div class=\"entry-content-wrapper\">\n\t\t\t<div class=\"topseperator entry-wrapper post-standard-wrapper clearfix\">\n<div class=\"blog-content-section\">\n<div id=\"post-4449\" class=\"post-4449 post type-post status-publish format-standard has-post-thumbnail hentry category-publicaciones-es category-publicacions-ca\">\n<div class=\"entry-content postformat_contents post-display-excerpt clearfix\">\n<div class=\"post-format-media\"><a href=\"https:\/\/www.oriolmorte.com\/es\/2013\/01\/26\/ya-se-pueden-comprar-mis-fotos-online\/\"><img decoding=\"async\" src=\"https:\/\/www.oriolmorte.com\/wp-content\/uploads\/2013\/01\/500px_store_oriol_morte_blog2-scaled.jpg\" srcset=\"https:\/\/www.oriolmorte.com\/wp-content\/uploads\/2013\/01\/500px_store_oriol_morte_blog2-scaled.jpg 2560w, https:\/\/www.oriolmorte.com\/wp-content\/uploads\/2013\/01\/500px_store_oriol_morte_blog2-600x220.jpg 600w, https:\/\/www.oriolmorte.com\/wp-content\/uploads\/2013\/01\/500px_store_oriol_morte_blog2-710x260.jpg 710w, https:\/\/www.oriolmorte.com\/wp-content\/uploads\/2013\/01\/500px_store_oriol_morte_blog2-1030x377.jpg 1030w, https:\/\/www.oriolmorte.com\/wp-content\/uploads\/2013\/01\/500px_store_oriol_morte_blog2-1500x550.jpg 1500w, https:\/\/www.oriolmorte.com\/wp-content\/uploads\/2013\/01\/500px_store_oriol_morte_blog2-705x258.jpg 705w\" sizes=\"(max-width: 1400px) 100vw, 1400px\" alt=\"\" \/><\/a><\/div><div class=\"entry-blog-contents-wrap clearfix\">\n\t\t\t<div class=\"entry-post-title\">\n\t\t\t<h2>\n\t\t\t<a class=\"postformat_standard\" href=\"https:\/\/www.oriolmorte.com\/es\/2013\/01\/26\/ya-se-pueden-comprar-mis-fotos-online\/\" rel=\"bookmark\">Ya se pueden comprar mis fotos online<\/a>\n\t\t\t<\/h2>\n\t\t\t<\/div>\n\t\t\t\t<div class=\"postsummarywrap fullpage-item\">\n\t\t\t<div class=\"datecomment clearfix\">\n\t\t\t\t\t<div class=\"post-single-meta-group-one\">\n\t\t\t\t\t\t\t\t\t<span class=\"post-single-meta post-single-meta-author\">\n\t\t\t\t\t<i class=\"feather-icon-head\"><\/i>\n\t\t\t\t\t<span class=\"post-meta-author\">\n\t\t\t\t\t\tOriol Morte\t\t\t\t\t<\/span>\n\t\t\t\t\t<\/span>\n\t\t\t\t\t\t\t\t\t\t<span class=\"post-single-meta post-single-meta-date\">\n\t\t\t\t\t\t<span class=\"post-meta-time\">\n\t\t\t\t\t\t<i class=\"feather-icon-clock\"><\/i>\n\t\t\t\t\t\t<span class=\"date updated\">26\/01\/2013<\/span>\t\t\t\t\t\t<\/span>\n\t\t\t\t\t<\/span>\n\t\t\t\t\t\t\t\t<\/div>\n\t\t\t<div class=\"post-single-meta-group-two\">\n\t\t\t\t\t\t\t\t\t<span class=\"post-single-meta post-meta-category post-single-meta-category\">\n\t\t\t\t\t<i class=\"feather-icon-grid\"><\/i>\n\t\t\t\t\t<a href=\"https:\/\/www.oriolmorte.com\/es\/categoria\/publicaciones-es\/\" rel=\"category tag\">Publicaciones<\/a> \/ <a href=\"https:\/\/www.oriolmorte.com\/ca\/categoria\/publicacions-ca\/\" rel=\"category tag\">Publicacions<\/a>\t\t\t\t\t<\/span>\n\t\t\t\t\t\t\t\t<\/div>\n\t\t<\/div>\n\t<\/div>\n\t<div class=\"postsummary-spacing\"><p>A lo largo de mi vida como fot\u00f3grafo, me ha enriquecido y permitido ganar experiencia en tantas ocasiones como he podido: fotografiar paisajes de ensue\u00f1o, modelos o artistas de primer nivel. A menudo es dif\u00edcil hacer llegar al p\u00fablico una forma de comprar estas im\u00e1genes ya sea en un archivo digital de alta calidad o bien en papel. Es tambi\u00e9n importante para el fot\u00f3grafo tener un canal de venta de su obra, lo que permita seguir desarrollando esa actividad. Despu\u00e9s [\u2026]<\/p>\n<\/div><a class=\"theme-btn-link\" href=\"https:\/\/www.oriolmorte.com\/es\/2013\/01\/26\/ya-se-pueden-comprar-mis-fotos-online\/\"><div class=\"theme-btn theme-btn-outline-primary theme-hover-arrow\">Continue Reading<\/div><\/a><\/div>\n<\/div>\n<\/div>\n<\/div>\n<\/div>\n\t\t<\/div>\n\t\t\t\t<div class=\"entry-content-wrapper\">\n\t\t\t<div class=\"topseperator entry-wrapper post-standard-wrapper clearfix\">\n<div class=\"blog-content-section\">\n<div id=\"post-4451\" class=\"post-4451 post type-post status-publish format-standard has-post-thumbnail hentry category-publicaciones-es tag-grafismo\">\n<div class=\"entry-content postformat_contents post-display-excerpt clearfix\">\n<div class=\"post-format-media\"><a href=\"https:\/\/www.oriolmorte.com\/es\/2013\/01\/20\/2013-y-nuevas-tarjetas-de-visita-2\/\"><img decoding=\"async\" src=\"https:\/\/www.oriolmorte.com\/wp-content\/uploads\/2013\/01\/presentaci\u00f3-targetes_3000px_oriol_morte_featured_blog-scaled.jpg\" srcset=\"https:\/\/www.oriolmorte.com\/wp-content\/uploads\/2013\/01\/presentaci\u00f3-targetes_3000px_oriol_morte_featured_blog-scaled.jpg 2560w, https:\/\/www.oriolmorte.com\/wp-content\/uploads\/2013\/01\/presentaci\u00f3-targetes_3000px_oriol_morte_featured_blog-600x400.jpg 600w, https:\/\/www.oriolmorte.com\/wp-content\/uploads\/2013\/01\/presentaci\u00f3-targetes_3000px_oriol_morte_featured_blog-710x473.jpg 710w, https:\/\/www.oriolmorte.com\/wp-content\/uploads\/2013\/01\/presentaci\u00f3-targetes_3000px_oriol_morte_featured_blog-900x600.jpg 900w, https:\/\/www.oriolmorte.com\/wp-content\/uploads\/2013\/01\/presentaci\u00f3-targetes_3000px_oriol_morte_featured_blog-1500x1000.jpg 1500w, https:\/\/www.oriolmorte.com\/wp-content\/uploads\/2013\/01\/presentaci\u00f3-targetes_3000px_oriol_morte_featured_blog-705x470.jpg 705w\" sizes=\"(max-width: 1400px) 100vw, 1400px\" alt=\"\" \/><\/a><\/div><div class=\"entry-blog-contents-wrap clearfix\">\n\t\t\t<div class=\"entry-post-title\">\n\t\t\t<h2>\n\t\t\t<a class=\"postformat_standard\" href=\"https:\/\/www.oriolmorte.com\/es\/2013\/01\/20\/2013-y-nuevas-tarjetas-de-visita-2\/\" rel=\"bookmark\">2013 y nuevas tarjetas de visita<\/a>\n\t\t\t<\/h2>\n\t\t\t<\/div>\n\t\t\t\t<div class=\"postsummarywrap fullpage-item\">\n\t\t\t<div class=\"datecomment clearfix\">\n\t\t\t\t\t<div class=\"post-single-meta-group-one\">\n\t\t\t\t\t\t\t\t\t<span class=\"post-single-meta post-single-meta-author\">\n\t\t\t\t\t<i class=\"feather-icon-head\"><\/i>\n\t\t\t\t\t<span class=\"post-meta-author\">\n\t\t\t\t\t\tOriol Morte\t\t\t\t\t<\/span>\n\t\t\t\t\t<\/span>\n\t\t\t\t\t\t\t\t\t\t<span class=\"post-single-meta post-single-meta-date\">\n\t\t\t\t\t\t<span class=\"post-meta-time\">\n\t\t\t\t\t\t<i class=\"feather-icon-clock\"><\/i>\n\t\t\t\t\t\t<span class=\"date updated\">20\/01\/2013<\/span>\t\t\t\t\t\t<\/span>\n\t\t\t\t\t<\/span>\n\t\t\t\t\t\t\t\t<\/div>\n\t\t\t<div class=\"post-single-meta-group-two\">\n\t\t\t\t\t\t\t\t\t<span class=\"post-single-meta post-meta-category post-single-meta-category\">\n\t\t\t\t\t<i class=\"feather-icon-grid\"><\/i>\n\t\t\t\t\t<a href=\"https:\/\/www.oriolmorte.com\/es\/categoria\/publicaciones-es\/\" rel=\"category tag\">Publicaciones<\/a>\t\t\t\t\t<\/span>\n\t\t\t\t\t\t\t\t<\/div>\n\t\t<\/div>\n\t<\/div>\n\t<div class=\"postsummary-spacing\"><p>Ya hemos terminado el 2012 y por coincidencia tambi\u00e9n con las existencias de las tarjetas de visita que encargu\u00e9 en Moo\u00a0a\u00fan no hace un a\u00f1o. He aprovechado entonces para reafinar liger\u00edsimamente el dise\u00f1o, pero con la misma esencia, a\u00f1adiendo ahora al n\u00famero de tel\u00e9fono espa\u00f1ol tambi\u00e9n el australiano siendo \u00fatil para usar en ambos pa\u00edses. He mantenido la idea de presentarla en formato MiniCard, uno de los productos que ofrecen en esta web, muy agradable al tacto y con un [\u2026]<\/p>\n<\/div><a class=\"theme-btn-link\" href=\"https:\/\/www.oriolmorte.com\/es\/2013\/01\/20\/2013-y-nuevas-tarjetas-de-visita-2\/\"><div class=\"theme-btn theme-btn-outline-primary theme-hover-arrow\">Continue Reading<\/div><\/a><\/div>\n<\/div>\n<\/div>\n<\/div>\n<\/div>\n\t\t<\/div>\n\t\t\t\t<div class=\"entry-content-wrapper\">\n\t\t\t<div class=\"topseperator entry-wrapper post-standard-wrapper clearfix\">\n<div class=\"blog-content-section\">\n<div id=\"post-4650\" class=\"post-4650 post type-post status-publish format-standard has-post-thumbnail hentry category-retrato category-tecnica tag-anna-mundet-es tag-estudio tag-lenceria\">\n<div class=\"entry-content postformat_contents post-display-excerpt clearfix\">\n<div class=\"post-format-media\"><a href=\"https:\/\/www.oriolmorte.com\/es\/2013\/01\/17\/sesion-de-fotos-mireia\/\"><img decoding=\"async\" src=\"https:\/\/www.oriolmorte.com\/wp-content\/uploads\/2013\/01\/MG_8306-Edit_oriol_morte_featured_blog2-scaled.jpg\" srcset=\"https:\/\/www.oriolmorte.com\/wp-content\/uploads\/2013\/01\/MG_8306-Edit_oriol_morte_featured_blog2-scaled.jpg 2560w, https:\/\/www.oriolmorte.com\/wp-content\/uploads\/2013\/01\/MG_8306-Edit_oriol_morte_featured_blog2-600x400.jpg 600w, https:\/\/www.oriolmorte.com\/wp-content\/uploads\/2013\/01\/MG_8306-Edit_oriol_morte_featured_blog2-710x473.jpg 710w, https:\/\/www.oriolmorte.com\/wp-content\/uploads\/2013\/01\/MG_8306-Edit_oriol_morte_featured_blog2-900x600.jpg 900w, https:\/\/www.oriolmorte.com\/wp-content\/uploads\/2013\/01\/MG_8306-Edit_oriol_morte_featured_blog2-1500x1000.jpg 1500w, https:\/\/www.oriolmorte.com\/wp-content\/uploads\/2013\/01\/MG_8306-Edit_oriol_morte_featured_blog2-705x470.jpg 705w\" sizes=\"(max-width: 1400px) 100vw, 1400px\" alt=\"\" \/><\/a><\/div><div class=\"entry-blog-contents-wrap clearfix\">\n\t\t\t<div class=\"entry-post-title\">\n\t\t\t<h2>\n\t\t\t<a class=\"postformat_standard\" href=\"https:\/\/www.oriolmorte.com\/es\/2013\/01\/17\/sesion-de-fotos-mireia\/\" rel=\"bookmark\">Sesi\u00f3n de fotos con Mireia<\/a>\n\t\t\t<\/h2>\n\t\t\t<\/div>\n\t\t\t\t<div class=\"postsummarywrap fullpage-item\">\n\t\t\t<div class=\"datecomment clearfix\">\n\t\t\t\t\t<div class=\"post-single-meta-group-one\">\n\t\t\t\t\t\t\t\t\t<span class=\"post-single-meta post-single-meta-author\">\n\t\t\t\t\t<i class=\"feather-icon-head\"><\/i>\n\t\t\t\t\t<span class=\"post-meta-author\">\n\t\t\t\t\t\tOriol Morte\t\t\t\t\t<\/span>\n\t\t\t\t\t<\/span>\n\t\t\t\t\t\t\t\t\t\t<span class=\"post-single-meta post-single-meta-date\">\n\t\t\t\t\t\t<span class=\"post-meta-time\">\n\t\t\t\t\t\t<i class=\"feather-icon-clock\"><\/i>\n\t\t\t\t\t\t<span class=\"date updated\">17\/01\/2013<\/span>\t\t\t\t\t\t<\/span>\n\t\t\t\t\t<\/span>\n\t\t\t\t\t\t\t\t<\/div>\n\t\t\t<div class=\"post-single-meta-group-two\">\n\t\t\t\t\t\t\t\t\t<span class=\"post-single-meta post-meta-category post-single-meta-category\">\n\t\t\t\t\t<i class=\"feather-icon-grid\"><\/i>\n\t\t\t\t\t<a href=\"https:\/\/www.oriolmorte.com\/es\/categoria\/retrato\/\" rel=\"category tag\">Retrato<\/a> \/ <a href=\"https:\/\/www.oriolmorte.com\/es\/categoria\/tecnica\/\" rel=\"category tag\">T\u00e9cnica<\/a>\t\t\t\t\t<\/span>\n\t\t\t\t\t\t\t\t<\/div>\n\t\t<\/div>\n\t<\/div>\n\t<div class=\"postsummary-spacing\"><p>Nos remontamos a casi un a\u00f1o atr\u00e1s, en ese ya cada vez m\u00e1s lejano 2012 cuando tuvo lugar la sesi\u00f3n de fotos con Mireia. El planing de sesi\u00f3n y estilismo era esencialmente muy similar al que realic\u00e9 con Andrea Ruiz, como parte de mi proyecto personal para portfolio, con algunos matices y adaptaciones para encajar perfectamente con el estilo y caracter\u00edsticas de Mireia.\u00a0Quiero agradecer de antemano antes de entrar en m\u00e1s detalles de la sesi\u00f3n, el esfuerzo y dedicaci\u00f3n vertidos [\u2026]<\/p>\n<\/div><a class=\"theme-btn-link\" href=\"https:\/\/www.oriolmorte.com\/es\/2013\/01\/17\/sesion-de-fotos-mireia\/\"><div class=\"theme-btn theme-btn-outline-primary theme-hover-arrow\">Continue Reading<\/div><\/a><\/div>\n<\/div>\n<\/div>\n<\/div>\n<\/div>\n\t\t<\/div>\n\t\t\t\t<div class=\"entry-content-wrapper\">\n\t\t\t<div class=\"topseperator entry-wrapper post-standard-wrapper clearfix\">\n<div class=\"blog-content-section\">\n<div id=\"post-6863\" class=\"post-6863 post type-post status-publish format-standard has-post-thumbnail hentry category-paisaje category-tecnica category-viajes-es tag-australia-es tag-canon-es\">\n<div class=\"entry-content postformat_contents post-display-excerpt clearfix\">\n<div class=\"post-format-media\"><a href=\"https:\/\/www.oriolmorte.com\/es\/2012\/10\/07\/welcome-melbourne-australia\/\"><img decoding=\"async\" src=\"https:\/\/www.oriolmorte.com\/wp-content\/uploads\/2012\/10\/MG_8655_oriol_morte_featured_blog1-scaled.jpg\" srcset=\"https:\/\/www.oriolmorte.com\/wp-content\/uploads\/2012\/10\/MG_8655_oriol_morte_featured_blog1-scaled.jpg 2560w, https:\/\/www.oriolmorte.com\/wp-content\/uploads\/2012\/10\/MG_8655_oriol_morte_featured_blog1-600x400.jpg 600w, https:\/\/www.oriolmorte.com\/wp-content\/uploads\/2012\/10\/MG_8655_oriol_morte_featured_blog1-710x473.jpg 710w, https:\/\/www.oriolmorte.com\/wp-content\/uploads\/2012\/10\/MG_8655_oriol_morte_featured_blog1-900x600.jpg 900w, https:\/\/www.oriolmorte.com\/wp-content\/uploads\/2012\/10\/MG_8655_oriol_morte_featured_blog1-1500x1000.jpg 1500w, https:\/\/www.oriolmorte.com\/wp-content\/uploads\/2012\/10\/MG_8655_oriol_morte_featured_blog1-705x470.jpg 705w\" sizes=\"(max-width: 1400px) 100vw, 1400px\" alt=\"\" \/><\/a><\/div><div class=\"entry-blog-contents-wrap clearfix\">\n\t\t\t<div class=\"entry-post-title\">\n\t\t\t<h2>\n\t\t\t<a class=\"postformat_standard\" href=\"https:\/\/www.oriolmorte.com\/es\/2012\/10\/07\/welcome-melbourne-australia\/\" rel=\"bookmark\">Welcome to Melbourne, Australia!<\/a>\n\t\t\t<\/h2>\n\t\t\t<\/div>\n\t\t\t\t<div class=\"postsummarywrap fullpage-item\">\n\t\t\t<div class=\"datecomment clearfix\">\n\t\t\t\t\t<div class=\"post-single-meta-group-one\">\n\t\t\t\t\t\t\t\t\t<span class=\"post-single-meta post-single-meta-author\">\n\t\t\t\t\t<i class=\"feather-icon-head\"><\/i>\n\t\t\t\t\t<span class=\"post-meta-author\">\n\t\t\t\t\t\tOriol Morte\t\t\t\t\t<\/span>\n\t\t\t\t\t<\/span>\n\t\t\t\t\t\t\t\t\t\t<span class=\"post-single-meta post-single-meta-date\">\n\t\t\t\t\t\t<span class=\"post-meta-time\">\n\t\t\t\t\t\t<i class=\"feather-icon-clock\"><\/i>\n\t\t\t\t\t\t<span class=\"date updated\">07\/10\/2012<\/span>\t\t\t\t\t\t<\/span>\n\t\t\t\t\t<\/span>\n\t\t\t\t\t\t\t\t<\/div>\n\t\t\t<div class=\"post-single-meta-group-two\">\n\t\t\t\t\t\t\t\t\t<span class=\"post-single-meta post-meta-category post-single-meta-category\">\n\t\t\t\t\t<i class=\"feather-icon-grid\"><\/i>\n\t\t\t\t\t<a href=\"https:\/\/www.oriolmorte.com\/es\/categoria\/paisaje\/\" rel=\"category tag\">Paisaje<\/a> \/ <a href=\"https:\/\/www.oriolmorte.com\/es\/categoria\/tecnica\/\" rel=\"category tag\">T\u00e9cnica<\/a> \/ <a href=\"https:\/\/www.oriolmorte.com\/es\/categoria\/paisaje\/viajes-es\/\" rel=\"category tag\">Viajes<\/a>\t\t\t\t\t<\/span>\n\t\t\t\t\t\t\t\t<\/div>\n\t\t<\/div>\n\t<\/div>\n\t<div class=\"postsummary-spacing\"><p>Welcome to Melbourne, Australia fueron los primeros mensajes que pude leer en tierras australianas. El pasado 4 de octubre llegu\u00e9 a Australia para pasar una temporada con unos cuantos proyectos art\u00edsticos en mente sobre fotograf\u00eda y visuales. He dejado atr\u00e1s Barcelona unos meses y tengo intenci\u00f3n de aprovechar al m\u00e1ximo la estancia. Mis intenciones en australia tienen mucho que ver con la fotograf\u00eda y es por eso que me he llevado alg\u00fan que otro equipo conmigo salvando como pude las [\u2026]<\/p>\n<\/div><a class=\"theme-btn-link\" href=\"https:\/\/www.oriolmorte.com\/es\/2012\/10\/07\/welcome-melbourne-australia\/\"><div class=\"theme-btn theme-btn-outline-primary theme-hover-arrow\">Continue Reading<\/div><\/a><\/div>\n<\/div>\n<\/div>\n<\/div>\n<\/div>\n\t\t<\/div>\n\t\t\t\t<div class=\"entry-content-wrapper\">\n\t\t\t<div class=\"topseperator entry-wrapper post-standard-wrapper clearfix\">\n<div class=\"blog-content-section\">\n<div id=\"post-2777\" class=\"post-2777 post type-post status-publish format-standard has-post-thumbnail hentry category-retrato category-tecnica\">\n<div class=\"entry-content postformat_contents post-display-excerpt clearfix\">\n<div class=\"post-format-media\"><a href=\"https:\/\/www.oriolmorte.com\/es\/2012\/03\/18\/sesion-de-fotos-con-irene-espejo-en-estudio-y-making-of\/\"><img decoding=\"async\" src=\"https:\/\/www.oriolmorte.com\/wp-content\/uploads\/2012\/03\/MG_8138-Edit_oriol_morte_featured_blog-scaled.jpg\" srcset=\"https:\/\/www.oriolmorte.com\/wp-content\/uploads\/2012\/03\/MG_8138-Edit_oriol_morte_featured_blog-scaled.jpg 2560w, https:\/\/www.oriolmorte.com\/wp-content\/uploads\/2012\/03\/MG_8138-Edit_oriol_morte_featured_blog-600x400.jpg 600w, https:\/\/www.oriolmorte.com\/wp-content\/uploads\/2012\/03\/MG_8138-Edit_oriol_morte_featured_blog-710x473.jpg 710w, https:\/\/www.oriolmorte.com\/wp-content\/uploads\/2012\/03\/MG_8138-Edit_oriol_morte_featured_blog-900x600.jpg 900w, https:\/\/www.oriolmorte.com\/wp-content\/uploads\/2012\/03\/MG_8138-Edit_oriol_morte_featured_blog-1500x1000.jpg 1500w, https:\/\/www.oriolmorte.com\/wp-content\/uploads\/2012\/03\/MG_8138-Edit_oriol_morte_featured_blog-705x470.jpg 705w\" sizes=\"(max-width: 1400px) 100vw, 1400px\" alt=\"Sesi\u00f3n de fotos con Iren Mirror\" \/><\/a><\/div><div class=\"entry-blog-contents-wrap clearfix\">\n\t\t\t<div class=\"entry-post-title\">\n\t\t\t<h2>\n\t\t\t<a class=\"postformat_standard\" href=\"https:\/\/www.oriolmorte.com\/es\/2012\/03\/18\/sesion-de-fotos-con-irene-espejo-en-estudio-y-making-of\/\" rel=\"bookmark\">Sesi\u00f3n de fotos con Irene Espejo en estudio y making of<\/a>\n\t\t\t<\/h2>\n\t\t\t<\/div>\n\t\t\t\t<div class=\"postsummarywrap fullpage-item\">\n\t\t\t<div class=\"datecomment clearfix\">\n\t\t\t\t\t<div class=\"post-single-meta-group-one\">\n\t\t\t\t\t\t\t\t\t<span class=\"post-single-meta post-single-meta-author\">\n\t\t\t\t\t<i class=\"feather-icon-head\"><\/i>\n\t\t\t\t\t<span class=\"post-meta-author\">\n\t\t\t\t\t\tOriol Morte\t\t\t\t\t<\/span>\n\t\t\t\t\t<\/span>\n\t\t\t\t\t\t\t\t\t\t<span class=\"post-single-meta post-single-meta-date\">\n\t\t\t\t\t\t<span class=\"post-meta-time\">\n\t\t\t\t\t\t<i class=\"feather-icon-clock\"><\/i>\n\t\t\t\t\t\t<span class=\"date updated\">18\/03\/2012<\/span>\t\t\t\t\t\t<\/span>\n\t\t\t\t\t<\/span>\n\t\t\t\t\t\t\t\t<\/div>\n\t\t\t<div class=\"post-single-meta-group-two\">\n\t\t\t\t\t\t\t\t\t<span class=\"post-single-meta post-meta-category post-single-meta-category\">\n\t\t\t\t\t<i class=\"feather-icon-grid\"><\/i>\n\t\t\t\t\t<a href=\"https:\/\/www.oriolmorte.com\/es\/categoria\/retrato\/\" rel=\"category tag\">Retrato<\/a> \/ <a href=\"https:\/\/www.oriolmorte.com\/es\/categoria\/tecnica\/\" rel=\"category tag\">T\u00e9cnica<\/a>\t\t\t\t\t<\/span>\n\t\t\t\t\t\t\t\t\t\t\t<span class=\"post-single-meta post-single-meta-comment\">\n\t\t\t\t\t\t\t<span class=\"post-meta-comment\">\n\t\t\t\t\t\t\t<i class=\"feather-icon-speech-bubble\"><\/i>\n\t\t\t\t\t\t\t<a href=\"https:\/\/www.oriolmorte.com\/es\/2012\/03\/18\/sesion-de-fotos-con-irene-espejo-en-estudio-y-making-of\/#respond\">0<\/a>\t\t\t\t\t\t\t<\/span>\n\t\t\t\t\t\t<\/span>\n\t\t\t\t\t\t\t\t\t<\/div>\n\t\t<\/div>\n\t<\/div>\n\t<div class=\"postsummary-spacing\"><p>Quienes ya conocen un poco mi portfolio sabr\u00e1n que no es la primera sesi\u00f3n de fotos con Irene Espejo. La primera fue en 2008, resultando fruto del trabajo de todo el equipo en unas muy buenas fotos y experiencia. A partir de ah\u00ed, con los buenos precedentes, manteniendo el contacto, decidimos volver a encontrarnos con la c\u00e1mara y los flashes para ampliar nuestros respectivos portfolios. Ha sido muy f\u00e1cil trabajar con ella tanto por el trato como su facilidad y [\u2026]<\/p>\n<\/div><a class=\"theme-btn-link\" href=\"https:\/\/www.oriolmorte.com\/es\/2012\/03\/18\/sesion-de-fotos-con-irene-espejo-en-estudio-y-making-of\/\"><div class=\"theme-btn theme-btn-outline-primary theme-hover-arrow\">Continue Reading<\/div><\/a><\/div>\n<\/div>\n<\/div>\n<\/div>\n<\/div>\n\t\t<\/div>\n\t\t\t\t<div class=\"entry-content-wrapper\">\n\t\t\t<div class=\"topseperator entry-wrapper post-standard-wrapper clearfix\">\n<div class=\"blog-content-section\">\n<div id=\"post-6846\" class=\"post-6846 post type-post status-publish format-standard has-post-thumbnail hentry category-tecnica tag-1dx-es tag-canon-es\">\n<div class=\"entry-content postformat_contents post-display-excerpt clearfix\">\n<div class=\"post-format-media\"><a href=\"https:\/\/www.oriolmorte.com\/es\/2012\/03\/16\/presentacion-de-canon-1dx-y-canon-5dmk3-en-casanova-foto-mis-sensaciones\/\"><img decoding=\"async\" src=\"https:\/\/www.oriolmorte.com\/wp-content\/uploads\/2012\/03\/5dmk2_and_1dx_oriol_morte_featured_blog-scaled.jpg\" srcset=\"https:\/\/www.oriolmorte.com\/wp-content\/uploads\/2012\/03\/5dmk2_and_1dx_oriol_morte_featured_blog-scaled.jpg 2560w, https:\/\/www.oriolmorte.com\/wp-content\/uploads\/2012\/03\/5dmk2_and_1dx_oriol_morte_featured_blog-600x400.jpg 600w, https:\/\/www.oriolmorte.com\/wp-content\/uploads\/2012\/03\/5dmk2_and_1dx_oriol_morte_featured_blog-710x473.jpg 710w, https:\/\/www.oriolmorte.com\/wp-content\/uploads\/2012\/03\/5dmk2_and_1dx_oriol_morte_featured_blog-900x600.jpg 900w, https:\/\/www.oriolmorte.com\/wp-content\/uploads\/2012\/03\/5dmk2_and_1dx_oriol_morte_featured_blog-1500x1000.jpg 1500w, https:\/\/www.oriolmorte.com\/wp-content\/uploads\/2012\/03\/5dmk2_and_1dx_oriol_morte_featured_blog-705x470.jpg 705w\" sizes=\"(max-width: 1400px) 100vw, 1400px\" alt=\"Presentaci\u00f3n Canon 1DX y 5Dmark3\" \/><\/a><\/div><div class=\"entry-blog-contents-wrap clearfix\">\n\t\t\t<div class=\"entry-post-title\">\n\t\t\t<h2>\n\t\t\t<a class=\"postformat_standard\" href=\"https:\/\/www.oriolmorte.com\/es\/2012\/03\/16\/presentacion-de-canon-1dx-y-canon-5dmk3-en-casanova-foto-mis-sensaciones\/\" rel=\"bookmark\">Presentaci\u00f3n de Canon 1DX y Canon 5Dmk3 en Casanova foto, mis sensaciones<\/a>\n\t\t\t<\/h2>\n\t\t\t<\/div>\n\t\t\t\t<div class=\"postsummarywrap fullpage-item\">\n\t\t\t<div class=\"datecomment clearfix\">\n\t\t\t\t\t<div class=\"post-single-meta-group-one\">\n\t\t\t\t\t\t\t\t\t<span class=\"post-single-meta post-single-meta-author\">\n\t\t\t\t\t<i class=\"feather-icon-head\"><\/i>\n\t\t\t\t\t<span class=\"post-meta-author\">\n\t\t\t\t\t\tOriol Morte\t\t\t\t\t<\/span>\n\t\t\t\t\t<\/span>\n\t\t\t\t\t\t\t\t\t\t<span class=\"post-single-meta post-single-meta-date\">\n\t\t\t\t\t\t<span class=\"post-meta-time\">\n\t\t\t\t\t\t<i class=\"feather-icon-clock\"><\/i>\n\t\t\t\t\t\t<span class=\"date updated\">16\/03\/2012<\/span>\t\t\t\t\t\t<\/span>\n\t\t\t\t\t<\/span>\n\t\t\t\t\t\t\t\t<\/div>\n\t\t\t<div class=\"post-single-meta-group-two\">\n\t\t\t\t\t\t\t\t\t<span class=\"post-single-meta post-meta-category post-single-meta-category\">\n\t\t\t\t\t<i class=\"feather-icon-grid\"><\/i>\n\t\t\t\t\t<a href=\"https:\/\/www.oriolmorte.com\/es\/categoria\/tecnica\/\" rel=\"category tag\">T\u00e9cnica<\/a>\t\t\t\t\t<\/span>\n\t\t\t\t\t\t\t\t<\/div>\n\t\t<\/div>\n\t<\/div>\n\t<div class=\"postsummary-spacing\"><p>Hoy he asistido y como reportero de Caborian a la presentaci\u00f3n de Canon 1DX y Canon\u00a05Dmk3, nuevas c\u00e1maras fotogr\u00e1ficas profesionales, \u00a0invitado por Casanova Foto en sus instalaciones de Ronda Universitat 35 (Barcelona). Ya asist\u00ed en el pasado en una presentaci\u00f3n donde se hablaba de algunas de las novedades del producto estrella de la marca en fotograf\u00eda digital, la Canon 1DX. Esta vez ya pude ver y tocar una unidad de cada modelo para ver en \u00abcarne y hueso\u00bb qu\u00e9 aspecto [\u2026]<\/p>\n<\/div><a class=\"theme-btn-link\" href=\"https:\/\/www.oriolmorte.com\/es\/2012\/03\/16\/presentacion-de-canon-1dx-y-canon-5dmk3-en-casanova-foto-mis-sensaciones\/\"><div class=\"theme-btn theme-btn-outline-primary theme-hover-arrow\">Continue Reading<\/div><\/a><\/div>\n<\/div>\n<\/div>\n<\/div>\n<\/div>\n\t\t<\/div>\n\t\t\t\t<div class=\"entry-content-wrapper\">\n\t\t\t<div class=\"topseperator entry-wrapper post-standard-wrapper clearfix\">\n<div class=\"blog-content-section\">\n<div id=\"post-6842\" class=\"post-6842 post type-post status-publish format-standard has-post-thumbnail hentry category-publicaciones-es\">\n<div class=\"entry-content postformat_contents post-display-excerpt clearfix\">\n<div class=\"post-format-media\"><a href=\"https:\/\/www.oriolmorte.com\/es\/2012\/02\/28\/nuevas-tarjetas-de-visita-en-moo-con-el-nuevo-logo-y-la-nueva-web-2\/\"><img decoding=\"async\" src=\"https:\/\/www.oriolmorte.com\/wp-content\/uploads\/2012\/02\/presentacio_targetes_01_2012_blog_oriol_morte_featured_blog-scaled.jpg\" srcset=\"https:\/\/www.oriolmorte.com\/wp-content\/uploads\/2012\/02\/presentacio_targetes_01_2012_blog_oriol_morte_featured_blog-scaled.jpg 2560w, https:\/\/www.oriolmorte.com\/wp-content\/uploads\/2012\/02\/presentacio_targetes_01_2012_blog_oriol_morte_featured_blog-600x400.jpg 600w, https:\/\/www.oriolmorte.com\/wp-content\/uploads\/2012\/02\/presentacio_targetes_01_2012_blog_oriol_morte_featured_blog-710x473.jpg 710w, https:\/\/www.oriolmorte.com\/wp-content\/uploads\/2012\/02\/presentacio_targetes_01_2012_blog_oriol_morte_featured_blog-900x600.jpg 900w, https:\/\/www.oriolmorte.com\/wp-content\/uploads\/2012\/02\/presentacio_targetes_01_2012_blog_oriol_morte_featured_blog-1500x1000.jpg 1500w, https:\/\/www.oriolmorte.com\/wp-content\/uploads\/2012\/02\/presentacio_targetes_01_2012_blog_oriol_morte_featured_blog-705x470.jpg 705w\" sizes=\"(max-width: 1400px) 100vw, 1400px\" alt=\"\" \/><\/a><\/div><div class=\"entry-blog-contents-wrap clearfix\">\n\t\t\t<div class=\"entry-post-title\">\n\t\t\t<h2>\n\t\t\t<a class=\"postformat_standard\" href=\"https:\/\/www.oriolmorte.com\/es\/2012\/02\/28\/nuevas-tarjetas-de-visita-en-moo-con-el-nuevo-logo-y-la-nueva-web-2\/\" rel=\"bookmark\">Nuevas tarjetas de visita en Moo con el nuevo logo y la nueva web<\/a>\n\t\t\t<\/h2>\n\t\t\t<\/div>\n\t\t\t\t<div class=\"postsummarywrap fullpage-item\">\n\t\t\t<div class=\"datecomment clearfix\">\n\t\t\t\t\t<div class=\"post-single-meta-group-one\">\n\t\t\t\t\t\t\t\t\t<span class=\"post-single-meta post-single-meta-author\">\n\t\t\t\t\t<i class=\"feather-icon-head\"><\/i>\n\t\t\t\t\t<span class=\"post-meta-author\">\n\t\t\t\t\t\tOriol Morte\t\t\t\t\t<\/span>\n\t\t\t\t\t<\/span>\n\t\t\t\t\t\t\t\t\t\t<span class=\"post-single-meta post-single-meta-date\">\n\t\t\t\t\t\t<span class=\"post-meta-time\">\n\t\t\t\t\t\t<i class=\"feather-icon-clock\"><\/i>\n\t\t\t\t\t\t<span class=\"date updated\">28\/02\/2012<\/span>\t\t\t\t\t\t<\/span>\n\t\t\t\t\t<\/span>\n\t\t\t\t\t\t\t\t<\/div>\n\t\t\t<div class=\"post-single-meta-group-two\">\n\t\t\t\t\t\t\t\t\t<span class=\"post-single-meta post-meta-category post-single-meta-category\">\n\t\t\t\t\t<i class=\"feather-icon-grid\"><\/i>\n\t\t\t\t\t<a href=\"https:\/\/www.oriolmorte.com\/es\/categoria\/publicaciones-es\/\" rel=\"category tag\">Publicaciones<\/a>\t\t\t\t\t<\/span>\n\t\t\t\t\t\t\t\t<\/div>\n\t\t<\/div>\n\t<\/div>\n\t<div class=\"postsummary-spacing\"><p>Hace unos d\u00edas, proces\u00e9 mi pedido de nuevas tarjetas de visita en Moo. Desde que dej\u00e9 atr\u00e1s la web de lostlight-photo para dar lugar a la presente web de oriolmorte.com, las tarjetas que ten\u00eda de visita quedaron \u00abobsoletas\u00bb y despu\u00e9s de ver muchas opciones al final me decid\u00ed trabajar con la gente de Moo, que me ofrec\u00eda unas posibilidades y formatos muy interesantes a un precio contenido. Lo mejor ha sido la oportunidad de crear muchos dise\u00f1os distintos sin sobrecoste [\u2026]<\/p>\n<\/div><a class=\"theme-btn-link\" href=\"https:\/\/www.oriolmorte.com\/es\/2012\/02\/28\/nuevas-tarjetas-de-visita-en-moo-con-el-nuevo-logo-y-la-nueva-web-2\/\"><div class=\"theme-btn theme-btn-outline-primary theme-hover-arrow\">Continue Reading<\/div><\/a><\/div>\n<\/div>\n<\/div>\n<\/div>\n<\/div>\n\t\t<\/div>\n\t\t\t\t<div class=\"entry-content-wrapper\">\n\t\t\t<div class=\"topseperator entry-wrapper post-standard-wrapper clearfix\">\n<div class=\"blog-content-section\">\n<div id=\"post-1242\" class=\"post-1242 post type-post status-publish format-standard has-post-thumbnail hentry category-retrato\">\n<div class=\"entry-content postformat_contents post-display-excerpt clearfix\">\n<div class=\"post-format-media\"><a href=\"https:\/\/www.oriolmorte.com\/es\/2012\/02\/24\/sesion-de-fotos-en-estudio-con-andrea-ruiz\/\"><img decoding=\"async\" src=\"https:\/\/www.oriolmorte.com\/wp-content\/uploads\/2012\/02\/MG_7431-Edit_oriol_morte_featured_blog1-scaled.jpg\" srcset=\"https:\/\/www.oriolmorte.com\/wp-content\/uploads\/2012\/02\/MG_7431-Edit_oriol_morte_featured_blog1-scaled.jpg 2560w, https:\/\/www.oriolmorte.com\/wp-content\/uploads\/2012\/02\/MG_7431-Edit_oriol_morte_featured_blog1-600x400.jpg 600w, https:\/\/www.oriolmorte.com\/wp-content\/uploads\/2012\/02\/MG_7431-Edit_oriol_morte_featured_blog1-710x473.jpg 710w, https:\/\/www.oriolmorte.com\/wp-content\/uploads\/2012\/02\/MG_7431-Edit_oriol_morte_featured_blog1-900x600.jpg 900w, https:\/\/www.oriolmorte.com\/wp-content\/uploads\/2012\/02\/MG_7431-Edit_oriol_morte_featured_blog1-1500x1000.jpg 1500w, https:\/\/www.oriolmorte.com\/wp-content\/uploads\/2012\/02\/MG_7431-Edit_oriol_morte_featured_blog1-705x470.jpg 705w\" sizes=\"(max-width: 1400px) 100vw, 1400px\" alt=\"Andrea Ruiz Studio Photoshoot\" \/><\/a><\/div><div class=\"entry-blog-contents-wrap clearfix\">\n\t\t\t<div class=\"entry-post-title\">\n\t\t\t<h2>\n\t\t\t<a class=\"postformat_standard\" href=\"https:\/\/www.oriolmorte.com\/es\/2012\/02\/24\/sesion-de-fotos-en-estudio-con-andrea-ruiz\/\" rel=\"bookmark\">Sesi\u00f3n de fotos en estudio con Andrea Ruiz<\/a>\n\t\t\t<\/h2>\n\t\t\t<\/div>\n\t\t\t\t<div class=\"postsummarywrap fullpage-item\">\n\t\t\t<div class=\"datecomment clearfix\">\n\t\t\t\t\t<div class=\"post-single-meta-group-one\">\n\t\t\t\t\t\t\t\t\t<span class=\"post-single-meta post-single-meta-author\">\n\t\t\t\t\t<i class=\"feather-icon-head\"><\/i>\n\t\t\t\t\t<span class=\"post-meta-author\">\n\t\t\t\t\t\tadmin\t\t\t\t\t<\/span>\n\t\t\t\t\t<\/span>\n\t\t\t\t\t\t\t\t\t\t<span class=\"post-single-meta post-single-meta-date\">\n\t\t\t\t\t\t<span class=\"post-meta-time\">\n\t\t\t\t\t\t<i class=\"feather-icon-clock\"><\/i>\n\t\t\t\t\t\t<span class=\"date updated\">24\/02\/2012<\/span>\t\t\t\t\t\t<\/span>\n\t\t\t\t\t<\/span>\n\t\t\t\t\t\t\t\t<\/div>\n\t\t\t<div class=\"post-single-meta-group-two\">\n\t\t\t\t\t\t\t\t\t<span class=\"post-single-meta post-meta-category post-single-meta-category\">\n\t\t\t\t\t<i class=\"feather-icon-grid\"><\/i>\n\t\t\t\t\t<a href=\"https:\/\/www.oriolmorte.com\/es\/categoria\/retrato\/\" rel=\"category tag\">Retrato<\/a>\t\t\t\t\t<\/span>\n\t\t\t\t\t\t\t\t\t\t\t<span class=\"post-single-meta post-single-meta-comment\">\n\t\t\t\t\t\t\t<span class=\"post-meta-comment\">\n\t\t\t\t\t\t\t<i class=\"feather-icon-speech-bubble\"><\/i>\n\t\t\t\t\t\t\t<a href=\"https:\/\/www.oriolmorte.com\/es\/2012\/02\/24\/sesion-de-fotos-en-estudio-con-andrea-ruiz\/#comments\">1<\/a>\t\t\t\t\t\t\t<\/span>\n\t\t\t\t\t\t<\/span>\n\t\t\t\t\t\t\t\t\t<\/div>\n\t\t<\/div>\n\t<\/div>\n\t<div class=\"postsummary-spacing\"><p>El pasado mes de enero realizamos con Andrea Ruiz una sesi\u00f3n de fotos en estudio\/interior. Despu\u00e9s de semanas de trabajo, preparaci\u00f3n y algunos test lleg\u00f3 la primera de una serie de sesiones de fotos que plane\u00e9 para mejorar y completar mi portfolio. Contact\u00e9 con Andrea v\u00eda\u00a0Fotoplatino\u00a0y finalmente, despu\u00e9s de comentar todos los detalles de maquillaje, estilismo y tem\u00e1tica hicimos las fotos. Dividimos en dos jornadas distintas por motivos de agenda y de esta forma ayud\u00f3 tambi\u00e9n a realizar todos los [\u2026]<\/p>\n<\/div><a class=\"theme-btn-link\" href=\"https:\/\/www.oriolmorte.com\/es\/2012\/02\/24\/sesion-de-fotos-en-estudio-con-andrea-ruiz\/\"><div class=\"theme-btn theme-btn-outline-primary theme-hover-arrow\">Continue Reading<\/div><\/a><\/div>\n<\/div>\n<\/div>\n<\/div>\n<\/div>\n\t\t<\/div>\n\t\t\t\t<div class=\"entry-content-wrapper\">\n\t\t\t<div class=\"topseperator entry-wrapper post-standard-wrapper clearfix\">\n<div class=\"blog-content-section\">\n<div id=\"post-2772\" class=\"post-2772 post type-post status-publish format-standard has-post-thumbnail hentry category-deportes category-espectaculos category-tecnica tag-fotoperiodismo\">\n<div class=\"entry-content postformat_contents post-display-excerpt clearfix\">\n<div class=\"post-format-media\"><a href=\"https:\/\/www.oriolmorte.com\/es\/2012\/02\/23\/fotografiar-en-el-camp-nou-como-fotografo-oficial-al-lado-de-leo-messi\/\"><img decoding=\"async\" src=\"https:\/\/www.oriolmorte.com\/wp-content\/uploads\/2012\/02\/MG_7143_oriol_morte_featured_blog-scaled.jpg\" srcset=\"https:\/\/www.oriolmorte.com\/wp-content\/uploads\/2012\/02\/MG_7143_oriol_morte_featured_blog-scaled.jpg 2560w, https:\/\/www.oriolmorte.com\/wp-content\/uploads\/2012\/02\/MG_7143_oriol_morte_featured_blog-600x400.jpg 600w, https:\/\/www.oriolmorte.com\/wp-content\/uploads\/2012\/02\/MG_7143_oriol_morte_featured_blog-710x473.jpg 710w, https:\/\/www.oriolmorte.com\/wp-content\/uploads\/2012\/02\/MG_7143_oriol_morte_featured_blog-900x600.jpg 900w, https:\/\/www.oriolmorte.com\/wp-content\/uploads\/2012\/02\/MG_7143_oriol_morte_featured_blog-1500x1000.jpg 1500w, https:\/\/www.oriolmorte.com\/wp-content\/uploads\/2012\/02\/MG_7143_oriol_morte_featured_blog-705x470.jpg 705w\" sizes=\"(max-width: 1400px) 100vw, 1400px\" alt=\"\" \/><\/a><\/div><div class=\"entry-blog-contents-wrap clearfix\">\n\t\t\t<div class=\"entry-post-title\">\n\t\t\t<h2>\n\t\t\t<a class=\"postformat_standard\" href=\"https:\/\/www.oriolmorte.com\/es\/2012\/02\/23\/fotografiar-en-el-camp-nou-como-fotografo-oficial-al-lado-de-leo-messi\/\" rel=\"bookmark\">C\u00f3mo es fotografiar en el Camp Nou como fot\u00f3grafo oficial al lado de Leo Messi<\/a>\n\t\t\t<\/h2>\n\t\t\t<\/div>\n\t\t\t\t<div class=\"postsummarywrap fullpage-item\">\n\t\t\t<div class=\"datecomment clearfix\">\n\t\t\t\t\t<div class=\"post-single-meta-group-one\">\n\t\t\t\t\t\t\t\t\t<span class=\"post-single-meta post-single-meta-author\">\n\t\t\t\t\t<i class=\"feather-icon-head\"><\/i>\n\t\t\t\t\t<span class=\"post-meta-author\">\n\t\t\t\t\t\tOriol Morte\t\t\t\t\t<\/span>\n\t\t\t\t\t<\/span>\n\t\t\t\t\t\t\t\t\t\t<span class=\"post-single-meta post-single-meta-date\">\n\t\t\t\t\t\t<span class=\"post-meta-time\">\n\t\t\t\t\t\t<i class=\"feather-icon-clock\"><\/i>\n\t\t\t\t\t\t<span class=\"date updated\">23\/02\/2012<\/span>\t\t\t\t\t\t<\/span>\n\t\t\t\t\t<\/span>\n\t\t\t\t\t\t\t\t<\/div>\n\t\t\t<div class=\"post-single-meta-group-two\">\n\t\t\t\t\t\t\t\t\t<span class=\"post-single-meta post-meta-category post-single-meta-category\">\n\t\t\t\t\t<i class=\"feather-icon-grid\"><\/i>\n\t\t\t\t\t<a href=\"https:\/\/www.oriolmorte.com\/es\/categoria\/espectaculos\/deportes\/\" rel=\"category tag\">Deportes<\/a> \/ <a href=\"https:\/\/www.oriolmorte.com\/es\/categoria\/espectaculos\/\" rel=\"category tag\">Espect\u00e1culos<\/a> \/ <a href=\"https:\/\/www.oriolmorte.com\/es\/categoria\/tecnica\/\" rel=\"category tag\">T\u00e9cnica<\/a>\t\t\t\t\t<\/span>\n\t\t\t\t\t\t\t\t\t\t\t<span class=\"post-single-meta post-single-meta-comment\">\n\t\t\t\t\t\t\t<span class=\"post-meta-comment\">\n\t\t\t\t\t\t\t<i class=\"feather-icon-speech-bubble\"><\/i>\n\t\t\t\t\t\t\t<a href=\"https:\/\/www.oriolmorte.com\/es\/2012\/02\/23\/fotografiar-en-el-camp-nou-como-fotografo-oficial-al-lado-de-leo-messi\/#respond\">0<\/a>\t\t\t\t\t\t\t<\/span>\n\t\t\t\t\t\t<\/span>\n\t\t\t\t\t\t\t\t\t<\/div>\n\t\t<\/div>\n\t<\/div>\n\t<div class=\"postsummary-spacing\"><p>Hace unas semanas, Fernando, amigo y compa\u00f1ero fot\u00f3grafo me pidi\u00f3 hacer una sustituci\u00f3n para cubrirle en el partido de Copa del Rey en el Camp Nou entre el F.C.Barcelona y el C.A. Osasuna el pasado 4 de enero. Era la primera vez que se me presentaba una oportunidad como esta de fotografiar en el Camp Nou, aun y viviendo en Barcelona hasta la fecha no me fue posible. Entre las indicaciones que me di\u00f3 Fernando y otro fot\u00f3grafo que ya [\u2026]<\/p>\n<\/div><a class=\"theme-btn-link\" href=\"https:\/\/www.oriolmorte.com\/es\/2012\/02\/23\/fotografiar-en-el-camp-nou-como-fotografo-oficial-al-lado-de-leo-messi\/\"><div class=\"theme-btn theme-btn-outline-primary theme-hover-arrow\">Continue Reading<\/div><\/a><\/div>\n<\/div>\n<\/div>\n<\/div>\n<\/div>\n\t\t<\/div>\n\t\t\t\t<div class=\"entry-content-wrapper\">\n\t\t\t<div class=\"topseperator entry-wrapper post-standard-wrapper clearfix\">\n<div class=\"blog-content-section\">\n<div id=\"post-6810\" class=\"post-6810 post type-post status-publish format-standard has-post-thumbnail hentry category-espectaculos tag-barcelona-es tag-fuegos-artificiales\">\n<div class=\"entry-content postformat_contents post-display-excerpt clearfix\">\n<div class=\"post-format-media\"><a href=\"https:\/\/www.oriolmorte.com\/es\/2012\/01\/05\/piromusical-de-barcelona-la-merce-2011-2\/\"><img decoding=\"async\" src=\"https:\/\/www.oriolmorte.com\/wp-content\/uploads\/2012\/01\/MG_1271_oriol_morte_featured_blog-scaled.jpg\" srcset=\"https:\/\/www.oriolmorte.com\/wp-content\/uploads\/2012\/01\/MG_1271_oriol_morte_featured_blog-scaled.jpg 2560w, https:\/\/www.oriolmorte.com\/wp-content\/uploads\/2012\/01\/MG_1271_oriol_morte_featured_blog-600x300.jpg 600w, https:\/\/www.oriolmorte.com\/wp-content\/uploads\/2012\/01\/MG_1271_oriol_morte_featured_blog-710x355.jpg 710w, https:\/\/www.oriolmorte.com\/wp-content\/uploads\/2012\/01\/MG_1271_oriol_morte_featured_blog-1030x515.jpg 1030w, https:\/\/www.oriolmorte.com\/wp-content\/uploads\/2012\/01\/MG_1271_oriol_morte_featured_blog-1500x750.jpg 1500w, https:\/\/www.oriolmorte.com\/wp-content\/uploads\/2012\/01\/MG_1271_oriol_morte_featured_blog-705x352.jpg 705w\" sizes=\"(max-width: 1400px) 100vw, 1400px\" alt=\"\" \/><\/a><\/div><div class=\"entry-blog-contents-wrap clearfix\">\n\t\t\t<div class=\"entry-post-title\">\n\t\t\t<h2>\n\t\t\t<a class=\"postformat_standard\" href=\"https:\/\/www.oriolmorte.com\/es\/2012\/01\/05\/piromusical-de-barcelona-la-merce-2011-2\/\" rel=\"bookmark\">Piromusical de Barcelona, La Merc\u00e8 2011<\/a>\n\t\t\t<\/h2>\n\t\t\t<\/div>\n\t\t\t\t<div class=\"postsummarywrap fullpage-item\">\n\t\t\t<div class=\"datecomment clearfix\">\n\t\t\t\t\t<div class=\"post-single-meta-group-one\">\n\t\t\t\t\t\t\t\t\t<span class=\"post-single-meta post-single-meta-author\">\n\t\t\t\t\t<i class=\"feather-icon-head\"><\/i>\n\t\t\t\t\t<span class=\"post-meta-author\">\n\t\t\t\t\t\tOriol Morte\t\t\t\t\t<\/span>\n\t\t\t\t\t<\/span>\n\t\t\t\t\t\t\t\t\t\t<span class=\"post-single-meta post-single-meta-date\">\n\t\t\t\t\t\t<span class=\"post-meta-time\">\n\t\t\t\t\t\t<i class=\"feather-icon-clock\"><\/i>\n\t\t\t\t\t\t<span class=\"date updated\">05\/01\/2012<\/span>\t\t\t\t\t\t<\/span>\n\t\t\t\t\t<\/span>\n\t\t\t\t\t\t\t\t<\/div>\n\t\t\t<div class=\"post-single-meta-group-two\">\n\t\t\t\t\t\t\t\t\t<span class=\"post-single-meta post-meta-category post-single-meta-category\">\n\t\t\t\t\t<i class=\"feather-icon-grid\"><\/i>\n\t\t\t\t\t<a href=\"https:\/\/www.oriolmorte.com\/es\/categoria\/espectaculos\/\" rel=\"category tag\">Espect\u00e1culos<\/a>\t\t\t\t\t<\/span>\n\t\t\t\t\t\t\t\t\t\t\t<span class=\"post-single-meta post-single-meta-comment\">\n\t\t\t\t\t\t\t<span class=\"post-meta-comment\">\n\t\t\t\t\t\t\t<i class=\"feather-icon-speech-bubble\"><\/i>\n\t\t\t\t\t\t\t<a href=\"https:\/\/www.oriolmorte.com\/es\/2012\/01\/05\/piromusical-de-barcelona-la-merce-2011-2\/#respond\">0<\/a>\t\t\t\t\t\t\t<\/span>\n\t\t\t\t\t\t<\/span>\n\t\t\t\t\t\t\t\t\t<\/div>\n\t\t<\/div>\n\t<\/div>\n\t<div class=\"postsummary-spacing\"><p>Por encargo de Sonostudi, empresa con la que he colaborado estrechamente y tengo una vinculaci\u00f3n en varias \u00e1reas t\u00e9cnicas, este pasado septiembre me encargaron realizar un reportaje de un evento que a\u00f1o tras a\u00f1o re\u00fane a cientos de miles de personas para presenciar el festival piromusical que sirve como colof\u00f3n de final de fiestas de la ciudad de Barcelona. Esta empresa durante muchos a\u00f1os se ha encargado de coordinar y realizar toda la producci\u00f3n t\u00e9cnica de sonido para hacer llegar [\u2026]<\/p>\n<\/div><a class=\"theme-btn-link\" href=\"https:\/\/www.oriolmorte.com\/es\/2012\/01\/05\/piromusical-de-barcelona-la-merce-2011-2\/\"><div class=\"theme-btn theme-btn-outline-primary theme-hover-arrow\">Continue Reading<\/div><\/a><\/div>\n<\/div>\n<\/div>\n<\/div>\n<\/div>\n\t\t<\/div>\n\t\t\t\t<div class=\"entry-content-wrapper\">\n\t\t\t<div class=\"topseperator entry-wrapper post-standard-wrapper clearfix\">\n<div class=\"blog-content-section\">\n<div id=\"post-6806\" class=\"post-6806 post type-post status-publish format-standard has-post-thumbnail hentry category-retrato tag-alba-arnau-es\">\n<div class=\"entry-content postformat_contents post-display-excerpt clearfix\">\n<div class=\"post-format-media\"><a href=\"https:\/\/www.oriolmorte.com\/es\/2012\/01\/04\/sesion-de-fotos-con-alba-arnau-2\/\"><img decoding=\"async\" src=\"https:\/\/www.oriolmorte.com\/wp-content\/uploads\/2012\/01\/MG_0274_oriol_morte_featured_blog-scaled.jpg\" srcset=\"https:\/\/www.oriolmorte.com\/wp-content\/uploads\/2012\/01\/MG_0274_oriol_morte_featured_blog-scaled.jpg 2560w, https:\/\/www.oriolmorte.com\/wp-content\/uploads\/2012\/01\/MG_0274_oriol_morte_featured_blog-600x400.jpg 600w, https:\/\/www.oriolmorte.com\/wp-content\/uploads\/2012\/01\/MG_0274_oriol_morte_featured_blog-710x473.jpg 710w, https:\/\/www.oriolmorte.com\/wp-content\/uploads\/2012\/01\/MG_0274_oriol_morte_featured_blog-900x600.jpg 900w, https:\/\/www.oriolmorte.com\/wp-content\/uploads\/2012\/01\/MG_0274_oriol_morte_featured_blog-1500x1000.jpg 1500w, https:\/\/www.oriolmorte.com\/wp-content\/uploads\/2012\/01\/MG_0274_oriol_morte_featured_blog-705x470.jpg 705w\" sizes=\"(max-width: 1400px) 100vw, 1400px\" alt=\"\" \/><\/a><\/div><div class=\"entry-blog-contents-wrap clearfix\">\n\t\t\t<div class=\"entry-post-title\">\n\t\t\t<h2>\n\t\t\t<a class=\"postformat_standard\" href=\"https:\/\/www.oriolmorte.com\/es\/2012\/01\/04\/sesion-de-fotos-con-alba-arnau-2\/\" rel=\"bookmark\">Sesi\u00f3n de fotos con Alba Arnau<\/a>\n\t\t\t<\/h2>\n\t\t\t<\/div>\n\t\t\t\t<div class=\"postsummarywrap fullpage-item\">\n\t\t\t<div class=\"datecomment clearfix\">\n\t\t\t\t\t<div class=\"post-single-meta-group-one\">\n\t\t\t\t\t\t\t\t\t<span class=\"post-single-meta post-single-meta-author\">\n\t\t\t\t\t<i class=\"feather-icon-head\"><\/i>\n\t\t\t\t\t<span class=\"post-meta-author\">\n\t\t\t\t\t\tOriol Morte\t\t\t\t\t<\/span>\n\t\t\t\t\t<\/span>\n\t\t\t\t\t\t\t\t\t\t<span class=\"post-single-meta post-single-meta-date\">\n\t\t\t\t\t\t<span class=\"post-meta-time\">\n\t\t\t\t\t\t<i class=\"feather-icon-clock\"><\/i>\n\t\t\t\t\t\t<span class=\"date updated\">04\/01\/2012<\/span>\t\t\t\t\t\t<\/span>\n\t\t\t\t\t<\/span>\n\t\t\t\t\t\t\t\t<\/div>\n\t\t\t<div class=\"post-single-meta-group-two\">\n\t\t\t\t\t\t\t\t\t<span class=\"post-single-meta post-meta-category post-single-meta-category\">\n\t\t\t\t\t<i class=\"feather-icon-grid\"><\/i>\n\t\t\t\t\t<a href=\"https:\/\/www.oriolmorte.com\/es\/categoria\/retrato\/\" rel=\"category tag\">Retrato<\/a>\t\t\t\t\t<\/span>\n\t\t\t\t\t\t\t\t<\/div>\n\t\t<\/div>\n\t<\/div>\n\t<div class=\"postsummary-spacing\"><p>Los primeros d\u00edas de verano hice una sesi\u00f3n de fotos con Alba Arnau en el estudio de Moi\u00e0 donde ya pasaron anteriormente Lina Forero, Laia Pons y Vanessa Cots. Hac\u00eda ya 2 o 3 a\u00f1os que hab\u00edamos hablado con Alba de hacer esta sesi\u00f3n y finalmente la materializamos. En la sesi\u00f3n nos acompa\u00f1\u00f3 una buena amiga suya, Mar\u00eda Torres, quien tambien se aventur\u00f3 a coger la c\u00e1mara un rato y tambien hacer de modelo. La primera parte de la sesi\u00f3n [\u2026]<\/p>\n<\/div><a class=\"theme-btn-link\" href=\"https:\/\/www.oriolmorte.com\/es\/2012\/01\/04\/sesion-de-fotos-con-alba-arnau-2\/\"><div class=\"theme-btn theme-btn-outline-primary theme-hover-arrow\">Continue Reading<\/div><\/a><\/div>\n<\/div>\n<\/div>\n<\/div>\n<\/div>\n\t\t<\/div>\n\t\t\t\t<div class=\"entry-content-wrapper\">\n\t\t\t<div class=\"topseperator entry-wrapper post-standard-wrapper clearfix\">\n<div class=\"blog-content-section\">\n<div id=\"post-6802\" class=\"post-6802 post type-post status-publish format-standard has-post-thumbnail hentry category-espectaculos category-paisaje\">\n<div class=\"entry-content postformat_contents post-display-excerpt clearfix\">\n<div class=\"post-format-media\"><a href=\"https:\/\/www.oriolmorte.com\/es\/2011\/07\/16\/voudou-el-velero-2\/\"><img decoding=\"async\" src=\"https:\/\/www.oriolmorte.com\/wp-content\/uploads\/2011\/07\/MG_9865_oriol_morte_featured_blog-scaled.jpg\" srcset=\"https:\/\/www.oriolmorte.com\/wp-content\/uploads\/2011\/07\/MG_9865_oriol_morte_featured_blog-scaled.jpg 2560w, https:\/\/www.oriolmorte.com\/wp-content\/uploads\/2011\/07\/MG_9865_oriol_morte_featured_blog-600x306.jpg 600w, https:\/\/www.oriolmorte.com\/wp-content\/uploads\/2011\/07\/MG_9865_oriol_morte_featured_blog-710x362.jpg 710w, https:\/\/www.oriolmorte.com\/wp-content\/uploads\/2011\/07\/MG_9865_oriol_morte_featured_blog-1030x525.jpg 1030w, https:\/\/www.oriolmorte.com\/wp-content\/uploads\/2011\/07\/MG_9865_oriol_morte_featured_blog-1500x765.jpg 1500w, https:\/\/www.oriolmorte.com\/wp-content\/uploads\/2011\/07\/MG_9865_oriol_morte_featured_blog-705x359.jpg 705w\" sizes=\"(max-width: 1400px) 100vw, 1400px\" alt=\"\" \/><\/a><\/div><div class=\"entry-blog-contents-wrap clearfix\">\n\t\t\t<div class=\"entry-post-title\">\n\t\t\t<h2>\n\t\t\t<a class=\"postformat_standard\" href=\"https:\/\/www.oriolmorte.com\/es\/2011\/07\/16\/voudou-el-velero-2\/\" rel=\"bookmark\">Voudou el velero<\/a>\n\t\t\t<\/h2>\n\t\t\t<\/div>\n\t\t\t\t<div class=\"postsummarywrap fullpage-item\">\n\t\t\t<div class=\"datecomment clearfix\">\n\t\t\t\t\t<div class=\"post-single-meta-group-one\">\n\t\t\t\t\t\t\t\t\t<span class=\"post-single-meta post-single-meta-author\">\n\t\t\t\t\t<i class=\"feather-icon-head\"><\/i>\n\t\t\t\t\t<span class=\"post-meta-author\">\n\t\t\t\t\t\tOriol Morte\t\t\t\t\t<\/span>\n\t\t\t\t\t<\/span>\n\t\t\t\t\t\t\t\t\t\t<span class=\"post-single-meta post-single-meta-date\">\n\t\t\t\t\t\t<span class=\"post-meta-time\">\n\t\t\t\t\t\t<i class=\"feather-icon-clock\"><\/i>\n\t\t\t\t\t\t<span class=\"date updated\">16\/07\/2011<\/span>\t\t\t\t\t\t<\/span>\n\t\t\t\t\t<\/span>\n\t\t\t\t\t\t\t\t<\/div>\n\t\t\t<div class=\"post-single-meta-group-two\">\n\t\t\t\t\t\t\t\t\t<span class=\"post-single-meta post-meta-category post-single-meta-category\">\n\t\t\t\t\t<i class=\"feather-icon-grid\"><\/i>\n\t\t\t\t\t<a href=\"https:\/\/www.oriolmorte.com\/es\/categoria\/espectaculos\/\" rel=\"category tag\">Espect\u00e1culos<\/a> \/ <a href=\"https:\/\/www.oriolmorte.com\/es\/categoria\/paisaje\/\" rel=\"category tag\">Paisaje<\/a>\t\t\t\t\t<\/span>\n\t\t\t\t\t\t\t\t\t\t\t<span class=\"post-single-meta post-single-meta-comment\">\n\t\t\t\t\t\t\t<span class=\"post-meta-comment\">\n\t\t\t\t\t\t\t<i class=\"feather-icon-speech-bubble\"><\/i>\n\t\t\t\t\t\t\t<a href=\"https:\/\/www.oriolmorte.com\/es\/2011\/07\/16\/voudou-el-velero-2\/#respond\">0<\/a>\t\t\t\t\t\t\t<\/span>\n\t\t\t\t\t\t<\/span>\n\t\t\t\t\t\t\t\t\t<\/div>\n\t\t<\/div>\n\t<\/div>\n\t<div class=\"postsummary-spacing\"><p>Hace unos meses contact\u00f3 conmigo una buena amiga de mi madre quien buscaba de un creativo para cubrir un evento donde tocaba el cuarteto de cuerda \u00abNereida\u00bb en la proa de un velero, el \u00abVoudou\u00bb, amarrado en el puerto de Port Bal\u00eds (Sant Andreu de Llavaneres). Quer\u00eda fotos y v\u00eddeo del evento pero con intenci\u00f3n de darle una vuelta de tuerca respecto al a\u00f1o anterior, con un cambio de chip. Sylvia quer\u00eda algo mucho m\u00e1s moderno, fresco y con una [\u2026]<\/p>\n<\/div><a class=\"theme-btn-link\" href=\"https:\/\/www.oriolmorte.com\/es\/2011\/07\/16\/voudou-el-velero-2\/\"><div class=\"theme-btn theme-btn-outline-primary theme-hover-arrow\">Continue Reading<\/div><\/a><\/div>\n<\/div>\n<\/div>\n<\/div>\n<\/div>\n\t\t<\/div>\n\t\t\t\t<div class=\"entry-content-wrapper\">\n\t\t\t<div class=\"topseperator entry-wrapper post-standard-wrapper clearfix\">\n<div class=\"blog-content-section\">\n<div id=\"post-6797\" class=\"post-6797 post type-post status-publish format-standard has-post-thumbnail hentry category-blog-es category-espectaculos tag-barcelona-es tag-jazz-es tag-jordi-sole-quartet-es\">\n<div class=\"entry-content postformat_contents post-display-excerpt clearfix\">\n<div class=\"post-format-media\"><a href=\"https:\/\/www.oriolmorte.com\/es\/2011\/07\/07\/jordi-sole-quartet-en-la-sala-jamboree\/\"><img decoding=\"async\" src=\"https:\/\/www.oriolmorte.com\/wp-content\/uploads\/2011\/07\/MG_0434_oriol_morte_featured_blog-scaled.jpg\" srcset=\"https:\/\/www.oriolmorte.com\/wp-content\/uploads\/2011\/07\/MG_0434_oriol_morte_featured_blog-scaled.jpg 2560w, https:\/\/www.oriolmorte.com\/wp-content\/uploads\/2011\/07\/MG_0434_oriol_morte_featured_blog-600x300.jpg 600w, https:\/\/www.oriolmorte.com\/wp-content\/uploads\/2011\/07\/MG_0434_oriol_morte_featured_blog-710x355.jpg 710w, https:\/\/www.oriolmorte.com\/wp-content\/uploads\/2011\/07\/MG_0434_oriol_morte_featured_blog-1030x515.jpg 1030w, https:\/\/www.oriolmorte.com\/wp-content\/uploads\/2011\/07\/MG_0434_oriol_morte_featured_blog-1500x750.jpg 1500w, https:\/\/www.oriolmorte.com\/wp-content\/uploads\/2011\/07\/MG_0434_oriol_morte_featured_blog-705x352.jpg 705w\" sizes=\"(max-width: 1400px) 100vw, 1400px\" alt=\"\" \/><\/a><\/div><div class=\"entry-blog-contents-wrap clearfix\">\n\t\t\t<div class=\"entry-post-title\">\n\t\t\t<h2>\n\t\t\t<a class=\"postformat_standard\" href=\"https:\/\/www.oriolmorte.com\/es\/2011\/07\/07\/jordi-sole-quartet-en-la-sala-jamboree\/\" rel=\"bookmark\">Jordi Sol\u00e9 Quartet en la sala Jamboree<\/a>\n\t\t\t<\/h2>\n\t\t\t<\/div>\n\t\t\t\t<div class=\"postsummarywrap fullpage-item\">\n\t\t\t<div class=\"datecomment clearfix\">\n\t\t\t\t\t<div class=\"post-single-meta-group-one\">\n\t\t\t\t\t\t\t\t\t<span class=\"post-single-meta post-single-meta-author\">\n\t\t\t\t\t<i class=\"feather-icon-head\"><\/i>\n\t\t\t\t\t<span class=\"post-meta-author\">\n\t\t\t\t\t\tOriol Morte\t\t\t\t\t<\/span>\n\t\t\t\t\t<\/span>\n\t\t\t\t\t\t\t\t\t\t<span class=\"post-single-meta post-single-meta-date\">\n\t\t\t\t\t\t<span class=\"post-meta-time\">\n\t\t\t\t\t\t<i class=\"feather-icon-clock\"><\/i>\n\t\t\t\t\t\t<span class=\"date updated\">07\/07\/2011<\/span>\t\t\t\t\t\t<\/span>\n\t\t\t\t\t<\/span>\n\t\t\t\t\t\t\t\t<\/div>\n\t\t\t<div class=\"post-single-meta-group-two\">\n\t\t\t\t\t\t\t\t\t<span class=\"post-single-meta post-meta-category post-single-meta-category\">\n\t\t\t\t\t<i class=\"feather-icon-grid\"><\/i>\n\t\t\t\t\t<a href=\"https:\/\/www.oriolmorte.com\/es\/categoria\/blog-es\/\" rel=\"category tag\">Blog<\/a> \/ <a href=\"https:\/\/www.oriolmorte.com\/es\/categoria\/espectaculos\/\" rel=\"category tag\">Espect\u00e1culos<\/a>\t\t\t\t\t<\/span>\n\t\t\t\t\t\t\t\t\t\t\t<span class=\"post-single-meta post-single-meta-comment\">\n\t\t\t\t\t\t\t<span class=\"post-meta-comment\">\n\t\t\t\t\t\t\t<i class=\"feather-icon-speech-bubble\"><\/i>\n\t\t\t\t\t\t\t<a href=\"https:\/\/www.oriolmorte.com\/es\/2011\/07\/07\/jordi-sole-quartet-en-la-sala-jamboree\/#respond\">0<\/a>\t\t\t\t\t\t\t<\/span>\n\t\t\t\t\t\t<\/span>\n\t\t\t\t\t\t\t\t\t<\/div>\n\t\t<\/div>\n\t<\/div>\n\t<div class=\"postsummary-spacing\"><p>Jordi Sol\u00e9 es un amigo m\u00edo desde hace ya varios a\u00f1os con quien tambi\u00e9n he trabajado en numerosos eventos. Hace mucho tiempo que toca la guitarra, y siguiendo su trayectoria musical orientada al jazz, form\u00f3 un trio con Enric Ponsa a la bater\u00eda, quien tambi\u00e9n es amigo m\u00edo y ha sido compa\u00f1ero de trabajo. Completan la formaci\u00f3n Camilo Fern\u00e1ndez al contrabajo y Sergi Felipe al saxo tenor, la \u00faltima incorporaci\u00f3n a la banda. Este pasado 6 de julio actuaron en [\u2026]<\/p>\n<\/div><a class=\"theme-btn-link\" href=\"https:\/\/www.oriolmorte.com\/es\/2011\/07\/07\/jordi-sole-quartet-en-la-sala-jamboree\/\"><div class=\"theme-btn theme-btn-outline-primary theme-hover-arrow\">Continue Reading<\/div><\/a><\/div>\n<\/div>\n<\/div>\n<\/div>\n<\/div>\n\t\t<\/div>\n\t\t\t\t<div class=\"entry-content-wrapper\">\n\t\t\t<div class=\"topseperator entry-wrapper post-standard-wrapper clearfix\">\n<div class=\"blog-content-section\">\n<div id=\"post-6790\" class=\"post-6790 post type-post status-publish format-standard has-post-thumbnail hentry category-espectaculos category-musica tag-boira-es tag-els-pescadors-de-lescala-es\">\n<div class=\"entry-content postformat_contents post-display-excerpt clearfix\">\n<div class=\"post-format-media\"><a href=\"https:\/\/www.oriolmorte.com\/es\/2011\/07\/03\/cantada-de-habaneras-en-calella-de-palafrugell\/\"><img decoding=\"async\" src=\"https:\/\/www.oriolmorte.com\/wp-content\/uploads\/2014\/01\/MG_0407_oriol_morte_featured_blog-scaled.jpg\" srcset=\"https:\/\/www.oriolmorte.com\/wp-content\/uploads\/2014\/01\/MG_0407_oriol_morte_featured_blog-scaled.jpg 2560w, https:\/\/www.oriolmorte.com\/wp-content\/uploads\/2014\/01\/MG_0407_oriol_morte_featured_blog-600x400.jpg 600w, https:\/\/www.oriolmorte.com\/wp-content\/uploads\/2014\/01\/MG_0407_oriol_morte_featured_blog-710x473.jpg 710w, https:\/\/www.oriolmorte.com\/wp-content\/uploads\/2014\/01\/MG_0407_oriol_morte_featured_blog-900x600.jpg 900w, https:\/\/www.oriolmorte.com\/wp-content\/uploads\/2014\/01\/MG_0407_oriol_morte_featured_blog-1500x1000.jpg 1500w, https:\/\/www.oriolmorte.com\/wp-content\/uploads\/2014\/01\/MG_0407_oriol_morte_featured_blog-705x470.jpg 705w\" sizes=\"(max-width: 1400px) 100vw, 1400px\" alt=\"\" \/><\/a><\/div><div class=\"entry-blog-contents-wrap clearfix\">\n\t\t\t<div class=\"entry-post-title\">\n\t\t\t<h2>\n\t\t\t<a class=\"postformat_standard\" href=\"https:\/\/www.oriolmorte.com\/es\/2011\/07\/03\/cantada-de-habaneras-en-calella-de-palafrugell\/\" rel=\"bookmark\">Cantada de Habaneras en Calella de Palafrugell<\/a>\n\t\t\t<\/h2>\n\t\t\t<\/div>\n\t\t\t\t<div class=\"postsummarywrap fullpage-item\">\n\t\t\t<div class=\"datecomment clearfix\">\n\t\t\t\t\t<div class=\"post-single-meta-group-one\">\n\t\t\t\t\t\t\t\t\t<span class=\"post-single-meta post-single-meta-author\">\n\t\t\t\t\t<i class=\"feather-icon-head\"><\/i>\n\t\t\t\t\t<span class=\"post-meta-author\">\n\t\t\t\t\t\tOriol Morte\t\t\t\t\t<\/span>\n\t\t\t\t\t<\/span>\n\t\t\t\t\t\t\t\t\t\t<span class=\"post-single-meta post-single-meta-date\">\n\t\t\t\t\t\t<span class=\"post-meta-time\">\n\t\t\t\t\t\t<i class=\"feather-icon-clock\"><\/i>\n\t\t\t\t\t\t<span class=\"date updated\">03\/07\/2011<\/span>\t\t\t\t\t\t<\/span>\n\t\t\t\t\t<\/span>\n\t\t\t\t\t\t\t\t<\/div>\n\t\t\t<div class=\"post-single-meta-group-two\">\n\t\t\t\t\t\t\t\t\t<span class=\"post-single-meta post-meta-category post-single-meta-category\">\n\t\t\t\t\t<i class=\"feather-icon-grid\"><\/i>\n\t\t\t\t\t<a href=\"https:\/\/www.oriolmorte.com\/es\/categoria\/espectaculos\/\" rel=\"category tag\">Espect\u00e1culos<\/a> \/ <a href=\"https:\/\/www.oriolmorte.com\/es\/categoria\/espectaculos\/musica\/\" rel=\"category tag\">M\u00fasica<\/a>\t\t\t\t\t<\/span>\n\t\t\t\t\t\t\t\t<\/div>\n\t\t<\/div>\n\t<\/div>\n\t<div class=\"postsummary-spacing\"><p>Hace m\u00e1s de 10 a\u00f1os y sin excepci\u00f3n que el primer s\u00e1bado de julio formo parte del equipo t\u00e9cnico que hace posible este concierto, la Cantada de Habaneras de Calella de Palafrugell. Lo he vivido muy de cerca pero nunca hab\u00eda tenido ocasi\u00f3n de hacer fotograf\u00edas del concierto, con un escenario situado encima de unas rocas al borde de la playa delante de la Pla\u00e7a de Port Bo de Calella de Palafrugell. Es un evento con mucha historia y que [\u2026]<\/p>\n<\/div><a class=\"theme-btn-link\" href=\"https:\/\/www.oriolmorte.com\/es\/2011\/07\/03\/cantada-de-habaneras-en-calella-de-palafrugell\/\"><div class=\"theme-btn theme-btn-outline-primary theme-hover-arrow\">Continue Reading<\/div><\/a><\/div>\n<\/div>\n<\/div>\n<\/div>\n<\/div>\n\t\t<\/div>\n\t\t\t\t<div class=\"entry-content-wrapper\">\n\t\t\t<div class=\"topseperator entry-wrapper post-standard-wrapper clearfix\">\n<div class=\"blog-content-section\">\n<div id=\"post-6783\" class=\"post-6783 post type-post status-publish format-standard has-post-thumbnail hentry category-editorial-es\">\n<div class=\"entry-content postformat_contents post-display-excerpt clearfix\">\n<div class=\"post-format-media\"><a href=\"https:\/\/www.oriolmorte.com\/es\/2011\/02\/01\/publicacion-libro-para-el-ministerio-de-educacion-sobre-las-escuelas-de-musica\/\"><img decoding=\"async\" src=\"https:\/\/www.oriolmorte.com\/wp-content\/uploads\/2011\/02\/llibre_escoles_musica_acem_oriol_morte_featured_blog-scaled.jpg\" srcset=\"https:\/\/www.oriolmorte.com\/wp-content\/uploads\/2011\/02\/llibre_escoles_musica_acem_oriol_morte_featured_blog-scaled.jpg 2560w, https:\/\/www.oriolmorte.com\/wp-content\/uploads\/2011\/02\/llibre_escoles_musica_acem_oriol_morte_featured_blog-600x425.jpg 600w, https:\/\/www.oriolmorte.com\/wp-content\/uploads\/2011\/02\/llibre_escoles_musica_acem_oriol_morte_featured_blog-710x502.jpg 710w, https:\/\/www.oriolmorte.com\/wp-content\/uploads\/2011\/02\/llibre_escoles_musica_acem_oriol_morte_featured_blog-847x600.jpg 847w, https:\/\/www.oriolmorte.com\/wp-content\/uploads\/2011\/02\/llibre_escoles_musica_acem_oriol_morte_featured_blog-1500x1062.jpg 1500w, https:\/\/www.oriolmorte.com\/wp-content\/uploads\/2011\/02\/llibre_escoles_musica_acem_oriol_morte_featured_blog-260x185.jpg 260w, https:\/\/www.oriolmorte.com\/wp-content\/uploads\/2011\/02\/llibre_escoles_musica_acem_oriol_morte_featured_blog-705x499.jpg 705w\" sizes=\"(max-width: 1400px) 100vw, 1400px\" alt=\"\" \/><\/a><\/div><div class=\"entry-blog-contents-wrap clearfix\">\n\t\t\t<div class=\"entry-post-title\">\n\t\t\t<h2>\n\t\t\t<a class=\"postformat_standard\" href=\"https:\/\/www.oriolmorte.com\/es\/2011\/02\/01\/publicacion-libro-para-el-ministerio-de-educacion-sobre-las-escuelas-de-musica\/\" rel=\"bookmark\">Publicaci\u00f3n libro para el Ministerio de Educaci\u00f3n sobre las escuelas de m\u00fasica<\/a>\n\t\t\t<\/h2>\n\t\t\t<\/div>\n\t\t\t\t<div class=\"postsummarywrap fullpage-item\">\n\t\t\t<div class=\"datecomment clearfix\">\n\t\t\t\t\t<div class=\"post-single-meta-group-one\">\n\t\t\t\t\t\t\t\t\t<span class=\"post-single-meta post-single-meta-author\">\n\t\t\t\t\t<i class=\"feather-icon-head\"><\/i>\n\t\t\t\t\t<span class=\"post-meta-author\">\n\t\t\t\t\t\tOriol Morte\t\t\t\t\t<\/span>\n\t\t\t\t\t<\/span>\n\t\t\t\t\t\t\t\t\t\t<span class=\"post-single-meta post-single-meta-date\">\n\t\t\t\t\t\t<span class=\"post-meta-time\">\n\t\t\t\t\t\t<i class=\"feather-icon-clock\"><\/i>\n\t\t\t\t\t\t<span class=\"date updated\">01\/02\/2011<\/span>\t\t\t\t\t\t<\/span>\n\t\t\t\t\t<\/span>\n\t\t\t\t\t\t\t\t<\/div>\n\t\t\t<div class=\"post-single-meta-group-two\">\n\t\t\t\t\t\t\t\t\t<span class=\"post-single-meta post-meta-category post-single-meta-category\">\n\t\t\t\t\t<i class=\"feather-icon-grid\"><\/i>\n\t\t\t\t\t<a href=\"https:\/\/www.oriolmorte.com\/es\/categoria\/editorial-es\/\" rel=\"category tag\">Editorial<\/a>\t\t\t\t\t<\/span>\n\t\t\t\t\t\t\t\t\t\t\t<span class=\"post-single-meta post-single-meta-comment\">\n\t\t\t\t\t\t\t<span class=\"post-meta-comment\">\n\t\t\t\t\t\t\t<i class=\"feather-icon-speech-bubble\"><\/i>\n\t\t\t\t\t\t\t<a href=\"https:\/\/www.oriolmorte.com\/es\/2011\/02\/01\/publicacion-libro-para-el-ministerio-de-educacion-sobre-las-escuelas-de-musica\/#respond\">0<\/a>\t\t\t\t\t\t\t<\/span>\n\t\t\t\t\t\t<\/span>\n\t\t\t\t\t\t\t\t\t<\/div>\n\t\t<\/div>\n\t<\/div>\n\t<div class=\"postsummary-spacing\"><p>Estos \u00faltimos meses he estado trabajando con la ACEM \u00abAssociaci\u00f3 Catalana d\u2019Escola de M\u00fasica\u00bb haciendo fotos en escuelas de m\u00fasica de Barcelona, Lleida y El Papiol. Se usaron una selecci\u00f3n de todas las fotos que hice para maquetar un libro para el ministerio de cultura y educaci\u00f3n la comunidad europea sobre las escuelas de m\u00fasica. El trabajo comportaba hacer fotos en clases de m\u00fasica para ni\u00f1os, adultos, profesores, espacios donde se desarrollaban las actividades y detalles de instrumentos. Por \u00faltimo, [\u2026]<\/p>\n<\/div><a class=\"theme-btn-link\" href=\"https:\/\/www.oriolmorte.com\/es\/2011\/02\/01\/publicacion-libro-para-el-ministerio-de-educacion-sobre-las-escuelas-de-musica\/\"><div class=\"theme-btn theme-btn-outline-primary theme-hover-arrow\">Continue Reading<\/div><\/a><\/div>\n<\/div>\n<\/div>\n<\/div>\n<\/div>\n\t\t<\/div>\n\t\t\t\t<div class=\"entry-content-wrapper\">\n\t\t\t<div class=\"topseperator entry-wrapper post-standard-wrapper clearfix\">\n<div class=\"blog-content-section\">\n<div id=\"post-6779\" class=\"post-6779 post type-post status-publish format-standard has-post-thumbnail hentry category-espectaculos category-musica tag-horta-de-sant-joan-es tag-lenka-maresova-es\">\n<div class=\"entry-content postformat_contents post-display-excerpt clearfix\">\n<div class=\"post-format-media\"><a href=\"https:\/\/www.oriolmorte.com\/es\/2010\/08\/21\/max-sunyer-y-lenka-maresova-en-horta-de-sant-joan-2\/\"><img decoding=\"async\" src=\"https:\/\/www.oriolmorte.com\/wp-content\/uploads\/2010\/08\/MG_8305_oriol_morte_featured_blog-scaled.jpg\" srcset=\"https:\/\/www.oriolmorte.com\/wp-content\/uploads\/2010\/08\/MG_8305_oriol_morte_featured_blog-scaled.jpg 2560w, https:\/\/www.oriolmorte.com\/wp-content\/uploads\/2010\/08\/MG_8305_oriol_morte_featured_blog-600x400.jpg 600w, https:\/\/www.oriolmorte.com\/wp-content\/uploads\/2010\/08\/MG_8305_oriol_morte_featured_blog-710x473.jpg 710w, https:\/\/www.oriolmorte.com\/wp-content\/uploads\/2010\/08\/MG_8305_oriol_morte_featured_blog-900x600.jpg 900w, https:\/\/www.oriolmorte.com\/wp-content\/uploads\/2010\/08\/MG_8305_oriol_morte_featured_blog-1500x1000.jpg 1500w, https:\/\/www.oriolmorte.com\/wp-content\/uploads\/2010\/08\/MG_8305_oriol_morte_featured_blog-705x470.jpg 705w\" sizes=\"(max-width: 1400px) 100vw, 1400px\" alt=\"\" \/><\/a><\/div><div class=\"entry-blog-contents-wrap clearfix\">\n\t\t\t<div class=\"entry-post-title\">\n\t\t\t<h2>\n\t\t\t<a class=\"postformat_standard\" href=\"https:\/\/www.oriolmorte.com\/es\/2010\/08\/21\/max-sunyer-y-lenka-maresova-en-horta-de-sant-joan-2\/\" rel=\"bookmark\">Max Sunyer y Lenka Maresova en Horta de Sant Joan<\/a>\n\t\t\t<\/h2>\n\t\t\t<\/div>\n\t\t\t\t<div class=\"postsummarywrap fullpage-item\">\n\t\t\t<div class=\"datecomment clearfix\">\n\t\t\t\t\t<div class=\"post-single-meta-group-one\">\n\t\t\t\t\t\t\t\t\t<span class=\"post-single-meta post-single-meta-author\">\n\t\t\t\t\t<i class=\"feather-icon-head\"><\/i>\n\t\t\t\t\t<span class=\"post-meta-author\">\n\t\t\t\t\t\tOriol Morte\t\t\t\t\t<\/span>\n\t\t\t\t\t<\/span>\n\t\t\t\t\t\t\t\t\t\t<span class=\"post-single-meta post-single-meta-date\">\n\t\t\t\t\t\t<span class=\"post-meta-time\">\n\t\t\t\t\t\t<i class=\"feather-icon-clock\"><\/i>\n\t\t\t\t\t\t<span class=\"date updated\">21\/08\/2010<\/span>\t\t\t\t\t\t<\/span>\n\t\t\t\t\t<\/span>\n\t\t\t\t\t\t\t\t<\/div>\n\t\t\t<div class=\"post-single-meta-group-two\">\n\t\t\t\t\t\t\t\t\t<span class=\"post-single-meta post-meta-category post-single-meta-category\">\n\t\t\t\t\t<i class=\"feather-icon-grid\"><\/i>\n\t\t\t\t\t<a href=\"https:\/\/www.oriolmorte.com\/es\/categoria\/espectaculos\/\" rel=\"category tag\">Espect\u00e1culos<\/a> \/ <a href=\"https:\/\/www.oriolmorte.com\/es\/categoria\/espectaculos\/musica\/\" rel=\"category tag\">M\u00fasica<\/a>\t\t\t\t\t<\/span>\n\t\t\t\t\t\t\t\t\t\t\t<span class=\"post-single-meta post-single-meta-comment\">\n\t\t\t\t\t\t\t<span class=\"post-meta-comment\">\n\t\t\t\t\t\t\t<i class=\"feather-icon-speech-bubble\"><\/i>\n\t\t\t\t\t\t\t<a href=\"https:\/\/www.oriolmorte.com\/es\/2010\/08\/21\/max-sunyer-y-lenka-maresova-en-horta-de-sant-joan-2\/#respond\">0<\/a>\t\t\t\t\t\t\t<\/span>\n\t\t\t\t\t\t<\/span>\n\t\t\t\t\t\t\t\t\t<\/div>\n\t\t<\/div>\n\t<\/div>\n\t<div class=\"postsummary-spacing\"><p>Este 20 de agosto se celebr\u00f3 en el Convento de Sant Salvador en Horta de Sant Joan un concierto para la inauguraci\u00f3n de una exposici\u00f3n sobre Horta de Sant Joan que se ubicaba tambien en el mismo convento. All\u00ed me encargu\u00e9 de la sonorizaci\u00f3n del concierto y de las fotograf\u00edas. Toc\u00f3 la guitarra Max Sunyer acompa\u00f1ado de la excelente voz de Lenka Maresova. Interpretaron varios temas cl\u00e1sicos de jazz. El concierto fue un \u00e9xito y as\u00ed lo demostr\u00f3 la asistencia [\u2026]<\/p>\n<\/div><a class=\"theme-btn-link\" href=\"https:\/\/www.oriolmorte.com\/es\/2010\/08\/21\/max-sunyer-y-lenka-maresova-en-horta-de-sant-joan-2\/\"><div class=\"theme-btn theme-btn-outline-primary theme-hover-arrow\">Continue Reading<\/div><\/a><\/div>\n<\/div>\n<\/div>\n<\/div>\n<\/div>\n\t\t<\/div>\n\t\t\t\t<div class=\"entry-content-wrapper\">\n\t\t\t<div class=\"topseperator entry-wrapper post-standard-wrapper clearfix\">\n<div class=\"blog-content-section\">\n<div id=\"post-6765\" class=\"post-6765 post type-post status-publish format-standard has-post-thumbnail hentry category-retrato\">\n<div class=\"entry-content postformat_contents post-display-excerpt clearfix\">\n<div class=\"post-format-media\"><a href=\"https:\/\/www.oriolmorte.com\/es\/2010\/08\/01\/sesion-de-fotos-alexandra-masangkay-el-hoyo-ot\/\"><img decoding=\"async\" src=\"https:\/\/www.oriolmorte.com\/wp-content\/uploads\/2010\/08\/MG_8006_oriol_morte_featured_blog-scaled.jpg\" srcset=\"https:\/\/www.oriolmorte.com\/wp-content\/uploads\/2010\/08\/MG_8006_oriol_morte_featured_blog-scaled.jpg 2109w, https:\/\/www.oriolmorte.com\/wp-content\/uploads\/2010\/08\/MG_8006_oriol_morte_featured_blog-600x728.jpg 600w, https:\/\/www.oriolmorte.com\/wp-content\/uploads\/2010\/08\/MG_8006_oriol_morte_featured_blog-494x600.jpg 494w, https:\/\/www.oriolmorte.com\/wp-content\/uploads\/2010\/08\/MG_8006_oriol_morte_featured_blog-1236x1500.jpg 1236w, https:\/\/www.oriolmorte.com\/wp-content\/uploads\/2010\/08\/MG_8006_oriol_morte_featured_blog-580x705.jpg 580w\" sizes=\"(max-width: 1400px) 100vw, 1400px\" alt=\"\" \/><\/a><\/div><div class=\"entry-blog-contents-wrap clearfix\">\n\t\t\t<div class=\"entry-post-title\">\n\t\t\t<h2>\n\t\t\t<a class=\"postformat_standard\" href=\"https:\/\/www.oriolmorte.com\/es\/2010\/08\/01\/sesion-de-fotos-alexandra-masangkay-el-hoyo-ot\/\" rel=\"bookmark\">Sesi\u00f3n de fotos Alexandra Masangkay de El Hoyo y OT<\/a>\n\t\t\t<\/h2>\n\t\t\t<\/div>\n\t\t\t\t<div class=\"postsummarywrap fullpage-item\">\n\t\t\t<div class=\"datecomment clearfix\">\n\t\t\t\t\t<div class=\"post-single-meta-group-one\">\n\t\t\t\t\t\t\t\t\t<span class=\"post-single-meta post-single-meta-author\">\n\t\t\t\t\t<i class=\"feather-icon-head\"><\/i>\n\t\t\t\t\t<span class=\"post-meta-author\">\n\t\t\t\t\t\tOriol Morte\t\t\t\t\t<\/span>\n\t\t\t\t\t<\/span>\n\t\t\t\t\t\t\t\t\t\t<span class=\"post-single-meta post-single-meta-date\">\n\t\t\t\t\t\t<span class=\"post-meta-time\">\n\t\t\t\t\t\t<i class=\"feather-icon-clock\"><\/i>\n\t\t\t\t\t\t<span class=\"date updated\">01\/08\/2010<\/span>\t\t\t\t\t\t<\/span>\n\t\t\t\t\t<\/span>\n\t\t\t\t\t\t\t\t<\/div>\n\t\t\t<div class=\"post-single-meta-group-two\">\n\t\t\t\t\t\t\t\t\t<span class=\"post-single-meta post-meta-category post-single-meta-category\">\n\t\t\t\t\t<i class=\"feather-icon-grid\"><\/i>\n\t\t\t\t\t<a href=\"https:\/\/www.oriolmorte.com\/es\/categoria\/retrato\/\" rel=\"category tag\">Retrato<\/a>\t\t\t\t\t<\/span>\n\t\t\t\t\t\t\t\t\t\t\t<span class=\"post-single-meta post-single-meta-comment\">\n\t\t\t\t\t\t\t<span class=\"post-meta-comment\">\n\t\t\t\t\t\t\t<i class=\"feather-icon-speech-bubble\"><\/i>\n\t\t\t\t\t\t\t<a href=\"https:\/\/www.oriolmorte.com\/es\/2010\/08\/01\/sesion-de-fotos-alexandra-masangkay-el-hoyo-ot\/#comments\">1<\/a>\t\t\t\t\t\t\t<\/span>\n\t\t\t\t\t\t<\/span>\n\t\t\t\t\t\t\t\t\t<\/div>\n\t\t<\/div>\n\t<\/div>\n\t<div class=\"postsummary-spacing\"><p>Conoc\u00ed a Alexandra de El Hoyo en un concurso de m\u00fasica en el Palacio de Congresos de Barcelona y all\u00ed establecimos el contacto para hacer una sesi\u00f3n de fotos que en unos meses llevamos a cabo. Despu\u00e9s de esta sesi\u00f3n de fotos Alexandra Masangkay de El Hoyo fue elegida para participar en la edici\u00f3n de Operaci\u00f3n Triunfo de 2011 donde ha saltado a la fama gracias a su voz y su trabajo. M\u00e1s tarde uno de sus trabajos m\u00e1s relevantes [\u2026]<\/p>\n<\/div><a class=\"theme-btn-link\" href=\"https:\/\/www.oriolmorte.com\/es\/2010\/08\/01\/sesion-de-fotos-alexandra-masangkay-el-hoyo-ot\/\"><div class=\"theme-btn theme-btn-outline-primary theme-hover-arrow\">Continue Reading<\/div><\/a><\/div>\n<\/div>\n<\/div>\n<\/div>\n<\/div>\n\t\t<\/div>\n\t\t\t\t<div class=\"entry-content-wrapper\">\n\t\t\t<div class=\"topseperator entry-wrapper post-standard-wrapper clearfix\">\n<div class=\"blog-content-section\">\n<div id=\"post-6761\" class=\"post-6761 post type-post status-publish format-standard has-post-thumbnail hentry category-espectaculos category-musica tag-boleros-es tag-javier-colina-es tag-lauditori-es\">\n<div class=\"entry-content postformat_contents post-display-excerpt clearfix\">\n<div class=\"post-format-media\"><a href=\"https:\/\/www.oriolmorte.com\/es\/2010\/07\/22\/javier-colina-trio-con-silvia-perez-cruz-en-la-presentacion-del-disco-en-la-imaginacion-2\/\"><img decoding=\"async\" src=\"https:\/\/www.oriolmorte.com\/wp-content\/uploads\/2010\/07\/MG_7689_oriol_morte_featured_blog-scaled.jpg\" srcset=\"https:\/\/www.oriolmorte.com\/wp-content\/uploads\/2010\/07\/MG_7689_oriol_morte_featured_blog-scaled.jpg 2560w, https:\/\/www.oriolmorte.com\/wp-content\/uploads\/2010\/07\/MG_7689_oriol_morte_featured_blog-600x400.jpg 600w, https:\/\/www.oriolmorte.com\/wp-content\/uploads\/2010\/07\/MG_7689_oriol_morte_featured_blog-710x473.jpg 710w, https:\/\/www.oriolmorte.com\/wp-content\/uploads\/2010\/07\/MG_7689_oriol_morte_featured_blog-900x600.jpg 900w, https:\/\/www.oriolmorte.com\/wp-content\/uploads\/2010\/07\/MG_7689_oriol_morte_featured_blog-1500x1000.jpg 1500w, https:\/\/www.oriolmorte.com\/wp-content\/uploads\/2010\/07\/MG_7689_oriol_morte_featured_blog-705x470.jpg 705w\" sizes=\"(max-width: 1400px) 100vw, 1400px\" alt=\"\" \/><\/a><\/div><div class=\"entry-blog-contents-wrap clearfix\">\n\t\t\t<div class=\"entry-post-title\">\n\t\t\t<h2>\n\t\t\t<a class=\"postformat_standard\" href=\"https:\/\/www.oriolmorte.com\/es\/2010\/07\/22\/javier-colina-trio-con-silvia-perez-cruz-en-la-presentacion-del-disco-en-la-imaginacion-2\/\" rel=\"bookmark\">Javier Colina Trio con S\u00edlvia P\u00e9rez Cruz en la presentaci\u00f3n del disco \u00abEn la Imaginaci\u00f3n\u00bb<\/a>\n\t\t\t<\/h2>\n\t\t\t<\/div>\n\t\t\t\t<div class=\"postsummarywrap fullpage-item\">\n\t\t\t<div class=\"datecomment clearfix\">\n\t\t\t\t\t<div class=\"post-single-meta-group-one\">\n\t\t\t\t\t\t\t\t\t<span class=\"post-single-meta post-single-meta-author\">\n\t\t\t\t\t<i class=\"feather-icon-head\"><\/i>\n\t\t\t\t\t<span class=\"post-meta-author\">\n\t\t\t\t\t\tOriol Morte\t\t\t\t\t<\/span>\n\t\t\t\t\t<\/span>\n\t\t\t\t\t\t\t\t\t\t<span class=\"post-single-meta post-single-meta-date\">\n\t\t\t\t\t\t<span class=\"post-meta-time\">\n\t\t\t\t\t\t<i class=\"feather-icon-clock\"><\/i>\n\t\t\t\t\t\t<span class=\"date updated\">22\/07\/2010<\/span>\t\t\t\t\t\t<\/span>\n\t\t\t\t\t<\/span>\n\t\t\t\t\t\t\t\t<\/div>\n\t\t\t<div class=\"post-single-meta-group-two\">\n\t\t\t\t\t\t\t\t\t<span class=\"post-single-meta post-meta-category post-single-meta-category\">\n\t\t\t\t\t<i class=\"feather-icon-grid\"><\/i>\n\t\t\t\t\t<a href=\"https:\/\/www.oriolmorte.com\/es\/categoria\/espectaculos\/\" rel=\"category tag\">Espect\u00e1culos<\/a> \/ <a href=\"https:\/\/www.oriolmorte.com\/es\/categoria\/espectaculos\/musica\/\" rel=\"category tag\">M\u00fasica<\/a>\t\t\t\t\t<\/span>\n\t\t\t\t\t\t\t\t<\/div>\n\t\t<\/div>\n\t<\/div>\n\t<div class=\"postsummary-spacing\"><p>El pasado 21 de julio estuve en el estreno del espect\u00e1culo \u00abEn la imaginaci\u00f3n\u00bb que protagonizaba Javier Colina (contrabajo), Marc Miralta (bater\u00eda), Albert Sanz (piano) y S\u00edlvia P\u00e9rez Cruz (voz). En esta ocasi\u00f3n contaron tambien como artista invitado con Perico Sambeat (saxo alto). Este espect\u00e1culo les ha llevado m\u00e1s tarde a Madrid y C\u00e1diz, entre otros, logrando un gran \u00e9xito. \u00a0 \u00a0<\/p>\n<\/div><a class=\"theme-btn-link\" href=\"https:\/\/www.oriolmorte.com\/es\/2010\/07\/22\/javier-colina-trio-con-silvia-perez-cruz-en-la-presentacion-del-disco-en-la-imaginacion-2\/\"><div class=\"theme-btn theme-btn-outline-primary theme-hover-arrow\">Continue Reading<\/div><\/a><\/div>\n<\/div>\n<\/div>\n<\/div>\n<\/div>\n\t\t<\/div>\n\t\t\t\t<div class=\"entry-content-wrapper\">\n\t\t\t<div class=\"topseperator entry-wrapper post-standard-wrapper clearfix\">\n<div class=\"blog-content-section\">\n<div id=\"post-6757\" class=\"post-6757 post type-post status-publish format-standard has-post-thumbnail hentry category-editorial-es tag-estudio\">\n<div class=\"entry-content postformat_contents post-display-excerpt clearfix\">\n<div class=\"post-format-media\"><a href=\"https:\/\/www.oriolmorte.com\/es\/2010\/06\/01\/campana-de-publicidad-submergeix-te-de-la-aula-de-musica-tradicional-popular\/\"><img decoding=\"async\" src=\"https:\/\/www.oriolmorte.com\/wp-content\/uploads\/2010\/06\/submergeixte-amtp_oriol_morte_featured_blog-scaled.jpg\" srcset=\"https:\/\/www.oriolmorte.com\/wp-content\/uploads\/2010\/06\/submergeixte-amtp_oriol_morte_featured_blog-scaled.jpg 2560w, https:\/\/www.oriolmorte.com\/wp-content\/uploads\/2010\/06\/submergeixte-amtp_oriol_morte_featured_blog-600x448.jpg 600w, https:\/\/www.oriolmorte.com\/wp-content\/uploads\/2010\/06\/submergeixte-amtp_oriol_morte_featured_blog-710x530.jpg 710w, https:\/\/www.oriolmorte.com\/wp-content\/uploads\/2010\/06\/submergeixte-amtp_oriol_morte_featured_blog-802x600.jpg 802w, https:\/\/www.oriolmorte.com\/wp-content\/uploads\/2010\/06\/submergeixte-amtp_oriol_morte_featured_blog-1500x1121.jpg 1500w, https:\/\/www.oriolmorte.com\/wp-content\/uploads\/2010\/06\/submergeixte-amtp_oriol_morte_featured_blog-705x526.jpg 705w\" sizes=\"(max-width: 1400px) 100vw, 1400px\" alt=\"\" \/><\/a><\/div><div class=\"entry-blog-contents-wrap clearfix\">\n\t\t\t<div class=\"entry-post-title\">\n\t\t\t<h2>\n\t\t\t<a class=\"postformat_standard\" href=\"https:\/\/www.oriolmorte.com\/es\/2010\/06\/01\/campana-de-publicidad-submergeix-te-de-la-aula-de-musica-tradicional-popular\/\" rel=\"bookmark\">Campa\u00f1a de publicidad \u00abSubmergeix-te\u00bb de la \u00abAula de M\u00fasica Tradicional i Popular\u00bb<\/a>\n\t\t\t<\/h2>\n\t\t\t<\/div>\n\t\t\t\t<div class=\"postsummarywrap fullpage-item\">\n\t\t\t<div class=\"datecomment clearfix\">\n\t\t\t\t\t<div class=\"post-single-meta-group-one\">\n\t\t\t\t\t\t\t\t\t<span class=\"post-single-meta post-single-meta-author\">\n\t\t\t\t\t<i class=\"feather-icon-head\"><\/i>\n\t\t\t\t\t<span class=\"post-meta-author\">\n\t\t\t\t\t\tOriol Morte\t\t\t\t\t<\/span>\n\t\t\t\t\t<\/span>\n\t\t\t\t\t\t\t\t\t\t<span class=\"post-single-meta post-single-meta-date\">\n\t\t\t\t\t\t<span class=\"post-meta-time\">\n\t\t\t\t\t\t<i class=\"feather-icon-clock\"><\/i>\n\t\t\t\t\t\t<span class=\"date updated\">01\/06\/2010<\/span>\t\t\t\t\t\t<\/span>\n\t\t\t\t\t<\/span>\n\t\t\t\t\t\t\t\t<\/div>\n\t\t\t<div class=\"post-single-meta-group-two\">\n\t\t\t\t\t\t\t\t\t<span class=\"post-single-meta post-meta-category post-single-meta-category\">\n\t\t\t\t\t<i class=\"feather-icon-grid\"><\/i>\n\t\t\t\t\t<a href=\"https:\/\/www.oriolmorte.com\/es\/categoria\/editorial-es\/\" rel=\"category tag\">Editorial<\/a>\t\t\t\t\t<\/span>\n\t\t\t\t\t\t\t\t<\/div>\n\t\t<\/div>\n\t<\/div>\n\t<div class=\"postsummary-spacing\"><p>Este mes he realizado una sesi\u00f3n fotogr\u00e1fica para l\u2019 \u00abAula de M\u00fasica Tradicional i Popular\u00bb, entidad que coordina Catalunya los estudios musicales instrumentos tradicionales de la regi\u00f3n. El esl\u00f3gan se traduce como \u00abSum\u00e9rgete\u00bb y consist\u00eda en fotografiar a un modelo con un traje de submarinista usando instrumentos de m\u00fasica tradicional. La sesi\u00f3n, dirigida por Montse Faura y Joan Fargas, se realiz\u00f3 en el estudio de Domingo G\u00f3mez. El dise\u00f1o de la campa\u00f1a fue a cargo de Oriol Frias. Las fotograf\u00edas [\u2026]<\/p>\n<\/div><a class=\"theme-btn-link\" href=\"https:\/\/www.oriolmorte.com\/es\/2010\/06\/01\/campana-de-publicidad-submergeix-te-de-la-aula-de-musica-tradicional-popular\/\"><div class=\"theme-btn theme-btn-outline-primary theme-hover-arrow\">Continue Reading<\/div><\/a><\/div>\n<\/div>\n<\/div>\n<\/div>\n<\/div>\n\t\t<\/div>\n\t\t\t\t<div class=\"entry-content-wrapper\">\n\t\t\t<div class=\"topseperator entry-wrapper post-standard-wrapper clearfix\">\n<div class=\"blog-content-section\">\n<div id=\"post-6753\" class=\"post-6753 post type-post status-publish format-standard has-post-thumbnail hentry category-deportes category-espectaculos category-tecnica tag-la-molina-es\">\n<div class=\"entry-content postformat_contents post-display-excerpt clearfix\">\n<div class=\"post-format-media\"><a href=\"https:\/\/www.oriolmorte.com\/es\/2010\/03\/20\/campeonato-mundial-de-snowboard-lg-en-la-molina-2\/\"><img decoding=\"async\" src=\"https:\/\/www.oriolmorte.com\/wp-content\/uploads\/2010\/03\/LY5O9131_snowboard_lg_oriol_morte_featured_blog-scaled.jpg\" srcset=\"https:\/\/www.oriolmorte.com\/wp-content\/uploads\/2010\/03\/LY5O9131_snowboard_lg_oriol_morte_featured_blog-scaled.jpg 2560w, https:\/\/www.oriolmorte.com\/wp-content\/uploads\/2010\/03\/LY5O9131_snowboard_lg_oriol_morte_featured_blog-600x400.jpg 600w, https:\/\/www.oriolmorte.com\/wp-content\/uploads\/2010\/03\/LY5O9131_snowboard_lg_oriol_morte_featured_blog-710x473.jpg 710w, https:\/\/www.oriolmorte.com\/wp-content\/uploads\/2010\/03\/LY5O9131_snowboard_lg_oriol_morte_featured_blog-900x600.jpg 900w, https:\/\/www.oriolmorte.com\/wp-content\/uploads\/2010\/03\/LY5O9131_snowboard_lg_oriol_morte_featured_blog-1500x1000.jpg 1500w, https:\/\/www.oriolmorte.com\/wp-content\/uploads\/2010\/03\/LY5O9131_snowboard_lg_oriol_morte_featured_blog-705x470.jpg 705w\" sizes=\"(max-width: 1400px) 100vw, 1400px\" alt=\"\" \/><\/a><\/div><div class=\"entry-blog-contents-wrap clearfix\">\n\t\t\t<div class=\"entry-post-title\">\n\t\t\t<h2>\n\t\t\t<a class=\"postformat_standard\" href=\"https:\/\/www.oriolmorte.com\/es\/2010\/03\/20\/campeonato-mundial-de-snowboard-lg-en-la-molina-2\/\" rel=\"bookmark\">Campeonato Mundial de Snowboard LG en La Molina<\/a>\n\t\t\t<\/h2>\n\t\t\t<\/div>\n\t\t\t\t<div class=\"postsummarywrap fullpage-item\">\n\t\t\t<div class=\"datecomment clearfix\">\n\t\t\t\t\t<div class=\"post-single-meta-group-one\">\n\t\t\t\t\t\t\t\t\t<span class=\"post-single-meta post-single-meta-author\">\n\t\t\t\t\t<i class=\"feather-icon-head\"><\/i>\n\t\t\t\t\t<span class=\"post-meta-author\">\n\t\t\t\t\t\tOriol Morte\t\t\t\t\t<\/span>\n\t\t\t\t\t<\/span>\n\t\t\t\t\t\t\t\t\t\t<span class=\"post-single-meta post-single-meta-date\">\n\t\t\t\t\t\t<span class=\"post-meta-time\">\n\t\t\t\t\t\t<i class=\"feather-icon-clock\"><\/i>\n\t\t\t\t\t\t<span class=\"date updated\">20\/03\/2010<\/span>\t\t\t\t\t\t<\/span>\n\t\t\t\t\t<\/span>\n\t\t\t\t\t\t\t\t<\/div>\n\t\t\t<div class=\"post-single-meta-group-two\">\n\t\t\t\t\t\t\t\t\t<span class=\"post-single-meta post-meta-category post-single-meta-category\">\n\t\t\t\t\t<i class=\"feather-icon-grid\"><\/i>\n\t\t\t\t\t<a href=\"https:\/\/www.oriolmorte.com\/es\/categoria\/espectaculos\/deportes\/\" rel=\"category tag\">Deportes<\/a> \/ <a href=\"https:\/\/www.oriolmorte.com\/es\/categoria\/espectaculos\/\" rel=\"category tag\">Espect\u00e1culos<\/a> \/ <a href=\"https:\/\/www.oriolmorte.com\/es\/categoria\/tecnica\/\" rel=\"category tag\">T\u00e9cnica<\/a>\t\t\t\t\t<\/span>\n\t\t\t\t\t\t\t\t<\/div>\n\t\t<\/div>\n\t<\/div>\n\t<div class=\"postsummary-spacing\"><p>El pasado 20 de marzo asist\u00ed como fot\u00f3grafo acreditado al Campeonato Mundial LG de Snowboard en la estaci\u00f3n de esqu\u00ed La Molina. Ese d\u00eda se dio lugar a las pruebas de Half-Pipe en el las instalaciones de La Molina que justo se estrenaron a finales de la temporada pasada para esa especialidad. En esta competici\u00f3n es donde estuve probando las nuevas tarjetas\u00a0Extreme Pro de Sandisk, donde las exigencias eran altas, un evento deportivo y fr\u00edo. Para sacar rendimiento a esa [\u2026]<\/p>\n<\/div><a class=\"theme-btn-link\" href=\"https:\/\/www.oriolmorte.com\/es\/2010\/03\/20\/campeonato-mundial-de-snowboard-lg-en-la-molina-2\/\"><div class=\"theme-btn theme-btn-outline-primary theme-hover-arrow\">Continue Reading<\/div><\/a><\/div>\n<\/div>\n<\/div>\n<\/div>\n<\/div>\n\t\t<\/div>\n\t\t\t\t<div class=\"entry-content-wrapper\">\n\t\t\t<div class=\"topseperator entry-wrapper post-standard-wrapper clearfix\">\n<div class=\"blog-content-section\">\n<div id=\"post-6749\" class=\"post-6749 post type-post status-publish format-standard has-post-thumbnail hentry category-espectaculos category-musica tag-barcelona-es tag-dulce-pontes-es\">\n<div class=\"entry-content postformat_contents post-display-excerpt clearfix\">\n<div class=\"post-format-media\"><a href=\"https:\/\/www.oriolmorte.com\/es\/2010\/03\/04\/concierto-dulce-pontes-en-barcelona-con-silvia-perez-cruz-como-artista-invitado\/\"><img decoding=\"async\" src=\"https:\/\/www.oriolmorte.com\/wp-content\/uploads\/2010\/03\/MG_7232_oriol_morte_featured_blog-scaled.jpg\" srcset=\"https:\/\/www.oriolmorte.com\/wp-content\/uploads\/2010\/03\/MG_7232_oriol_morte_featured_blog-scaled.jpg 2560w, https:\/\/www.oriolmorte.com\/wp-content\/uploads\/2010\/03\/MG_7232_oriol_morte_featured_blog-600x400.jpg 600w, https:\/\/www.oriolmorte.com\/wp-content\/uploads\/2010\/03\/MG_7232_oriol_morte_featured_blog-710x473.jpg 710w, https:\/\/www.oriolmorte.com\/wp-content\/uploads\/2010\/03\/MG_7232_oriol_morte_featured_blog-900x600.jpg 900w, https:\/\/www.oriolmorte.com\/wp-content\/uploads\/2010\/03\/MG_7232_oriol_morte_featured_blog-1500x1000.jpg 1500w, https:\/\/www.oriolmorte.com\/wp-content\/uploads\/2010\/03\/MG_7232_oriol_morte_featured_blog-705x470.jpg 705w\" sizes=\"(max-width: 1400px) 100vw, 1400px\" alt=\"\" \/><\/a><\/div><div class=\"entry-blog-contents-wrap clearfix\">\n\t\t\t<div class=\"entry-post-title\">\n\t\t\t<h2>\n\t\t\t<a class=\"postformat_standard\" href=\"https:\/\/www.oriolmorte.com\/es\/2010\/03\/04\/concierto-dulce-pontes-en-barcelona-con-silvia-perez-cruz-como-artista-invitado\/\" rel=\"bookmark\">Concierto Dulce Pontes en Barcelona con S\u00edlvia P\u00e9rez Cruz como artista invitado<\/a>\n\t\t\t<\/h2>\n\t\t\t<\/div>\n\t\t\t\t<div class=\"postsummarywrap fullpage-item\">\n\t\t\t<div class=\"datecomment clearfix\">\n\t\t\t\t\t<div class=\"post-single-meta-group-one\">\n\t\t\t\t\t\t\t\t\t<span class=\"post-single-meta post-single-meta-author\">\n\t\t\t\t\t<i class=\"feather-icon-head\"><\/i>\n\t\t\t\t\t<span class=\"post-meta-author\">\n\t\t\t\t\t\tOriol Morte\t\t\t\t\t<\/span>\n\t\t\t\t\t<\/span>\n\t\t\t\t\t\t\t\t\t\t<span class=\"post-single-meta post-single-meta-date\">\n\t\t\t\t\t\t<span class=\"post-meta-time\">\n\t\t\t\t\t\t<i class=\"feather-icon-clock\"><\/i>\n\t\t\t\t\t\t<span class=\"date updated\">04\/03\/2010<\/span>\t\t\t\t\t\t<\/span>\n\t\t\t\t\t<\/span>\n\t\t\t\t\t\t\t\t<\/div>\n\t\t\t<div class=\"post-single-meta-group-two\">\n\t\t\t\t\t\t\t\t\t<span class=\"post-single-meta post-meta-category post-single-meta-category\">\n\t\t\t\t\t<i class=\"feather-icon-grid\"><\/i>\n\t\t\t\t\t<a href=\"https:\/\/www.oriolmorte.com\/es\/categoria\/espectaculos\/\" rel=\"category tag\">Espect\u00e1culos<\/a> \/ <a href=\"https:\/\/www.oriolmorte.com\/es\/categoria\/espectaculos\/musica\/\" rel=\"category tag\">M\u00fasica<\/a>\t\t\t\t\t<\/span>\n\t\t\t\t\t\t\t\t\t\t\t<span class=\"post-single-meta post-single-meta-comment\">\n\t\t\t\t\t\t\t<span class=\"post-meta-comment\">\n\t\t\t\t\t\t\t<i class=\"feather-icon-speech-bubble\"><\/i>\n\t\t\t\t\t\t\t<a href=\"https:\/\/www.oriolmorte.com\/es\/2010\/03\/04\/concierto-dulce-pontes-en-barcelona-con-silvia-perez-cruz-como-artista-invitado\/#respond\">0<\/a>\t\t\t\t\t\t\t<\/span>\n\t\t\t\t\t\t<\/span>\n\t\t\t\t\t\t\t\t\t<\/div>\n\t\t<\/div>\n\t<\/div>\n\t<div class=\"postsummary-spacing\"><p>El 4 de marzo tuvo lugar en el Palau de la M\u00fasica Catalana en Barcelona, el concierto de Dulce Pontes. El concierto estaba precedido por la actuaci\u00f3n como telonera la artista invitada S\u00edlvia P\u00e9rez Cruz, cantante polifac\u00e9tica de quien ya hab\u00eda hablado en esta otra entrada. No era la primera vez que fotografiaba en esta sala de conciertos, que goza de una belleza incre\u00edble, de arquitectura modernista y construcci\u00f3n de principios del siglo XX. Era un marco id\u00f3neo para albergar [\u2026]<\/p>\n<\/div><a class=\"theme-btn-link\" href=\"https:\/\/www.oriolmorte.com\/es\/2010\/03\/04\/concierto-dulce-pontes-en-barcelona-con-silvia-perez-cruz-como-artista-invitado\/\"><div class=\"theme-btn theme-btn-outline-primary theme-hover-arrow\">Continue Reading<\/div><\/a><\/div>\n<\/div>\n<\/div>\n<\/div>\n<\/div>\n\t\t<\/div>\n\t\t\t\t<div class=\"entry-content-wrapper\">\n\t\t\t<div class=\"topseperator entry-wrapper post-standard-wrapper clearfix\">\n<div class=\"blog-content-section\">\n<div id=\"post-6745\" class=\"post-6745 post type-post status-publish format-standard has-post-thumbnail hentry category-retrato tag-lenceria\">\n<div class=\"entry-content postformat_contents post-display-excerpt clearfix\">\n<div class=\"post-format-media\"><a href=\"https:\/\/www.oriolmorte.com\/es\/2010\/02\/22\/sesion-de-fotos-con-irene-espejo-en-interior\/\"><img decoding=\"async\" src=\"https:\/\/www.oriolmorte.com\/wp-content\/uploads\/2010\/02\/iren_MG_7067_oriol_morte_featured_blog-scaled.jpg\" srcset=\"https:\/\/www.oriolmorte.com\/wp-content\/uploads\/2010\/02\/iren_MG_7067_oriol_morte_featured_blog-scaled.jpg 2560w, https:\/\/www.oriolmorte.com\/wp-content\/uploads\/2010\/02\/iren_MG_7067_oriol_morte_featured_blog-600x400.jpg 600w, https:\/\/www.oriolmorte.com\/wp-content\/uploads\/2010\/02\/iren_MG_7067_oriol_morte_featured_blog-710x473.jpg 710w, https:\/\/www.oriolmorte.com\/wp-content\/uploads\/2010\/02\/iren_MG_7067_oriol_morte_featured_blog-900x600.jpg 900w, https:\/\/www.oriolmorte.com\/wp-content\/uploads\/2010\/02\/iren_MG_7067_oriol_morte_featured_blog-1500x1000.jpg 1500w, https:\/\/www.oriolmorte.com\/wp-content\/uploads\/2010\/02\/iren_MG_7067_oriol_morte_featured_blog-705x470.jpg 705w\" sizes=\"(max-width: 1400px) 100vw, 1400px\" alt=\"\" \/><\/a><\/div><div class=\"entry-blog-contents-wrap clearfix\">\n\t\t\t<div class=\"entry-post-title\">\n\t\t\t<h2>\n\t\t\t<a class=\"postformat_standard\" href=\"https:\/\/www.oriolmorte.com\/es\/2010\/02\/22\/sesion-de-fotos-con-irene-espejo-en-interior\/\" rel=\"bookmark\">Sesi\u00f3n de fotos con Irene Espejo en interior<\/a>\n\t\t\t<\/h2>\n\t\t\t<\/div>\n\t\t\t\t<div class=\"postsummarywrap fullpage-item\">\n\t\t\t<div class=\"datecomment clearfix\">\n\t\t\t\t\t<div class=\"post-single-meta-group-one\">\n\t\t\t\t\t\t\t\t\t<span class=\"post-single-meta post-single-meta-author\">\n\t\t\t\t\t<i class=\"feather-icon-head\"><\/i>\n\t\t\t\t\t<span class=\"post-meta-author\">\n\t\t\t\t\t\tOriol Morte\t\t\t\t\t<\/span>\n\t\t\t\t\t<\/span>\n\t\t\t\t\t\t\t\t\t\t<span class=\"post-single-meta post-single-meta-date\">\n\t\t\t\t\t\t<span class=\"post-meta-time\">\n\t\t\t\t\t\t<i class=\"feather-icon-clock\"><\/i>\n\t\t\t\t\t\t<span class=\"date updated\">22\/02\/2010<\/span>\t\t\t\t\t\t<\/span>\n\t\t\t\t\t<\/span>\n\t\t\t\t\t\t\t\t<\/div>\n\t\t\t<div class=\"post-single-meta-group-two\">\n\t\t\t\t\t\t\t\t\t<span class=\"post-single-meta post-meta-category post-single-meta-category\">\n\t\t\t\t\t<i class=\"feather-icon-grid\"><\/i>\n\t\t\t\t\t<a href=\"https:\/\/www.oriolmorte.com\/es\/categoria\/retrato\/\" rel=\"category tag\">Retrato<\/a>\t\t\t\t\t<\/span>\n\t\t\t\t\t\t\t\t\t\t\t<span class=\"post-single-meta post-single-meta-comment\">\n\t\t\t\t\t\t\t<span class=\"post-meta-comment\">\n\t\t\t\t\t\t\t<i class=\"feather-icon-speech-bubble\"><\/i>\n\t\t\t\t\t\t\t<a href=\"https:\/\/www.oriolmorte.com\/es\/2010\/02\/22\/sesion-de-fotos-con-irene-espejo-en-interior\/#respond\">0<\/a>\t\t\t\t\t\t\t<\/span>\n\t\t\t\t\t\t<\/span>\n\t\t\t\t\t\t\t\t\t<\/div>\n\t\t<\/div>\n\t<\/div>\n\t<div class=\"postsummary-spacing\"><p>Los retratos es una categor\u00eda dentro de la fotograf\u00eda con unas posibilidades infinitas. Contactamos Irene y yo para hacer otra sesi\u00f3n de fotos, con la buena experiencia de la anterior sesi\u00f3n. En este caso la intenci\u00f3n fue crear un estilo de fotos atractivo con pocos recursos. Realizamos la sesi\u00f3n de fotos en un piso a modo de estudio pero aprovechando el mobiliario y la decoraci\u00f3n propia sin usar ning\u00fan tipo de atrezzo. El estilismo era muy sencillo, bas\u00e1ndose en el [\u2026]<\/p>\n<\/div><a class=\"theme-btn-link\" href=\"https:\/\/www.oriolmorte.com\/es\/2010\/02\/22\/sesion-de-fotos-con-irene-espejo-en-interior\/\"><div class=\"theme-btn theme-btn-outline-primary theme-hover-arrow\">Continue Reading<\/div><\/a><\/div>\n<\/div>\n<\/div>\n<\/div>\n<\/div>\n\t\t<\/div>\n\t\t\t\t<div class=\"entry-content-wrapper\">\n\t\t\t<div class=\"topseperator entry-wrapper post-standard-wrapper clearfix\">\n<div class=\"blog-content-section\">\n<div id=\"post-6636\" class=\"post-6636 post type-post status-publish format-standard has-post-thumbnail hentry category-espectaculos category-musica tag-barcelona-es\">\n<div class=\"entry-content postformat_contents post-display-excerpt clearfix\">\n<div class=\"post-format-media\"><a href=\"https:\/\/www.oriolmorte.com\/es\/2010\/02\/12\/concierto-de-motive-en-la-sala-becool\/\"><img decoding=\"async\" src=\"https:\/\/www.oriolmorte.com\/wp-content\/uploads\/2010\/02\/MG_7023_oriol_morte_featured_blog-scaled.jpg\" srcset=\"https:\/\/www.oriolmorte.com\/wp-content\/uploads\/2010\/02\/MG_7023_oriol_morte_featured_blog-scaled.jpg 2560w, https:\/\/www.oriolmorte.com\/wp-content\/uploads\/2010\/02\/MG_7023_oriol_morte_featured_blog-600x400.jpg 600w, https:\/\/www.oriolmorte.com\/wp-content\/uploads\/2010\/02\/MG_7023_oriol_morte_featured_blog-710x473.jpg 710w, https:\/\/www.oriolmorte.com\/wp-content\/uploads\/2010\/02\/MG_7023_oriol_morte_featured_blog-900x600.jpg 900w, https:\/\/www.oriolmorte.com\/wp-content\/uploads\/2010\/02\/MG_7023_oriol_morte_featured_blog-1500x1000.jpg 1500w, https:\/\/www.oriolmorte.com\/wp-content\/uploads\/2010\/02\/MG_7023_oriol_morte_featured_blog-705x470.jpg 705w\" sizes=\"(max-width: 1400px) 100vw, 1400px\" alt=\"\" \/><\/a><\/div><div class=\"entry-blog-contents-wrap clearfix\">\n\t\t\t<div class=\"entry-post-title\">\n\t\t\t<h2>\n\t\t\t<a class=\"postformat_standard\" href=\"https:\/\/www.oriolmorte.com\/es\/2010\/02\/12\/concierto-de-motive-en-la-sala-becool\/\" rel=\"bookmark\">Concierto de Motive en la Sala BeCool<\/a>\n\t\t\t<\/h2>\n\t\t\t<\/div>\n\t\t\t\t<div class=\"postsummarywrap fullpage-item\">\n\t\t\t<div class=\"datecomment clearfix\">\n\t\t\t\t\t<div class=\"post-single-meta-group-one\">\n\t\t\t\t\t\t\t\t\t<span class=\"post-single-meta post-single-meta-author\">\n\t\t\t\t\t<i class=\"feather-icon-head\"><\/i>\n\t\t\t\t\t<span class=\"post-meta-author\">\n\t\t\t\t\t\tOriol Morte\t\t\t\t\t<\/span>\n\t\t\t\t\t<\/span>\n\t\t\t\t\t\t\t\t\t\t<span class=\"post-single-meta post-single-meta-date\">\n\t\t\t\t\t\t<span class=\"post-meta-time\">\n\t\t\t\t\t\t<i class=\"feather-icon-clock\"><\/i>\n\t\t\t\t\t\t<span class=\"date updated\">12\/02\/2010<\/span>\t\t\t\t\t\t<\/span>\n\t\t\t\t\t<\/span>\n\t\t\t\t\t\t\t\t<\/div>\n\t\t\t<div class=\"post-single-meta-group-two\">\n\t\t\t\t\t\t\t\t\t<span class=\"post-single-meta post-meta-category post-single-meta-category\">\n\t\t\t\t\t<i class=\"feather-icon-grid\"><\/i>\n\t\t\t\t\t<a href=\"https:\/\/www.oriolmorte.com\/es\/categoria\/espectaculos\/\" rel=\"category tag\">Espect\u00e1culos<\/a> \/ <a href=\"https:\/\/www.oriolmorte.com\/es\/categoria\/espectaculos\/musica\/\" rel=\"category tag\">M\u00fasica<\/a>\t\t\t\t\t<\/span>\n\t\t\t\t\t\t\t\t<\/div>\n\t\t<\/div>\n\t<\/div>\n\t<div class=\"postsummary-spacing\"><p>El pasado 12 de febrero presenci\u00e9 el primer concierto de la banda Motive en la sala BeCool de Barcelona y Rodrigo, la persona que empez\u00f3 lo que ahora es un s\u00f3lido grupo de rock alternativo me pidi\u00f3 hacer unas fotograf\u00edas en ese d\u00eda tan especial. Tocaron junto a otros dos grupos, siendo Motive los segundos, mostrando una pegada incre\u00edble sabiendo que era su primera puesta en escena como grupo, con el m\u00e9rito que los temas los han compuesto y arreglado [\u2026]<\/p>\n<\/div><a class=\"theme-btn-link\" href=\"https:\/\/www.oriolmorte.com\/es\/2010\/02\/12\/concierto-de-motive-en-la-sala-becool\/\"><div class=\"theme-btn theme-btn-outline-primary theme-hover-arrow\">Continue Reading<\/div><\/a><\/div>\n<\/div>\n<\/div>\n<\/div>\n<\/div>\n\t\t<\/div>\n\t\t\t\t<div class=\"entry-content-wrapper\">\n\t\t\t<div class=\"topseperator entry-wrapper post-standard-wrapper clearfix\">\n<div class=\"blog-content-section\">\n<div id=\"post-6185\" class=\"post-6185 post type-post status-publish format-standard has-post-thumbnail hentry category-paisaje\">\n<div class=\"entry-content postformat_contents post-display-excerpt clearfix\">\n<div class=\"post-format-media\"><a href=\"https:\/\/www.oriolmorte.com\/es\/2010\/01\/18\/saint-jean-de-luz\/\"><img decoding=\"async\" src=\"https:\/\/www.oriolmorte.com\/wp-content\/uploads\/2010\/01\/MG_6892_oriol_morte_featured_blog-scaled.jpg\" srcset=\"https:\/\/www.oriolmorte.com\/wp-content\/uploads\/2010\/01\/MG_6892_oriol_morte_featured_blog-scaled.jpg 2560w, https:\/\/www.oriolmorte.com\/wp-content\/uploads\/2010\/01\/MG_6892_oriol_morte_featured_blog-600x400.jpg 600w, https:\/\/www.oriolmorte.com\/wp-content\/uploads\/2010\/01\/MG_6892_oriol_morte_featured_blog-710x473.jpg 710w, https:\/\/www.oriolmorte.com\/wp-content\/uploads\/2010\/01\/MG_6892_oriol_morte_featured_blog-900x600.jpg 900w, https:\/\/www.oriolmorte.com\/wp-content\/uploads\/2010\/01\/MG_6892_oriol_morte_featured_blog-1500x1000.jpg 1500w, https:\/\/www.oriolmorte.com\/wp-content\/uploads\/2010\/01\/MG_6892_oriol_morte_featured_blog-705x470.jpg 705w\" sizes=\"(max-width: 1400px) 100vw, 1400px\" alt=\"\" \/><\/a><\/div><div class=\"entry-blog-contents-wrap clearfix\">\n\t\t\t<div class=\"entry-post-title\">\n\t\t\t<h2>\n\t\t\t<a class=\"postformat_standard\" href=\"https:\/\/www.oriolmorte.com\/es\/2010\/01\/18\/saint-jean-de-luz\/\" rel=\"bookmark\">Saint-Jean de Luz<\/a>\n\t\t\t<\/h2>\n\t\t\t<\/div>\n\t\t\t\t<div class=\"postsummarywrap fullpage-item\">\n\t\t\t<div class=\"datecomment clearfix\">\n\t\t\t\t\t<div class=\"post-single-meta-group-one\">\n\t\t\t\t\t\t\t\t\t<span class=\"post-single-meta post-single-meta-author\">\n\t\t\t\t\t<i class=\"feather-icon-head\"><\/i>\n\t\t\t\t\t<span class=\"post-meta-author\">\n\t\t\t\t\t\tOriol Morte\t\t\t\t\t<\/span>\n\t\t\t\t\t<\/span>\n\t\t\t\t\t\t\t\t\t\t<span class=\"post-single-meta post-single-meta-date\">\n\t\t\t\t\t\t<span class=\"post-meta-time\">\n\t\t\t\t\t\t<i class=\"feather-icon-clock\"><\/i>\n\t\t\t\t\t\t<span class=\"date updated\">18\/01\/2010<\/span>\t\t\t\t\t\t<\/span>\n\t\t\t\t\t<\/span>\n\t\t\t\t\t\t\t\t<\/div>\n\t\t\t<div class=\"post-single-meta-group-two\">\n\t\t\t\t\t\t\t\t\t<span class=\"post-single-meta post-meta-category post-single-meta-category\">\n\t\t\t\t\t<i class=\"feather-icon-grid\"><\/i>\n\t\t\t\t\t<a href=\"https:\/\/www.oriolmorte.com\/es\/categoria\/paisaje\/\" rel=\"category tag\">Paisaje<\/a>\t\t\t\t\t<\/span>\n\t\t\t\t\t\t\t\t<\/div>\n\t\t<\/div>\n\t<\/div>\n\t<div class=\"postsummary-spacing\"><p>En uno de mis viajes por el norte de la Pen\u00ednsula Ib\u00e9rica, hablando sobre los sitios que hab\u00eda visitado, surgi\u00f3 el nombre de un pueblo costero que no hab\u00eda tenido el placer entonces de conocerlo. Tal es as\u00ed que a mi paso por Guipuzkoa tom\u00e9 rumbo hacia ese pueblo que me hab\u00edan dicho era tan bonito, Saint-Jean de Luz, cercano a Hendaia, en el Pa\u00eds Vasco franc\u00e9s. Realmente vale la pena llegar hasta all\u00ed y conocer sus rincones, es un [\u2026]<\/p>\n<\/div><a class=\"theme-btn-link\" href=\"https:\/\/www.oriolmorte.com\/es\/2010\/01\/18\/saint-jean-de-luz\/\"><div class=\"theme-btn theme-btn-outline-primary theme-hover-arrow\">Continue Reading<\/div><\/a><\/div>\n<\/div>\n<\/div>\n<\/div>\n<\/div>\n\t\t<\/div>\n\t\t\t\t<div class=\"entry-content-wrapper\">\n\t\t\t<div class=\"topseperator entry-wrapper post-standard-wrapper clearfix\">\n<div class=\"blog-content-section\">\n<div id=\"post-6168\" class=\"post-6168 post type-post status-publish format-standard has-post-thumbnail hentry category-tecnica tag-canon-es\">\n<div class=\"entry-content postformat_contents post-display-excerpt clearfix\">\n<div class=\"post-format-media\"><a href=\"https:\/\/www.oriolmorte.com\/es\/2010\/01\/17\/experimentando-con-un-descentrable-canon-24-f35-l-ts\/\"><img decoding=\"async\" src=\"https:\/\/www.oriolmorte.com\/wp-content\/uploads\/2010\/01\/MG_6867_oriol_morte_featured_blog-scaled.jpg\" srcset=\"https:\/\/www.oriolmorte.com\/wp-content\/uploads\/2010\/01\/MG_6867_oriol_morte_featured_blog-scaled.jpg 2560w, https:\/\/www.oriolmorte.com\/wp-content\/uploads\/2010\/01\/MG_6867_oriol_morte_featured_blog-600x400.jpg 600w, https:\/\/www.oriolmorte.com\/wp-content\/uploads\/2010\/01\/MG_6867_oriol_morte_featured_blog-710x473.jpg 710w, https:\/\/www.oriolmorte.com\/wp-content\/uploads\/2010\/01\/MG_6867_oriol_morte_featured_blog-900x600.jpg 900w, https:\/\/www.oriolmorte.com\/wp-content\/uploads\/2010\/01\/MG_6867_oriol_morte_featured_blog-1500x1000.jpg 1500w, https:\/\/www.oriolmorte.com\/wp-content\/uploads\/2010\/01\/MG_6867_oriol_morte_featured_blog-705x470.jpg 705w\" sizes=\"(max-width: 1400px) 100vw, 1400px\" alt=\"\" \/><\/a><\/div><div class=\"entry-blog-contents-wrap clearfix\">\n\t\t\t<div class=\"entry-post-title\">\n\t\t\t<h2>\n\t\t\t<a class=\"postformat_standard\" href=\"https:\/\/www.oriolmorte.com\/es\/2010\/01\/17\/experimentando-con-un-descentrable-canon-24-f35-l-ts\/\" rel=\"bookmark\">Experimentando con un descentrable Canon 24 f3,5 L T\/S<\/a>\n\t\t\t<\/h2>\n\t\t\t<\/div>\n\t\t\t\t<div class=\"postsummarywrap fullpage-item\">\n\t\t\t<div class=\"datecomment clearfix\">\n\t\t\t\t\t<div class=\"post-single-meta-group-one\">\n\t\t\t\t\t\t\t\t\t<span class=\"post-single-meta post-single-meta-author\">\n\t\t\t\t\t<i class=\"feather-icon-head\"><\/i>\n\t\t\t\t\t<span class=\"post-meta-author\">\n\t\t\t\t\t\tOriol Morte\t\t\t\t\t<\/span>\n\t\t\t\t\t<\/span>\n\t\t\t\t\t\t\t\t\t\t<span class=\"post-single-meta post-single-meta-date\">\n\t\t\t\t\t\t<span class=\"post-meta-time\">\n\t\t\t\t\t\t<i class=\"feather-icon-clock\"><\/i>\n\t\t\t\t\t\t<span class=\"date updated\">17\/01\/2010<\/span>\t\t\t\t\t\t<\/span>\n\t\t\t\t\t<\/span>\n\t\t\t\t\t\t\t\t<\/div>\n\t\t\t<div class=\"post-single-meta-group-two\">\n\t\t\t\t\t\t\t\t\t<span class=\"post-single-meta post-meta-category post-single-meta-category\">\n\t\t\t\t\t<i class=\"feather-icon-grid\"><\/i>\n\t\t\t\t\t<a href=\"https:\/\/www.oriolmorte.com\/es\/categoria\/tecnica\/\" rel=\"category tag\">T\u00e9cnica<\/a>\t\t\t\t\t<\/span>\n\t\t\t\t\t\t\t\t<\/div>\n\t\t<\/div>\n\t<\/div>\n\t<div class=\"postsummary-spacing\"><p>Este mes, aprovechando mi visita a Euskadi he estado haciendo pruebas con el objetivo descentrable con montura EF de Canon, el 24 f3,5 L Tilt&Shift de Rafa Espada. Es una lente diferente a todo el resto, este g\u00e9nero de \u00f3pticas tiene la particularidad de poder corregir la perspectiva y el plano de enfoque, dando lugar a unas fotos con un look muy especial que no se puede conseguir con objetivos normales. El manejo es un tanto especial y requiere un [\u2026]<\/p>\n<\/div><a class=\"theme-btn-link\" href=\"https:\/\/www.oriolmorte.com\/es\/2010\/01\/17\/experimentando-con-un-descentrable-canon-24-f35-l-ts\/\"><div class=\"theme-btn theme-btn-outline-primary theme-hover-arrow\">Continue Reading<\/div><\/a><\/div>\n<\/div>\n<\/div>\n<\/div>\n<\/div>\n\t\t<\/div>\n\t\t\t\t<div class=\"entry-content-wrapper\">\n\t\t\t<div class=\"topseperator entry-wrapper post-standard-wrapper clearfix\">\n<div class=\"blog-content-section\">\n<div id=\"post-6153\" class=\"post-6153 post type-post status-publish format-standard has-post-thumbnail hentry category-retrato tag-embarazo tag-zaragoza-es\">\n<div class=\"entry-content postformat_contents post-display-excerpt clearfix\">\n<div class=\"post-format-media\"><a href=\"https:\/\/www.oriolmorte.com\/es\/2009\/12\/08\/sesion-de-fotos-embarazo-en-parque-grande-de-zaragoza\/\"><img decoding=\"async\" src=\"https:\/\/www.oriolmorte.com\/wp-content\/uploads\/2009\/12\/MG_6743_oriol_morte_featured_blog-scaled.jpg\" srcset=\"https:\/\/www.oriolmorte.com\/wp-content\/uploads\/2009\/12\/MG_6743_oriol_morte_featured_blog-scaled.jpg 1707w, https:\/\/www.oriolmorte.com\/wp-content\/uploads\/2009\/12\/MG_6743_oriol_morte_featured_blog-600x900.jpg 600w, https:\/\/www.oriolmorte.com\/wp-content\/uploads\/2009\/12\/MG_6743_oriol_morte_featured_blog-400x600.jpg 400w, https:\/\/www.oriolmorte.com\/wp-content\/uploads\/2009\/12\/MG_6743_oriol_morte_featured_blog-1000x1500.jpg 1000w, https:\/\/www.oriolmorte.com\/wp-content\/uploads\/2009\/12\/MG_6743_oriol_morte_featured_blog-470x705.jpg 470w\" sizes=\"(max-width: 1400px) 100vw, 1400px\" alt=\"\" \/><\/a><\/div><div class=\"entry-blog-contents-wrap clearfix\">\n\t\t\t<div class=\"entry-post-title\">\n\t\t\t<h2>\n\t\t\t<a class=\"postformat_standard\" href=\"https:\/\/www.oriolmorte.com\/es\/2009\/12\/08\/sesion-de-fotos-embarazo-en-parque-grande-de-zaragoza\/\" rel=\"bookmark\">Sesi\u00f3n de fotos embarazo en Parque Grande de Zaragoza<\/a>\n\t\t\t<\/h2>\n\t\t\t<\/div>\n\t\t\t\t<div class=\"postsummarywrap fullpage-item\">\n\t\t\t<div class=\"datecomment clearfix\">\n\t\t\t\t\t<div class=\"post-single-meta-group-one\">\n\t\t\t\t\t\t\t\t\t<span class=\"post-single-meta post-single-meta-author\">\n\t\t\t\t\t<i class=\"feather-icon-head\"><\/i>\n\t\t\t\t\t<span class=\"post-meta-author\">\n\t\t\t\t\t\tOriol Morte\t\t\t\t\t<\/span>\n\t\t\t\t\t<\/span>\n\t\t\t\t\t\t\t\t\t\t<span class=\"post-single-meta post-single-meta-date\">\n\t\t\t\t\t\t<span class=\"post-meta-time\">\n\t\t\t\t\t\t<i class=\"feather-icon-clock\"><\/i>\n\t\t\t\t\t\t<span class=\"date updated\">08\/12\/2009<\/span>\t\t\t\t\t\t<\/span>\n\t\t\t\t\t<\/span>\n\t\t\t\t\t\t\t\t<\/div>\n\t\t\t<div class=\"post-single-meta-group-two\">\n\t\t\t\t\t\t\t\t\t<span class=\"post-single-meta post-meta-category post-single-meta-category\">\n\t\t\t\t\t<i class=\"feather-icon-grid\"><\/i>\n\t\t\t\t\t<a href=\"https:\/\/www.oriolmorte.com\/es\/categoria\/retrato\/\" rel=\"category tag\">Retrato<\/a>\t\t\t\t\t<\/span>\n\t\t\t\t\t\t\t\t<\/div>\n\t\t<\/div>\n\t<\/div>\n\t<div class=\"postsummary-spacing\"><p>En ocasiones te encuentras que gente cercana a ti est\u00e1 viviendo un momento muy especial y como fot\u00f3grafo es una ocasi\u00f3n perfecta para guardar un recuerdo de lo que est\u00e1n viviendo y tener una imagen diferente a lo que es habitual. Es el caso de Antonio y Eva quienes visit\u00e9 en diciembre para fotografiarles en el octavo mes de embarazo de la ni\u00f1a que estaban esperando. Desde hac\u00eda d\u00edas ten\u00eda claro el estilo que buscaba para esas fotos. Un ambiente [\u2026]<\/p>\n<\/div><a class=\"theme-btn-link\" href=\"https:\/\/www.oriolmorte.com\/es\/2009\/12\/08\/sesion-de-fotos-embarazo-en-parque-grande-de-zaragoza\/\"><div class=\"theme-btn theme-btn-outline-primary theme-hover-arrow\">Continue Reading<\/div><\/a><\/div>\n<\/div>\n<\/div>\n<\/div>\n<\/div>\n\t\t<\/div>\n\t\t\t\t<div class=\"entry-content-wrapper\">\n\t\t\t<div class=\"topseperator entry-wrapper post-standard-wrapper clearfix\">\n<div class=\"blog-content-section\">\n<div id=\"post-6141\" class=\"post-6141 post type-post status-publish format-standard has-post-thumbnail hentry category-espectaculos category-musica tag-calella-de-palafrugell tag-lempordanet\">\n<div class=\"entry-content postformat_contents post-display-excerpt clearfix\">\n<div class=\"post-format-media\"><a href=\"https:\/\/www.oriolmorte.com\/es\/2009\/08\/23\/concierto-en-calella-de-palafrugell\/\"><img decoding=\"async\" src=\"https:\/\/www.oriolmorte.com\/wp-content\/uploads\/2009\/08\/santroc_MG_3007_oriol_morte_featured_blog-scaled.jpg\" srcset=\"https:\/\/www.oriolmorte.com\/wp-content\/uploads\/2009\/08\/santroc_MG_3007_oriol_morte_featured_blog-scaled.jpg 2560w, https:\/\/www.oriolmorte.com\/wp-content\/uploads\/2009\/08\/santroc_MG_3007_oriol_morte_featured_blog-600x400.jpg 600w, https:\/\/www.oriolmorte.com\/wp-content\/uploads\/2009\/08\/santroc_MG_3007_oriol_morte_featured_blog-710x473.jpg 710w, https:\/\/www.oriolmorte.com\/wp-content\/uploads\/2009\/08\/santroc_MG_3007_oriol_morte_featured_blog-900x600.jpg 900w, https:\/\/www.oriolmorte.com\/wp-content\/uploads\/2009\/08\/santroc_MG_3007_oriol_morte_featured_blog-1500x1000.jpg 1500w, https:\/\/www.oriolmorte.com\/wp-content\/uploads\/2009\/08\/santroc_MG_3007_oriol_morte_featured_blog-705x470.jpg 705w\" sizes=\"(max-width: 1400px) 100vw, 1400px\" alt=\"\" \/><\/a><\/div><div class=\"entry-blog-contents-wrap clearfix\">\n\t\t\t<div class=\"entry-post-title\">\n\t\t\t<h2>\n\t\t\t<a class=\"postformat_standard\" href=\"https:\/\/www.oriolmorte.com\/es\/2009\/08\/23\/concierto-en-calella-de-palafrugell\/\" rel=\"bookmark\">Concierto en Cala Sant Roc de Calella de Palafrugell<\/a>\n\t\t\t<\/h2>\n\t\t\t<\/div>\n\t\t\t\t<div class=\"postsummarywrap fullpage-item\">\n\t\t\t<div class=\"datecomment clearfix\">\n\t\t\t\t\t<div class=\"post-single-meta-group-one\">\n\t\t\t\t\t\t\t\t\t<span class=\"post-single-meta post-single-meta-author\">\n\t\t\t\t\t<i class=\"feather-icon-head\"><\/i>\n\t\t\t\t\t<span class=\"post-meta-author\">\n\t\t\t\t\t\tOriol Morte\t\t\t\t\t<\/span>\n\t\t\t\t\t<\/span>\n\t\t\t\t\t\t\t\t\t\t<span class=\"post-single-meta post-single-meta-date\">\n\t\t\t\t\t\t<span class=\"post-meta-time\">\n\t\t\t\t\t\t<i class=\"feather-icon-clock\"><\/i>\n\t\t\t\t\t\t<span class=\"date updated\">23\/08\/2009<\/span>\t\t\t\t\t\t<\/span>\n\t\t\t\t\t<\/span>\n\t\t\t\t\t\t\t\t<\/div>\n\t\t\t<div class=\"post-single-meta-group-two\">\n\t\t\t\t\t\t\t\t\t<span class=\"post-single-meta post-meta-category post-single-meta-category\">\n\t\t\t\t\t<i class=\"feather-icon-grid\"><\/i>\n\t\t\t\t\t<a href=\"https:\/\/www.oriolmorte.com\/es\/categoria\/espectaculos\/\" rel=\"category tag\">Espect\u00e1culos<\/a> \/ <a href=\"https:\/\/www.oriolmorte.com\/es\/categoria\/espectaculos\/musica\/\" rel=\"category tag\">M\u00fasica<\/a>\t\t\t\t\t<\/span>\n\t\t\t\t\t\t\t\t<\/div>\n\t\t<\/div>\n\t<\/div>\n\t<div class=\"postsummary-spacing\"><p>El 23 de agosto de 2009 estuve realizando un trabajo para cubrir el concierto que tuvo lugar en la Cala de Sant Roc, en el pueblo de Calella de Palafrugell, Costa Brava. El concierto era por la noche en la playa con el grupo de habaneras Empordanet, con la sorpresa de tener como estrella invitada a S\u00edlvia P\u00e9rez Cruz, cantante de Palafrugell y una de las voces m\u00e1s prometedores del panorama art\u00edstico en Catalunya. Este trabajo fue cubierto con 2 [\u2026]<\/p>\n<\/div><a class=\"theme-btn-link\" href=\"https:\/\/www.oriolmorte.com\/es\/2009\/08\/23\/concierto-en-calella-de-palafrugell\/\"><div class=\"theme-btn theme-btn-outline-primary theme-hover-arrow\">Continue Reading<\/div><\/a><\/div>\n<\/div>\n<\/div>\n<\/div>\n<\/div>\n\t\t<\/div>\n\t\t\t\t<div class=\"entry-content-wrapper\">\n\t\t\t<div class=\"topseperator entry-wrapper post-standard-wrapper clearfix\">\n<div class=\"blog-content-section\">\n<div id=\"post-6079\" class=\"post-6079 post type-post status-publish format-standard hentry category-publicaciones-es\">\n<div class=\"entry-content postformat_contents post-display-excerpt clearfix\">\n<div class=\"entry-blog-contents-wrap clearfix\">\n\t\t\t<div class=\"entry-post-title\">\n\t\t\t<h2>\n\t\t\t<a class=\"postformat_standard\" href=\"https:\/\/www.oriolmorte.com\/es\/2009\/07\/29\/rediseno-de-lostlight-photo-2\/\" rel=\"bookmark\">Redise\u00f1o de lostlight-photo<\/a>\n\t\t\t<\/h2>\n\t\t\t<\/div>\n\t\t\t\t<div class=\"postsummarywrap fullpage-item\">\n\t\t\t<div class=\"datecomment clearfix\">\n\t\t\t\t\t<div class=\"post-single-meta-group-one\">\n\t\t\t\t\t\t\t\t\t<span class=\"post-single-meta post-single-meta-author\">\n\t\t\t\t\t<i class=\"feather-icon-head\"><\/i>\n\t\t\t\t\t<span class=\"post-meta-author\">\n\t\t\t\t\t\tOriol Morte\t\t\t\t\t<\/span>\n\t\t\t\t\t<\/span>\n\t\t\t\t\t\t\t\t\t\t<span class=\"post-single-meta post-single-meta-date\">\n\t\t\t\t\t\t<span class=\"post-meta-time\">\n\t\t\t\t\t\t<i class=\"feather-icon-clock\"><\/i>\n\t\t\t\t\t\t<span class=\"date updated\">29\/07\/2009<\/span>\t\t\t\t\t\t<\/span>\n\t\t\t\t\t<\/span>\n\t\t\t\t\t\t\t\t<\/div>\n\t\t\t<div class=\"post-single-meta-group-two\">\n\t\t\t\t\t\t\t\t\t<span class=\"post-single-meta post-meta-category post-single-meta-category\">\n\t\t\t\t\t<i class=\"feather-icon-grid\"><\/i>\n\t\t\t\t\t<a href=\"https:\/\/www.oriolmorte.com\/es\/categoria\/publicaciones-es\/\" rel=\"category tag\">Publicaciones<\/a>\t\t\t\t\t<\/span>\n\t\t\t\t\t\t\t\t<\/div>\n\t\t<\/div>\n\t<\/div>\n\t<div class=\"postsummary-spacing\"><p>Agradecimientos Normalmente esta parte va al final, pero como sin ellos no hubiese logrado ni empezar, se merecen un sitio destacado. Me han ayudado cada uno de distinta forma y como no me gusta tener que decidir un orden, los citar\u00e9 alfab\u00e9ticamente: Eva Gimeno, David Hern\u00e1ndez, Montse Lorenzo y Antonio J. P\u00e9rez. Han estado ah\u00ed, aconsej\u00e1ndome, ayud\u00e1ndome, opinando en todas las vertientes. Estoy muy contento con el resultado y se lo debo a ellos. Gracias. El momento del cambio Despues [\u2026]<\/p>\n<\/div><a class=\"theme-btn-link\" href=\"https:\/\/www.oriolmorte.com\/es\/2009\/07\/29\/rediseno-de-lostlight-photo-2\/\"><div class=\"theme-btn theme-btn-outline-primary theme-hover-arrow\">Continue Reading<\/div><\/a><\/div>\n<\/div>\n<\/div>\n<\/div>\n<\/div>\n\t\t<\/div>\n\t\t\t\t<div class=\"entry-content-wrapper\">\n\t\t\t<div class=\"topseperator entry-wrapper post-standard-wrapper clearfix\">\n<div class=\"blog-content-section\">\n<div id=\"post-6072\" class=\"post-6072 post type-post status-publish format-standard has-post-thumbnail hentry category-paisaje category-viajes-es tag-la-defense-ca tag-la-defense-es\">\n<div class=\"entry-content postformat_contents post-display-excerpt clearfix\">\n<div class=\"post-format-media\"><a href=\"https:\/\/www.oriolmorte.com\/es\/2009\/07\/17\/paris-en-4-dias\/\"><img decoding=\"async\" src=\"https:\/\/www.oriolmorte.com\/wp-content\/uploads\/2009\/07\/Paris_MG_2378_oriol_morte_featured_blog-scaled.jpg\" srcset=\"https:\/\/www.oriolmorte.com\/wp-content\/uploads\/2009\/07\/Paris_MG_2378_oriol_morte_featured_blog-scaled.jpg 2560w, https:\/\/www.oriolmorte.com\/wp-content\/uploads\/2009\/07\/Paris_MG_2378_oriol_morte_featured_blog-600x400.jpg 600w, https:\/\/www.oriolmorte.com\/wp-content\/uploads\/2009\/07\/Paris_MG_2378_oriol_morte_featured_blog-710x473.jpg 710w, https:\/\/www.oriolmorte.com\/wp-content\/uploads\/2009\/07\/Paris_MG_2378_oriol_morte_featured_blog-900x600.jpg 900w, https:\/\/www.oriolmorte.com\/wp-content\/uploads\/2009\/07\/Paris_MG_2378_oriol_morte_featured_blog-1500x1000.jpg 1500w, https:\/\/www.oriolmorte.com\/wp-content\/uploads\/2009\/07\/Paris_MG_2378_oriol_morte_featured_blog-705x470.jpg 705w\" sizes=\"(max-width: 1400px) 100vw, 1400px\" alt=\"\" \/><\/a><\/div><div class=\"entry-blog-contents-wrap clearfix\">\n\t\t\t<div class=\"entry-post-title\">\n\t\t\t<h2>\n\t\t\t<a class=\"postformat_standard\" href=\"https:\/\/www.oriolmorte.com\/es\/2009\/07\/17\/paris-en-4-dias\/\" rel=\"bookmark\">Par\u00eds en 4 d\u00edas<\/a>\n\t\t\t<\/h2>\n\t\t\t<\/div>\n\t\t\t\t<div class=\"postsummarywrap fullpage-item\">\n\t\t\t<div class=\"datecomment clearfix\">\n\t\t\t\t\t<div class=\"post-single-meta-group-one\">\n\t\t\t\t\t\t\t\t\t<span class=\"post-single-meta post-single-meta-author\">\n\t\t\t\t\t<i class=\"feather-icon-head\"><\/i>\n\t\t\t\t\t<span class=\"post-meta-author\">\n\t\t\t\t\t\tOriol Morte\t\t\t\t\t<\/span>\n\t\t\t\t\t<\/span>\n\t\t\t\t\t\t\t\t\t\t<span class=\"post-single-meta post-single-meta-date\">\n\t\t\t\t\t\t<span class=\"post-meta-time\">\n\t\t\t\t\t\t<i class=\"feather-icon-clock\"><\/i>\n\t\t\t\t\t\t<span class=\"date updated\">17\/07\/2009<\/span>\t\t\t\t\t\t<\/span>\n\t\t\t\t\t<\/span>\n\t\t\t\t\t\t\t\t<\/div>\n\t\t\t<div class=\"post-single-meta-group-two\">\n\t\t\t\t\t\t\t\t\t<span class=\"post-single-meta post-meta-category post-single-meta-category\">\n\t\t\t\t\t<i class=\"feather-icon-grid\"><\/i>\n\t\t\t\t\t<a href=\"https:\/\/www.oriolmorte.com\/es\/categoria\/paisaje\/\" rel=\"category tag\">Paisaje<\/a> \/ <a href=\"https:\/\/www.oriolmorte.com\/es\/categoria\/paisaje\/viajes-es\/\" rel=\"category tag\">Viajes<\/a>\t\t\t\t\t<\/span>\n\t\t\t\t\t\t\t\t<\/div>\n\t\t<\/div>\n\t<\/div>\n\t<div class=\"postsummary-spacing\"><p>Durante 4 d\u00edas visit\u00e9 Par\u00eds para tomar unas cuantas fotograf\u00edas de sitios tan emblem\u00e1ticos como la torre Eiffel, le Sacre-Coeur, La D\u00e9f\u00e9nse y Notre-Damme. He elegido el blanco y negro para todas esas fotograf\u00edas para transmitir la esencia de esos sitios y su clima. Algunas de ellas son fotograf\u00edas panor\u00e1micas formadas por varias tomas y unidas por software para abarcar grandes espacios incomparables como los que se pueden encontrar en esa vieja ciudad francesa. \u00a0<\/p>\n<\/div><a class=\"theme-btn-link\" href=\"https:\/\/www.oriolmorte.com\/es\/2009\/07\/17\/paris-en-4-dias\/\"><div class=\"theme-btn theme-btn-outline-primary theme-hover-arrow\">Continue Reading<\/div><\/a><\/div>\n<\/div>\n<\/div>\n<\/div>\n<\/div>\n\t\t<\/div>\n\t\t\t\t<div class=\"entry-content-wrapper\">\n\t\t\t<div class=\"topseperator entry-wrapper post-standard-wrapper clearfix\">\n<div class=\"blog-content-section\">\n<div id=\"post-6025\" class=\"post-6025 post type-post status-publish format-standard has-post-thumbnail hentry category-paisaje category-viajes-es tag-estados-unidos\">\n<div class=\"entry-content postformat_contents post-display-excerpt clearfix\">\n<div class=\"post-format-media\"><a href=\"https:\/\/www.oriolmorte.com\/es\/2009\/07\/01\/new-york-new-york\/\"><img decoding=\"async\" src=\"https:\/\/www.oriolmorte.com\/wp-content\/uploads\/2014\/01\/New-York_MG_2044_oriol_morte_featured_blog-scaled.jpg\" srcset=\"https:\/\/www.oriolmorte.com\/wp-content\/uploads\/2014\/01\/New-York_MG_2044_oriol_morte_featured_blog-scaled.jpg 2560w, https:\/\/www.oriolmorte.com\/wp-content\/uploads\/2014\/01\/New-York_MG_2044_oriol_morte_featured_blog-600x300.jpg 600w, https:\/\/www.oriolmorte.com\/wp-content\/uploads\/2014\/01\/New-York_MG_2044_oriol_morte_featured_blog-710x355.jpg 710w, https:\/\/www.oriolmorte.com\/wp-content\/uploads\/2014\/01\/New-York_MG_2044_oriol_morte_featured_blog-1030x515.jpg 1030w, https:\/\/www.oriolmorte.com\/wp-content\/uploads\/2014\/01\/New-York_MG_2044_oriol_morte_featured_blog-1500x750.jpg 1500w, https:\/\/www.oriolmorte.com\/wp-content\/uploads\/2014\/01\/New-York_MG_2044_oriol_morte_featured_blog-705x352.jpg 705w\" sizes=\"(max-width: 1400px) 100vw, 1400px\" alt=\"\" \/><\/a><\/div><div class=\"entry-blog-contents-wrap clearfix\">\n\t\t\t<div class=\"entry-post-title\">\n\t\t\t<h2>\n\t\t\t<a class=\"postformat_standard\" href=\"https:\/\/www.oriolmorte.com\/es\/2009\/07\/01\/new-york-new-york\/\" rel=\"bookmark\">New York, New York<\/a>\n\t\t\t<\/h2>\n\t\t\t<\/div>\n\t\t\t\t<div class=\"postsummarywrap fullpage-item\">\n\t\t\t<div class=\"datecomment clearfix\">\n\t\t\t\t\t<div class=\"post-single-meta-group-one\">\n\t\t\t\t\t\t\t\t\t<span class=\"post-single-meta post-single-meta-author\">\n\t\t\t\t\t<i class=\"feather-icon-head\"><\/i>\n\t\t\t\t\t<span class=\"post-meta-author\">\n\t\t\t\t\t\tOriol Morte\t\t\t\t\t<\/span>\n\t\t\t\t\t<\/span>\n\t\t\t\t\t\t\t\t\t\t<span class=\"post-single-meta post-single-meta-date\">\n\t\t\t\t\t\t<span class=\"post-meta-time\">\n\t\t\t\t\t\t<i class=\"feather-icon-clock\"><\/i>\n\t\t\t\t\t\t<span class=\"date updated\">01\/07\/2009<\/span>\t\t\t\t\t\t<\/span>\n\t\t\t\t\t<\/span>\n\t\t\t\t\t\t\t\t<\/div>\n\t\t\t<div class=\"post-single-meta-group-two\">\n\t\t\t\t\t\t\t\t\t<span class=\"post-single-meta post-meta-category post-single-meta-category\">\n\t\t\t\t\t<i class=\"feather-icon-grid\"><\/i>\n\t\t\t\t\t<a href=\"https:\/\/www.oriolmorte.com\/es\/categoria\/paisaje\/\" rel=\"category tag\">Paisaje<\/a> \/ <a href=\"https:\/\/www.oriolmorte.com\/es\/categoria\/paisaje\/viajes-es\/\" rel=\"category tag\">Viajes<\/a>\t\t\t\t\t<\/span>\n\t\t\t\t\t\t\t\t<\/div>\n\t\t<\/div>\n\t<\/div>\n\t<div class=\"postsummary-spacing\"><p>Los \u00faltimos d\u00edas de Junio estuve en Estados Unidos, fotografiando en New York, ciudad de grandes contrastes y de una cultura muy diferente a lo que en Europa estamos acostumbrados a ver. Aunque la estancia fue muy corta, fue bien aprovechada capturando algunos escenarios muyconocidos como Empire State, el puente de Brooklyn, la estaci\u00f3n Grand Central y detalles de Manhattan en general. \u00a0<\/p>\n<\/div><a class=\"theme-btn-link\" href=\"https:\/\/www.oriolmorte.com\/es\/2009\/07\/01\/new-york-new-york\/\"><div class=\"theme-btn theme-btn-outline-primary theme-hover-arrow\">Continue Reading<\/div><\/a><\/div>\n<\/div>\n<\/div>\n<\/div>\n<\/div>\n\t\t<\/div>\n\t\t\t\t<div class=\"entry-content-wrapper\">\n\t\t\t<div class=\"topseperator entry-wrapper post-standard-wrapper clearfix\">\n<div class=\"blog-content-section\">\n<div id=\"post-6021\" class=\"post-6021 post type-post status-publish format-standard has-post-thumbnail hentry category-tecnica tag-equipo\">\n<div class=\"entry-content postformat_contents post-display-excerpt clearfix\">\n<div class=\"post-format-media\"><a href=\"https:\/\/www.oriolmorte.com\/es\/2009\/03\/20\/nueva-camara-canon-eos-5d-mark2\/\"><img decoding=\"async\" src=\"https:\/\/www.oriolmorte.com\/wp-content\/uploads\/2009\/03\/Canon_EOS_5D_Mark_II_with_50mm_1.4_oriol_morte_featured_blog-scaled.jpg\" srcset=\"https:\/\/www.oriolmorte.com\/wp-content\/uploads\/2009\/03\/Canon_EOS_5D_Mark_II_with_50mm_1.4_oriol_morte_featured_blog-scaled.jpg 2560w, https:\/\/www.oriolmorte.com\/wp-content\/uploads\/2009\/03\/Canon_EOS_5D_Mark_II_with_50mm_1.4_oriol_morte_featured_blog-600x512.jpg 600w, https:\/\/www.oriolmorte.com\/wp-content\/uploads\/2009\/03\/Canon_EOS_5D_Mark_II_with_50mm_1.4_oriol_morte_featured_blog-703x600.jpg 703w, https:\/\/www.oriolmorte.com\/wp-content\/uploads\/2009\/03\/Canon_EOS_5D_Mark_II_with_50mm_1.4_oriol_morte_featured_blog-1500x1279.jpg 1500w, https:\/\/www.oriolmorte.com\/wp-content\/uploads\/2009\/03\/Canon_EOS_5D_Mark_II_with_50mm_1.4_oriol_morte_featured_blog-705x601.jpg 705w\" sizes=\"(max-width: 1400px) 100vw, 1400px\" alt=\"\" \/><\/a><\/div><div class=\"entry-blog-contents-wrap clearfix\">\n\t\t\t<div class=\"entry-post-title\">\n\t\t\t<h2>\n\t\t\t<a class=\"postformat_standard\" href=\"https:\/\/www.oriolmorte.com\/es\/2009\/03\/20\/nueva-camara-canon-eos-5d-mark2\/\" rel=\"bookmark\">Nueva c\u00e1mara Canon EOS 5D Mark2<\/a>\n\t\t\t<\/h2>\n\t\t\t<\/div>\n\t\t\t\t<div class=\"postsummarywrap fullpage-item\">\n\t\t\t<div class=\"datecomment clearfix\">\n\t\t\t\t\t<div class=\"post-single-meta-group-one\">\n\t\t\t\t\t\t\t\t\t<span class=\"post-single-meta post-single-meta-author\">\n\t\t\t\t\t<i class=\"feather-icon-head\"><\/i>\n\t\t\t\t\t<span class=\"post-meta-author\">\n\t\t\t\t\t\tOriol Morte\t\t\t\t\t<\/span>\n\t\t\t\t\t<\/span>\n\t\t\t\t\t\t\t\t\t\t<span class=\"post-single-meta post-single-meta-date\">\n\t\t\t\t\t\t<span class=\"post-meta-time\">\n\t\t\t\t\t\t<i class=\"feather-icon-clock\"><\/i>\n\t\t\t\t\t\t<span class=\"date updated\">20\/03\/2009<\/span>\t\t\t\t\t\t<\/span>\n\t\t\t\t\t<\/span>\n\t\t\t\t\t\t\t\t<\/div>\n\t\t\t<div class=\"post-single-meta-group-two\">\n\t\t\t\t\t\t\t\t\t<span class=\"post-single-meta post-meta-category post-single-meta-category\">\n\t\t\t\t\t<i class=\"feather-icon-grid\"><\/i>\n\t\t\t\t\t<a href=\"https:\/\/www.oriolmorte.com\/es\/categoria\/tecnica\/\" rel=\"category tag\">T\u00e9cnica<\/a>\t\t\t\t\t<\/span>\n\t\t\t\t\t\t\t\t<\/div>\n\t\t<\/div>\n\t<\/div>\n\t<div class=\"postsummary-spacing\"><p>El pasado 20 de marzo lleg\u00f3 a mis manos una de las \u00faltimas c\u00e1maras que ha aparecido en el mercado de las r\u00e9flex digitales, la Canon 5D Mark II. De caracter\u00edsticas muy diferentes al cuerpo que he estado usando hasta ahora, la Canon 1D Mark II, ahora dispongo de un sensor full frame, mucho mejor para las fotograf\u00edas de retrato y paisajes. Un procesador de imagen m\u00e1s moderno y con una resoluci\u00f3n de 21 megap\u00edxeles, apto para llevar a cabo [\u2026]<\/p>\n<\/div><a class=\"theme-btn-link\" href=\"https:\/\/www.oriolmorte.com\/es\/2009\/03\/20\/nueva-camara-canon-eos-5d-mark2\/\"><div class=\"theme-btn theme-btn-outline-primary theme-hover-arrow\">Continue Reading<\/div><\/a><\/div>\n<\/div>\n<\/div>\n<\/div>\n<\/div>\n\t\t<\/div>\n\t\t\t\t<div class=\"entry-content-wrapper\">\n\t\t\t<div class=\"topseperator entry-wrapper post-standard-wrapper clearfix\">\n<div class=\"blog-content-section\">\n<div id=\"post-6000\" class=\"post-6000 post type-post status-publish format-standard has-post-thumbnail hentry category-editorial-es\">\n<div class=\"entry-content postformat_contents post-display-excerpt clearfix\">\n<div class=\"post-format-media\"><a href=\"https:\/\/www.oriolmorte.com\/es\/2009\/03\/01\/publicacion-en-la-revista-vidaestetica-de-marzo-de-2009\/\"><img decoding=\"async\" src=\"https:\/\/www.oriolmorte.com\/wp-content\/uploads\/2009\/03\/vidaestetica_marzo_2009_oriol_morte_featured_blog.jpg\" srcset=\"https:\/\/www.oriolmorte.com\/wp-content\/uploads\/2009\/03\/vidaestetica_marzo_2009_oriol_morte_featured_blog.jpg 485w, https:\/\/www.oriolmorte.com\/wp-content\/uploads\/2009\/03\/vidaestetica_marzo_2009_oriol_morte_featured_blog-450x600.jpg 450w, https:\/\/www.oriolmorte.com\/wp-content\/uploads\/2009\/03\/vidaestetica_marzo_2009_oriol_morte_featured_blog-449x600.jpg 449w\" sizes=\"(max-width: 485px) 100vw, 485px\" alt=\"\" \/><\/a><\/div><div class=\"entry-blog-contents-wrap clearfix\">\n\t\t\t<div class=\"entry-post-title\">\n\t\t\t<h2>\n\t\t\t<a class=\"postformat_standard\" href=\"https:\/\/www.oriolmorte.com\/es\/2009\/03\/01\/publicacion-en-la-revista-vidaestetica-de-marzo-de-2009\/\" rel=\"bookmark\">Publicaci\u00f3n en la revista Vidaest\u00e9tica de Marzo de 2009<\/a>\n\t\t\t<\/h2>\n\t\t\t<\/div>\n\t\t\t\t<div class=\"postsummarywrap fullpage-item\">\n\t\t\t<div class=\"datecomment clearfix\">\n\t\t\t\t\t<div class=\"post-single-meta-group-one\">\n\t\t\t\t\t\t\t\t\t<span class=\"post-single-meta post-single-meta-author\">\n\t\t\t\t\t<i class=\"feather-icon-head\"><\/i>\n\t\t\t\t\t<span class=\"post-meta-author\">\n\t\t\t\t\t\tOriol Morte\t\t\t\t\t<\/span>\n\t\t\t\t\t<\/span>\n\t\t\t\t\t\t\t\t\t\t<span class=\"post-single-meta post-single-meta-date\">\n\t\t\t\t\t\t<span class=\"post-meta-time\">\n\t\t\t\t\t\t<i class=\"feather-icon-clock\"><\/i>\n\t\t\t\t\t\t<span class=\"date updated\">01\/03\/2009<\/span>\t\t\t\t\t\t<\/span>\n\t\t\t\t\t<\/span>\n\t\t\t\t\t\t\t\t<\/div>\n\t\t\t<div class=\"post-single-meta-group-two\">\n\t\t\t\t\t\t\t\t\t<span class=\"post-single-meta post-meta-category post-single-meta-category\">\n\t\t\t\t\t<i class=\"feather-icon-grid\"><\/i>\n\t\t\t\t\t<a href=\"https:\/\/www.oriolmorte.com\/es\/categoria\/editorial-es\/\" rel=\"category tag\">Editorial<\/a>\t\t\t\t\t<\/span>\n\t\t\t\t\t\t\t\t<\/div>\n\t\t<\/div>\n\t<\/div>\n\t<div class=\"postsummary-spacing\"><p>Este mes ha sido publicada en la p\u00e1gina 48 de la revista Vidaest\u00e9tica una fotograf\u00eda de Francesc Salvador que formaba del trabajo que hice para Begil en la sesi\u00f3n de fotos con los modelos adultos.<\/p>\n<\/div><a class=\"theme-btn-link\" href=\"https:\/\/www.oriolmorte.com\/es\/2009\/03\/01\/publicacion-en-la-revista-vidaestetica-de-marzo-de-2009\/\"><div class=\"theme-btn theme-btn-outline-primary theme-hover-arrow\">Continue Reading<\/div><\/a><\/div>\n<\/div>\n<\/div>\n<\/div>\n<\/div>\n\t\t<\/div>\n\t\t\t\t<div class=\"entry-content-wrapper\">\n\t\t\t<div class=\"topseperator entry-wrapper post-standard-wrapper clearfix\">\n<div class=\"blog-content-section\">\n<div id=\"post-3604\" class=\"post-3604 post type-post status-publish format-standard has-post-thumbnail hentry category-retrato\">\n<div class=\"entry-content postformat_contents post-display-excerpt clearfix\">\n<div class=\"post-format-media\"><a href=\"https:\/\/www.oriolmorte.com\/es\/2009\/02\/01\/catalogo-de-la-linea-de-microfibra-de-begil\/\"><img decoding=\"async\" src=\"https:\/\/www.oriolmorte.com\/wp-content\/uploads\/2009\/02\/LY5O6294_oriol_morte_featured_blog.jpg\" srcset=\"https:\/\/www.oriolmorte.com\/wp-content\/uploads\/2009\/02\/LY5O6294_oriol_morte_featured_blog.jpg 1030w, https:\/\/www.oriolmorte.com\/wp-content\/uploads\/2009\/02\/LY5O6294_oriol_morte_featured_blog-600x373.jpg 600w, https:\/\/www.oriolmorte.com\/wp-content\/uploads\/2009\/02\/LY5O6294_oriol_morte_featured_blog-300x186.jpg 300w, https:\/\/www.oriolmorte.com\/wp-content\/uploads\/2009\/02\/LY5O6294_oriol_morte_featured_blog-705x438.jpg 705w\" sizes=\"(max-width: 1030px) 100vw, 1030px\" alt=\"\" \/><\/a><\/div><div class=\"entry-blog-contents-wrap clearfix\">\n\t\t\t<div class=\"entry-post-title\">\n\t\t\t<h2>\n\t\t\t<a class=\"postformat_standard\" href=\"https:\/\/www.oriolmorte.com\/es\/2009\/02\/01\/catalogo-de-la-linea-de-microfibra-de-begil\/\" rel=\"bookmark\">Cat\u00e1logo de la l\u00ednea de microfibra de Begil<\/a>\n\t\t\t<\/h2>\n\t\t\t<\/div>\n\t\t\t\t<div class=\"postsummarywrap fullpage-item\">\n\t\t\t<div class=\"datecomment clearfix\">\n\t\t\t\t\t<div class=\"post-single-meta-group-one\">\n\t\t\t\t\t\t\t\t\t<span class=\"post-single-meta post-single-meta-author\">\n\t\t\t\t\t<i class=\"feather-icon-head\"><\/i>\n\t\t\t\t\t<span class=\"post-meta-author\">\n\t\t\t\t\t\tOriol Morte\t\t\t\t\t<\/span>\n\t\t\t\t\t<\/span>\n\t\t\t\t\t\t\t\t\t\t<span class=\"post-single-meta post-single-meta-date\">\n\t\t\t\t\t\t<span class=\"post-meta-time\">\n\t\t\t\t\t\t<i class=\"feather-icon-clock\"><\/i>\n\t\t\t\t\t\t<span class=\"date updated\">01\/02\/2009<\/span>\t\t\t\t\t\t<\/span>\n\t\t\t\t\t<\/span>\n\t\t\t\t\t\t\t\t<\/div>\n\t\t\t<div class=\"post-single-meta-group-two\">\n\t\t\t\t\t\t\t\t\t<span class=\"post-single-meta post-meta-category post-single-meta-category\">\n\t\t\t\t\t<i class=\"feather-icon-grid\"><\/i>\n\t\t\t\t\t<a href=\"https:\/\/www.oriolmorte.com\/es\/categoria\/retrato\/\" rel=\"category tag\">Retrato<\/a>\t\t\t\t\t<\/span>\n\t\t\t\t\t\t\t\t<\/div>\n\t\t<\/div>\n\t<\/div>\n\t<div class=\"postsummary-spacing\"><p>El pasado verano de 2008 trabaj\u00e9 como fot\u00f3grafo en 3 sesiones de fotos, con modelos chico y chica adultos, ni\u00f1o, ni\u00f1a y un beb\u00e9 para la empresa Begil. El encargo consist\u00eda en fotografiar con modelos toda la l\u00ednea de microfibra que distribuye Begil, en el que se incluyen albornoces, toallas, manteles, complementos textiles varios y de cosm\u00e9tica para limpieza facial. El cliente quer\u00eda una imagen atractiva de sus productos, y decid\u00ed proponer una localizaci\u00f3n para los modelos adultos que encajaba [\u2026]<\/p>\n<\/div><a class=\"theme-btn-link\" href=\"https:\/\/www.oriolmorte.com\/es\/2009\/02\/01\/catalogo-de-la-linea-de-microfibra-de-begil\/\"><div class=\"theme-btn theme-btn-outline-primary theme-hover-arrow\">Continue Reading<\/div><\/a><\/div>\n<\/div>\n<\/div>\n<\/div>\n<\/div>\n\t\t<\/div>\n\t\t\t\t<div class=\"entry-content-wrapper\">\n\t\t\t<div class=\"topseperator entry-wrapper post-standard-wrapper clearfix\">\n<div class=\"blog-content-section\">\n<div id=\"post-271\" class=\"post-271 post type-post status-publish format-standard has-post-thumbnail hentry category-retrato category-tecnica\">\n<div class=\"entry-content postformat_contents post-display-excerpt clearfix\">\n<div class=\"post-format-media\"><a href=\"https:\/\/www.oriolmorte.com\/es\/2008\/05\/08\/iv-congreso-caborian\/\"><img decoding=\"async\" src=\"https:\/\/www.oriolmorte.com\/wp-content\/uploads\/2008\/05\/LY5O5053-2_oriol_morte_featured_blog-scaled.jpg\" srcset=\"https:\/\/www.oriolmorte.com\/wp-content\/uploads\/2008\/05\/LY5O5053-2_oriol_morte_featured_blog-scaled.jpg 2560w, https:\/\/www.oriolmorte.com\/wp-content\/uploads\/2008\/05\/LY5O5053-2_oriol_morte_featured_blog-600x400.jpg 600w, https:\/\/www.oriolmorte.com\/wp-content\/uploads\/2008\/05\/LY5O5053-2_oriol_morte_featured_blog-710x473.jpg 710w, https:\/\/www.oriolmorte.com\/wp-content\/uploads\/2008\/05\/LY5O5053-2_oriol_morte_featured_blog-900x600.jpg 900w, https:\/\/www.oriolmorte.com\/wp-content\/uploads\/2008\/05\/LY5O5053-2_oriol_morte_featured_blog-1500x1000.jpg 1500w, https:\/\/www.oriolmorte.com\/wp-content\/uploads\/2008\/05\/LY5O5053-2_oriol_morte_featured_blog-705x470.jpg 705w\" sizes=\"(max-width: 1400px) 100vw, 1400px\" alt=\"\" \/><\/a><\/div><div class=\"entry-blog-contents-wrap clearfix\">\n\t\t\t<div class=\"entry-post-title\">\n\t\t\t<h2>\n\t\t\t<a class=\"postformat_standard\" href=\"https:\/\/www.oriolmorte.com\/es\/2008\/05\/08\/iv-congreso-caborian\/\" rel=\"bookmark\">IV Congreso Caborian<\/a>\n\t\t\t<\/h2>\n\t\t\t<\/div>\n\t\t\t\t<div class=\"postsummarywrap fullpage-item\">\n\t\t\t<div class=\"datecomment clearfix\">\n\t\t\t\t\t<div class=\"post-single-meta-group-one\">\n\t\t\t\t\t\t\t\t\t<span class=\"post-single-meta post-single-meta-author\">\n\t\t\t\t\t<i class=\"feather-icon-head\"><\/i>\n\t\t\t\t\t<span class=\"post-meta-author\">\n\t\t\t\t\t\tadmin\t\t\t\t\t<\/span>\n\t\t\t\t\t<\/span>\n\t\t\t\t\t\t\t\t\t\t<span class=\"post-single-meta post-single-meta-date\">\n\t\t\t\t\t\t<span class=\"post-meta-time\">\n\t\t\t\t\t\t<i class=\"feather-icon-clock\"><\/i>\n\t\t\t\t\t\t<span class=\"date updated\">08\/05\/2008<\/span>\t\t\t\t\t\t<\/span>\n\t\t\t\t\t<\/span>\n\t\t\t\t\t\t\t\t<\/div>\n\t\t\t<div class=\"post-single-meta-group-two\">\n\t\t\t\t\t\t\t\t\t<span class=\"post-single-meta post-meta-category post-single-meta-category\">\n\t\t\t\t\t<i class=\"feather-icon-grid\"><\/i>\n\t\t\t\t\t<a href=\"https:\/\/www.oriolmorte.com\/es\/categoria\/retrato\/\" rel=\"category tag\">Retrato<\/a> \/ <a href=\"https:\/\/www.oriolmorte.com\/es\/categoria\/tecnica\/\" rel=\"category tag\">T\u00e9cnica<\/a>\t\t\t\t\t<\/span>\n\t\t\t\t\t\t\t\t<\/div>\n\t\t<\/div>\n\t<\/div>\n\t<div class=\"postsummary-spacing\"><p>Un vez m\u00e1s asist\u00ed al congreso Caborian del 30 de abril al 3 de mayo que transcurre cada a\u00f1o sobre estas fechas en la ciudad asturiana de Gij\u00f3n. En esta ocasi\u00f3n se celebr\u00f3 en la Universidad Laboral de Gij\u00f3n, edficio emblem\u00e1tico de la ciudad, y un sitio ideal para albergar todas las actividades del programa. Me involucr\u00e9 personalmente en la organizaci\u00f3n del congreso como coordinador t\u00e9cnico de talleres y conferencias tratando de tener preparado todo lo necesario para los talleres [\u2026]<\/p>\n<\/div><a class=\"theme-btn-link\" href=\"https:\/\/www.oriolmorte.com\/es\/2008\/05\/08\/iv-congreso-caborian\/\"><div class=\"theme-btn theme-btn-outline-primary theme-hover-arrow\">Continue Reading<\/div><\/a><\/div>\n<\/div>\n<\/div>\n<\/div>\n<\/div>\n\t\t<\/div>\n\t\t<div class=\"clearfix\"><\/div>\n<!-- ADD Custom Numbered Pagination code. -->\n<\/div>\t\t\t\t<\/div>\n\t\t\t\t<\/div>\n\t\t\t\t\t<\/div>\n\t\t<\/div>\n\t\t\t\t\t<\/div>\n\t\t<\/section>\n\t\t\t\t<\/div>\n\t\t","protected":false},"excerpt":{"rendered":"<p>BLOG Blog de Fotograf\u00eda SIEMPRE HAY UNA HISTORIA DETR\u00c1S DE CADA FOTO Fotografiar en invierno por el Norte de la Pen\u00ednsula Ib\u00e9rica Oriol Morte 28\/02\/2020 Paisaje \/ Viajes El Reto de la fotograf\u00eda en invierno La climatolog\u00eda a veces nos hace regalos que los fot\u00f3grafos debemos saber aprovechar como el caso que nos ocupa y poder fotografiar en invierno en el Norte de la Pen\u00ednsula Ib\u00e9rica. Aunque las condiciones sean adversas vale la pena salir y ver escenas que raramente [&hellip;]<\/p>\n","protected":false},"author":1,"featured_media":44398,"parent":0,"menu_order":0,"comment_status":"closed","ping_status":"closed","template":"","meta":{"footnotes":""},"yoast_head":"<!-- This site is optimized with the Yoast SEO plugin v23.5 - https:\/\/yoast.com\/wordpress\/plugins\/seo\/ -->\n<title>Blog de Fotograf\u00eda - Oriol Morte | Visuals<\/title>\n<meta name=\"description\" content=\"Blog de Fotograf\u00eda de Oriol Morte. Art\u00edculos sobre Fotograf\u00eda de Viajes, Fotograf\u00eda de Retrato, Fotograf\u00eda de Eventos, T\u00e9cnica fotogr\u00e1fica y otros.\" \/>\n<meta name=\"robots\" content=\"index, follow, max-snippet:-1, max-image-preview:large, max-video-preview:-1\" \/>\n<link rel=\"canonical\" href=\"https:\/\/www.oriolmorte.com\/es\/blog\/\" \/>\n<meta property=\"og:locale\" content=\"es_ES\" \/>\n<meta property=\"og:type\" content=\"article\" \/>\n<meta property=\"og:title\" content=\"Blog de Fotograf\u00eda - Oriol Morte | Visuals\" \/>\n<meta property=\"og:description\" content=\"Blog de Fotograf\u00eda de Oriol Morte. Art\u00edculos sobre Fotograf\u00eda de Viajes, Fotograf\u00eda de Retrato, Fotograf\u00eda de Eventos, T\u00e9cnica fotogr\u00e1fica y otros.\" \/>\n<meta property=\"og:url\" content=\"https:\/\/www.oriolmorte.com\/es\/blog\/\" \/>\n<meta property=\"og:site_name\" content=\"Oriol Morte | Visuals\" \/>\n<meta property=\"article:modified_time\" content=\"2024-03-18T10:33:37+00:00\" \/>\n<meta property=\"og:image\" content=\"https:\/\/www.oriolmorte.com\/wp-content\/uploads\/2020\/02\/OM_Gallery_new_zealand-Lake_Mapourika_New_Zealand_2013-6p-Edit.jpg\" \/>\n\t<meta property=\"og:image:width\" content=\"2000\" \/>\n\t<meta property=\"og:image:height\" content=\"1000\" \/>\n\t<meta property=\"og:image:type\" content=\"image\/jpeg\" \/>\n<meta name=\"twitter:card\" content=\"summary_large_image\" \/>\n<meta name=\"twitter:site\" content=\"@oriolmorte\" \/>\n<meta name=\"twitter:label1\" content=\"Tiempo de lectura\" \/>\n\t<meta name=\"twitter:data1\" content=\"32 minutos\" \/>\n<script type=\"application\/ld+json\" class=\"yoast-schema-graph\">{\"@context\":\"https:\/\/schema.org\",\"@graph\":[{\"@type\":\"WebPage\",\"@id\":\"https:\/\/www.oriolmorte.com\/es\/blog\/\",\"url\":\"https:\/\/www.oriolmorte.com\/es\/blog\/\",\"name\":\"Blog de Fotograf\u00eda - Oriol Morte | Visuals\",\"isPartOf\":{\"@id\":\"https:\/\/www.oriolmorte.com\/es\/#website\"},\"primaryImageOfPage\":{\"@id\":\"https:\/\/www.oriolmorte.com\/es\/blog\/#primaryimage\"},\"image\":{\"@id\":\"https:\/\/www.oriolmorte.com\/es\/blog\/#primaryimage\"},\"thumbnailUrl\":\"https:\/\/www.oriolmorte.com\/wp-content\/uploads\/2020\/02\/OM_Gallery_new_zealand-Lake_Mapourika_New_Zealand_2013-6p-Edit.jpg\",\"datePublished\":\"2013-12-17T18:09:49+00:00\",\"dateModified\":\"2024-03-18T10:33:37+00:00\",\"description\":\"Blog de Fotograf\u00eda de Oriol Morte. Art\u00edculos sobre Fotograf\u00eda de Viajes, Fotograf\u00eda de Retrato, Fotograf\u00eda de Eventos, T\u00e9cnica fotogr\u00e1fica y otros.\",\"breadcrumb\":{\"@id\":\"https:\/\/www.oriolmorte.com\/es\/blog\/#breadcrumb\"},\"inLanguage\":\"es\",\"potentialAction\":[{\"@type\":\"ReadAction\",\"target\":[\"https:\/\/www.oriolmorte.com\/es\/blog\/\"]}]},{\"@type\":\"ImageObject\",\"inLanguage\":\"es\",\"@id\":\"https:\/\/www.oriolmorte.com\/es\/blog\/#primaryimage\",\"url\":\"https:\/\/www.oriolmorte.com\/wp-content\/uploads\/2020\/02\/OM_Gallery_new_zealand-Lake_Mapourika_New_Zealand_2013-6p-Edit.jpg\",\"contentUrl\":\"https:\/\/www.oriolmorte.com\/wp-content\/uploads\/2020\/02\/OM_Gallery_new_zealand-Lake_Mapourika_New_Zealand_2013-6p-Edit.jpg\",\"width\":2000,\"height\":1000,\"caption\":\"Lake Mapourika\"},{\"@type\":\"BreadcrumbList\",\"@id\":\"https:\/\/www.oriolmorte.com\/es\/blog\/#breadcrumb\",\"itemListElement\":[{\"@type\":\"ListItem\",\"position\":1,\"name\":\"Home\",\"item\":\"https:\/\/www.oriolmorte.com\/es\/\"},{\"@type\":\"ListItem\",\"position\":2,\"name\":\"Blog\"}]},{\"@type\":\"WebSite\",\"@id\":\"https:\/\/www.oriolmorte.com\/es\/#website\",\"url\":\"https:\/\/www.oriolmorte.com\/es\/\",\"name\":\"Oriol Morte | Visuals\",\"description\":\"Photography\",\"publisher\":{\"@id\":\"https:\/\/www.oriolmorte.com\/es\/#\/schema\/person\/c939f3cb1e4f0e0d005eba682aa7f5a3\"},\"potentialAction\":[{\"@type\":\"SearchAction\",\"target\":{\"@type\":\"EntryPoint\",\"urlTemplate\":\"https:\/\/www.oriolmorte.com\/es\/?s={search_term_string}\"},\"query-input\":{\"@type\":\"PropertyValueSpecification\",\"valueRequired\":true,\"valueName\":\"search_term_string\"}}],\"inLanguage\":\"es\"},{\"@type\":[\"Person\",\"Organization\"],\"@id\":\"https:\/\/www.oriolmorte.com\/es\/#\/schema\/person\/c939f3cb1e4f0e0d005eba682aa7f5a3\",\"name\":\"Oriol Morte\",\"image\":{\"@type\":\"ImageObject\",\"inLanguage\":\"es\",\"@id\":\"https:\/\/www.oriolmorte.com\/es\/#\/schema\/person\/image\/\",\"url\":\"https:\/\/www.oriolmorte.com\/wp-content\/uploads\/2014\/03\/logo_OM_black_translucent_background.png\",\"contentUrl\":\"https:\/\/www.oriolmorte.com\/wp-content\/uploads\/2014\/03\/logo_OM_black_translucent_background.png\",\"width\":500,\"height\":500,\"caption\":\"Oriol Morte\"},\"logo\":{\"@id\":\"https:\/\/www.oriolmorte.com\/es\/#\/schema\/person\/image\/\"},\"description\":\"Photographer since 2002\"}]}<\/script>\n<!-- \/ Yoast SEO plugin. -->","yoast_head_json":{"title":"Blog de Fotograf\u00eda - Oriol Morte | Visuals","description":"Blog de Fotograf\u00eda de Oriol Morte. Art\u00edculos sobre Fotograf\u00eda de Viajes, Fotograf\u00eda de Retrato, Fotograf\u00eda de Eventos, T\u00e9cnica fotogr\u00e1fica y otros.","robots":{"index":"index","follow":"follow","max-snippet":"max-snippet:-1","max-image-preview":"max-image-preview:large","max-video-preview":"max-video-preview:-1"},"canonical":"https:\/\/www.oriolmorte.com\/es\/blog\/","og_locale":"es_ES","og_type":"article","og_title":"Blog de Fotograf\u00eda - Oriol Morte | Visuals","og_description":"Blog de Fotograf\u00eda de Oriol Morte. Art\u00edculos sobre Fotograf\u00eda de Viajes, Fotograf\u00eda de Retrato, Fotograf\u00eda de Eventos, T\u00e9cnica fotogr\u00e1fica y otros.","og_url":"https:\/\/www.oriolmorte.com\/es\/blog\/","og_site_name":"Oriol Morte | Visuals","article_modified_time":"2024-03-18T10:33:37+00:00","og_image":[{"width":2000,"height":1000,"url":"https:\/\/www.oriolmorte.com\/wp-content\/uploads\/2020\/02\/OM_Gallery_new_zealand-Lake_Mapourika_New_Zealand_2013-6p-Edit.jpg","type":"image\/jpeg"}],"twitter_card":"summary_large_image","twitter_site":"@oriolmorte","twitter_misc":{"Tiempo de lectura":"32 minutos"},"schema":{"@context":"https:\/\/schema.org","@graph":[{"@type":"WebPage","@id":"https:\/\/www.oriolmorte.com\/es\/blog\/","url":"https:\/\/www.oriolmorte.com\/es\/blog\/","name":"Blog de Fotograf\u00eda - Oriol Morte | Visuals","isPartOf":{"@id":"https:\/\/www.oriolmorte.com\/es\/#website"},"primaryImageOfPage":{"@id":"https:\/\/www.oriolmorte.com\/es\/blog\/#primaryimage"},"image":{"@id":"https:\/\/www.oriolmorte.com\/es\/blog\/#primaryimage"},"thumbnailUrl":"https:\/\/www.oriolmorte.com\/wp-content\/uploads\/2020\/02\/OM_Gallery_new_zealand-Lake_Mapourika_New_Zealand_2013-6p-Edit.jpg","datePublished":"2013-12-17T18:09:49+00:00","dateModified":"2024-03-18T10:33:37+00:00","description":"Blog de Fotograf\u00eda de Oriol Morte. Art\u00edculos sobre Fotograf\u00eda de Viajes, Fotograf\u00eda de Retrato, Fotograf\u00eda de Eventos, T\u00e9cnica fotogr\u00e1fica y otros.","breadcrumb":{"@id":"https:\/\/www.oriolmorte.com\/es\/blog\/#breadcrumb"},"inLanguage":"es","potentialAction":[{"@type":"ReadAction","target":["https:\/\/www.oriolmorte.com\/es\/blog\/"]}]},{"@type":"ImageObject","inLanguage":"es","@id":"https:\/\/www.oriolmorte.com\/es\/blog\/#primaryimage","url":"https:\/\/www.oriolmorte.com\/wp-content\/uploads\/2020\/02\/OM_Gallery_new_zealand-Lake_Mapourika_New_Zealand_2013-6p-Edit.jpg","contentUrl":"https:\/\/www.oriolmorte.com\/wp-content\/uploads\/2020\/02\/OM_Gallery_new_zealand-Lake_Mapourika_New_Zealand_2013-6p-Edit.jpg","width":2000,"height":1000,"caption":"Lake Mapourika"},{"@type":"BreadcrumbList","@id":"https:\/\/www.oriolmorte.com\/es\/blog\/#breadcrumb","itemListElement":[{"@type":"ListItem","position":1,"name":"Home","item":"https:\/\/www.oriolmorte.com\/es\/"},{"@type":"ListItem","position":2,"name":"Blog"}]},{"@type":"WebSite","@id":"https:\/\/www.oriolmorte.com\/es\/#website","url":"https:\/\/www.oriolmorte.com\/es\/","name":"Oriol Morte | Visuals","description":"Photography","publisher":{"@id":"https:\/\/www.oriolmorte.com\/es\/#\/schema\/person\/c939f3cb1e4f0e0d005eba682aa7f5a3"},"potentialAction":[{"@type":"SearchAction","target":{"@type":"EntryPoint","urlTemplate":"https:\/\/www.oriolmorte.com\/es\/?s={search_term_string}"},"query-input":{"@type":"PropertyValueSpecification","valueRequired":true,"valueName":"search_term_string"}}],"inLanguage":"es"},{"@type":["Person","Organization"],"@id":"https:\/\/www.oriolmorte.com\/es\/#\/schema\/person\/c939f3cb1e4f0e0d005eba682aa7f5a3","name":"Oriol Morte","image":{"@type":"ImageObject","inLanguage":"es","@id":"https:\/\/www.oriolmorte.com\/es\/#\/schema\/person\/image\/","url":"https:\/\/www.oriolmorte.com\/wp-content\/uploads\/2014\/03\/logo_OM_black_translucent_background.png","contentUrl":"https:\/\/www.oriolmorte.com\/wp-content\/uploads\/2014\/03\/logo_OM_black_translucent_background.png","width":500,"height":500,"caption":"Oriol Morte"},"logo":{"@id":"https:\/\/www.oriolmorte.com\/es\/#\/schema\/person\/image\/"},"description":"Photographer since 2002"}]}},"_links":{"self":[{"href":"https:\/\/www.oriolmorte.com\/es\/wp-json\/wp\/v2\/pages\/45973"}],"collection":[{"href":"https:\/\/www.oriolmorte.com\/es\/wp-json\/wp\/v2\/pages"}],"about":[{"href":"https:\/\/www.oriolmorte.com\/es\/wp-json\/wp\/v2\/types\/page"}],"author":[{"embeddable":true,"href":"https:\/\/www.oriolmorte.com\/es\/wp-json\/wp\/v2\/users\/1"}],"replies":[{"embeddable":true,"href":"https:\/\/www.oriolmorte.com\/es\/wp-json\/wp\/v2\/comments?post=45973"}],"version-history":[{"count":31,"href":"https:\/\/www.oriolmorte.com\/es\/wp-json\/wp\/v2\/pages\/45973\/revisions"}],"predecessor-version":[{"id":49950,"href":"https:\/\/www.oriolmorte.com\/es\/wp-json\/wp\/v2\/pages\/45973\/revisions\/49950"}],"wp:featuredmedia":[{"embeddable":true,"href":"https:\/\/www.oriolmorte.com\/es\/wp-json\/wp\/v2\/media\/44398"}],"wp:attachment":[{"href":"https:\/\/www.oriolmorte.com\/es\/wp-json\/wp\/v2\/media?parent=45973"}],"curies":[{"name":"wp","href":"https:\/\/api.w.org\/{rel}","templated":true}]}}