{"id":2418,"date":"2013-11-18T23:49:13","date_gmt":"2013-11-18T22:49:13","guid":{"rendered":"http:\/\/oriolmorte.com\/new\/?page_id=2418"},"modified":"2020-05-24T23:07:24","modified_gmt":"2020-05-24T21:07:24","slug":"equipo-fotografico","status":"publish","type":"page","link":"https:\/\/www.oriolmorte.com\/es\/sobre-mi\/equipo-fotografico\/","title":{"rendered":"Mi Equipo Fotogr\u00e1fico"},"content":{"rendered":"\n<h2 class=\"wp-block-heading\">Mi Equipo Fotogr\u00e1fico<\/h2>\n<p>La fotograf\u00eda es luz, pero no se toma una foto sin una c\u00e1mara. Es por eso que todos los fot\u00f3grafos necesitan las herramientas adecuadas para transformar la luz en im\u00e1genes. Desde la c\u00e1mara estenopeica hasta el sistema de c\u00e1mara m\u00e1s sofisticado tienen el mismo prop\u00f3sito. Capturar la luz. Es s\u00f3lo cuesti\u00f3n de gusto, presupuesto y necesidades cuando optamos por ciertos equipos. Te mostrar\u00e9 lo que uso. Eso no significa que sea mejor que otros. Solamente significa que ha sido mi elecci\u00f3n por determinadas razones. Razones t\u00e9cnicas, principalmente.<\/p>\n<p>Adjunto enlaces directos a Amazon para todos los \u00edtems que puedo entendiendo que es informaci\u00f3n interesante si has llegado a la p\u00e1gina del Equipo Fotogr\u00e1fico :). Todos necesitamos las herramientas adecuadas y la informaci\u00f3n directa a las especificaciones y los precios es informaci\u00f3n \u00fatil para muchos fot\u00f3grafos que buscan equipos. En algunos casos, no existe tal v\u00ednculo con el producto exacto que poseo, sino el equivalente (como una versi\u00f3n \u00abIII\u00bb en lugar de \u00abII\u00bb de una lente). Deseo que sea \u00fatil toda la informaci\u00f3n.<\/p>\n<h3>Sumario del Equipo Fotogr\u00e1fico<\/h3>\n<p><a href=\"#camera-body\">Cuerpo de C\u00e1mara<\/a><\/p>\n<p><a href=\"#zoom-lenses\">Lentes Zoom<\/a><\/p>\n<p><a href=\"#prime-lenses\">Lentes Fijas<\/a><\/p>\n<p><a href=\"#flashes\">Flashes<\/a><\/p>\n<p><a href=\"#accessories\">Accesorios<\/a><\/p>\n<p><a href=\"#computer-it\">Inform\u00e1tica<\/a><\/p>\n<p><a href=\"#storage\">Almacenamiento<\/a><\/p>\n<p><a href=\"#bags\">Bolsas y Mochilas<\/a><\/p>\n\n<div style=\"height:50px\" aria-hidden=\"true\" class=\"wp-block-spacer\"><\/div>\n\n<h3 class=\"wp-block-heading\" id=\"camera-body\"><strong>Cuerpo de C\u00e1mara<\/strong><\/h3>\n\n<div style=\"height:50px\" aria-hidden=\"true\" class=\"wp-block-spacer\"><\/div>\n\n<h4 class=\"wp-block-heading\">Canon EOS 5D Mark IV<\/h4>\n\n<p>Desde 2016, esta c\u00e1mara ha sido mi c\u00e1mara principal. Antes de la 5D Mark IV, estaba usando una <a rel=\"noreferrer noopener\" href=\"https:\/\/amzn.to\/35s1gDh\" target=\"_blank\">Canon 5D Mark III<\/a> y una <a rel=\"noreferrer noopener\" href=\"https:\/\/amzn.to\/35pWVk2\" target=\"_blank\">Panasonic GH4<\/a>. Lamentablemente, <a href=\"https:\/\/www.oriolmorte.com\/es\/2017\/01\/01\/robado-el-peor-viaje-fotografico-de-mi-vida\/\">me robaron el equipo cuando volv\u00eda de un viaje fotogr\u00e1fico por carretera procedente de Escocia<\/a>. Hay algunos equipos enumerados en esta p\u00e1gina que tambi\u00e9n fueron robados y nunca se recuperaron, pero creo que es \u00fatil incluirlos y comentar el uso y servicio que me han dado. Por otro lado, suelo alquilar equipos, aunque solo cito aqu\u00ed el equipo que pose\u00eda o que utilizo lo suficiente como para ser considerado una de mis herramientas.<\/p>\n\n<a href=\"https:\/\/www.amazon.com\/Canon-Mark-Frame-Digital-Camera\/dp\/B01KURGS9E\/ref=as_li_ss_il?crid=35ECFAL7UAIW9&dchild=1&keywords=5d+mark+iv&qid=1588450210&s=electronics&sprefix=5d,electronics,222&sr=1-1&linkCode=li2&tag=oriolmorte-20&linkId=9da3eb7ec641853c0b44f5d5419ff6f2&language=en_US\" target=\"_blank\" rel=\"noopener noreferrer\"><img decoding=\"async\" border=\"0\" src=\"\/\/ws-na.amazon-adsystem.com\/widgets\/q?_encoding=UTF8&ASIN=B01KURGS9E&Format=_SL160_&ID=AsinImage&MarketPlace=US&ServiceVersion=20070822&WS=1&tag=oriolmorte-20&language=en_US\"><\/a><img decoding=\"async\" src=\"https:\/\/ir-na.amazon-adsystem.com\/e\/ir?t=oriolmorte-20&language=en_US&l=li2&o=1&a=B01KURGS9E\" width=\"1\" height=\"1\" border=\"0\" alt=\"\" style=\"border:none !important; margin:0px !important;\">\n\n<p>Comprar en Amazon.com<\/p>\n\n<div style=\"height:50px\" aria-hidden=\"true\" class=\"wp-block-spacer\"><\/div>\n\n<h3 class=\"wp-block-heading\" id=\"zoom-lenses\"><strong>Lentes Zoom<\/strong><\/h3>\n\n<div style=\"height:50px\" aria-hidden=\"true\" class=\"wp-block-spacer\"><\/div>\n\n<h4 class=\"wp-block-heading\">Canon EF 17-40mm f\/4L USM Ultra Wide Angle Zoom Lens for Canon SLR<\/h4>\n\n<p>Esta lente fue la primera que compr\u00e9 para mi primera c\u00e1mara r\u00e9flex digital en 2003, una Canon 10D. Una c\u00e1mara de 6 megap\u00edxeles que a\u00fan conservo como un tesoro. Como esta c\u00e1mara ten\u00eda un factor de recorte de 1.6x, era como un equivalente de 27-64 mm en formato de 35 mm. Robusta como todas las dem\u00e1s series de lentes \u00abL\u00bb ha sido un gran compa\u00f1ero de viaje para paisajes al aire libre, fotograf\u00eda de interiores, conciertos y retratos extremos. M\u00e1s tarde lo estaba usando con c\u00e1maras de la serie 5D de fotograma completo obteniendo este aspecto ultra angular que ofrece a 17 mm. En este momento, ya se han lanzado otras opciones en un rango de precios similar. Si eligiera un sustituto de 17-40 f \/ 4, optar\u00eda por el nuevo Canon EF 16-35mm f \/ 4 IS USM que tiene m\u00e1s resoluci\u00f3n y nitidez general ya que tiene una tecnolog\u00eda y dise\u00f1o de lente m\u00e1s nuevos.<\/p>\n\n<a href=\"https:\/\/www.amazon.com\/Canon-17-40mm-Ultra-Angle-Cameras\/dp\/B00009R6WO\/ref=as_li_ss_il?crid=17ZVOR4ZMW3SZ&dchild=1&keywords=17-40mm+canon+lens&qid=1588449516&sprefix=17-40,aps,221&sr=8-1&linkCode=li1&tag=oriolmorte-20&linkId=eead7acaed7ef024fe0f7e50f2fb3ecd&language=en_US\" target=\"_blank\" rel=\"noopener noreferrer\"><img decoding=\"async\" border=\"0\" src=\"\/\/ws-na.amazon-adsystem.com\/widgets\/q?_encoding=UTF8&ASIN=B00009R6WO&Format=_SL110_&ID=AsinImage&MarketPlace=US&ServiceVersion=20070822&WS=1&tag=oriolmorte-20&language=en_US\"><\/a><img decoding=\"async\" src=\"https:\/\/ir-na.amazon-adsystem.com\/e\/ir?t=oriolmorte-20&language=en_US&l=li1&o=1&a=B00009R6WO\" width=\"1\" height=\"1\" border=\"0\" alt=\"\" style=\"border:none !important; margin:0px !important;\">\n\n<p>Comprar en Amazon.com<\/p>\n\n<div style=\"height:50px\" aria-hidden=\"true\" class=\"wp-block-spacer\"><\/div>\n\n<h4 class=\"wp-block-heading\">Canon EF 24-70mm f\/2.8L II USM Standard Zoom Lens<\/h4>\n\n<p>El 24-70 ha sido mi caballo de batalla desde que me mud\u00e9 a las c\u00e1maras de fotograma completo. Primero comenc\u00e9 con la versi\u00f3n I de este objetivo y actualic\u00e9 a la versi\u00f3n II en 2016. La versi\u00f3n II ofrece un rendimiento \u00f3ptico y una resoluci\u00f3n mucho mejores dadas las exigentes c\u00e1maras que utilizan sensores de gran cantidad de megap\u00edxeles en la \u00faltima d\u00e9cada.<\/p>\n\n<p>Por lo general, elijo este objetivo en la mayor\u00eda de los casos donde solamente me puedo llevar uno solo, para viajar ligero. Utilizo el 24-70 para paisajes, fotograf\u00eda de interiores, desde un rango de distancia focal amplio a est\u00e1ndar en retratos y escenas amplias en conciertos \/ eventos. En combinaci\u00f3n con el siguiente 70-200 2.8L IS II \/ III es el kit perfecto de lentes todoterreno.<\/p>\n\n<a href=\"https:\/\/www.amazon.com\/Canon-24-70mm-2-8L-Standard-Zoom\/dp\/B0076BNK30\/ref=as_li_ss_il?dchild=1&keywords=canon+24-70mm&qid=1588448197&sr=8-1&linkCode=li2&tag=oriolmorte-20&linkId=93ae59faeb51dba9be476ad51f09eeff&language=en_US\" target=\"_blank\" rel=\"noopener noreferrer\"><img decoding=\"async\" border=\"0\" src=\"\/\/ws-na.amazon-adsystem.com\/widgets\/q?_encoding=UTF8&ASIN=B0076BNK30&Format=_SL160_&ID=AsinImage&MarketPlace=US&ServiceVersion=20070822&WS=1&tag=oriolmorte-20&language=en_US\"><\/a><img decoding=\"async\" src=\"https:\/\/ir-na.amazon-adsystem.com\/e\/ir?t=oriolmorte-20&language=en_US&l=li2&o=1&a=B0076BNK30\" width=\"1\" height=\"1\" border=\"0\" alt=\"\" style=\"border:none !important; margin:0px !important;\">\n\n<p>Comprar en Amazon.com<\/p>\n\n<div style=\"height:50px\" aria-hidden=\"true\" class=\"wp-block-spacer\"><\/div>\n\n<h4 class=\"wp-block-heading\">Canon EF 70-200mm f\/2.8L III USM Standard Zoom Lens<\/h4>\n\n<p>Esta es mi segunda lente preferida despu\u00e9s del 24-70. Dado que el modelo que estoy usando (70-200 2.8L II USM) est\u00e1 descontinuado, el reemplazo es la versi\u00f3n III que ofrece cambios menores (espero que no se me enfaden los de Canon). Es una lente fant\u00e1stica, n\u00edtida y con un AF muy r\u00e1pido. Un todoterreno y polivalente que quieres tener en tu mochila.<\/p>\n\n<a href=\"https:\/\/www.amazon.com\/Canon-70-200mm-Telephoto-Certified-Refurbished\/dp\/B01L76DUA2\/ref=as_li_ss_il?crid=60PPC3NJ8YUF&dchild=1&keywords=70-200mm+f2.8+canon&qid=1588451108&s=electronics&sprefix=70-200,electronics,220&sr=1-12&linkCode=li2&tag=oriolmorte-20&linkId=e6ddd9ba8912510f37a70c5788204ee4&language=en_US\" target=\"_blank\" rel=\"noopener noreferrer\"><img decoding=\"async\" border=\"0\" src=\"\/\/ws-na.amazon-adsystem.com\/widgets\/q?_encoding=UTF8&ASIN=B01L76DUA2&Format=_SL160_&ID=AsinImage&MarketPlace=US&ServiceVersion=20070822&WS=1&tag=oriolmorte-20&language=en_US\"><\/a><img loading=\"lazy\" decoding=\"async\" src=\"https:\/\/ir-na.amazon-adsystem.com\/e\/ir?t=oriolmorte-20&language=en_US&l=li2&o=1&a=B01L76DUA2\" width=\"1\" height=\"1\" border=\"0\" alt=\"\" style=\"border:none !important; margin:0px !important;\">\n\n<p>Comprar en Amazon.com<\/p>\n\n<div style=\"height:50px\" aria-hidden=\"true\" class=\"wp-block-spacer\"><\/div>\n\n<h3 class=\"wp-block-heading\" id=\"prime-lenses\"><strong>Lentes Fijas<\/strong><\/h3>\n\n<div style=\"height:50px\" aria-hidden=\"true\" class=\"wp-block-spacer\"><\/div>\n\n<h4 class=\"wp-block-heading\">Canon EF 50mm f\/1.4 USM Standard PRIME Lens<\/h4>\n\n<p>Una de las peque\u00f1as joyas de la l\u00ednea de lentes Canon. Lo uso principalmente para retratos ambientales y retratos en primer plano. No es una lente L (en t\u00e9rminos de sellado y calidad de construcci\u00f3n), pero tiene un color y una nitidez buena, 3 veces m\u00e1s barato que su equivalente de la serie L, el <a rel=\"noreferrer noopener\" href=\"https:\/\/amzn.to\/36rhJYV\" target=\"_blank\">Canon 50mm f1.2L USM<\/a>. Todav\u00eda se puede optar por una versi\u00f3n m\u00e1s barata que la serie no L de 50 mm, el <a rel=\"noreferrer noopener\" href=\"https:\/\/amzn.to\/36p2wHQ\" target=\"_blank\">50 mm 1.8 STM<\/a>.<\/p>\n\n<a href=\"https:\/\/www.amazon.com\/Canon-50mm-1-4-Standard-Telephoto\/dp\/B00C94WIK0\/ref=as_li_ss_il?crid=2MYB135PQBMGB&dchild=1&keywords=50mm+1.4+canon+lens&qid=1588527781&sprefix=50mm+1.4,aps,228&sr=8-3&linkCode=li2&tag=oriolmorte-20&linkId=01b064fa221186c0fbd4abc822d7ce52&language=en_US\" target=\"_blank\" rel=\"noopener noreferrer\"><img decoding=\"async\" border=\"0\" src=\"\/\/ws-na.amazon-adsystem.com\/widgets\/q?_encoding=UTF8&ASIN=B00C94WIK0&Format=_SL160_&ID=AsinImage&MarketPlace=US&ServiceVersion=20070822&WS=1&tag=oriolmorte-20&language=en_US\"><\/a><img loading=\"lazy\" decoding=\"async\" src=\"https:\/\/ir-na.amazon-adsystem.com\/e\/ir?t=oriolmorte-20&language=en_US&l=li2&o=1&a=B00C94WIK0\" width=\"1\" height=\"1\" border=\"0\" alt=\"\" style=\"border:none !important; margin:0px !important;\">\n\n<p>Comprar en Amazon.com<\/p>\n\n<div style=\"height:50px\" aria-hidden=\"true\" class=\"wp-block-spacer\"><\/div>\n\n<h4 class=\"wp-block-heading\">Canon EF 100mm f\/2.8 Macro USM Macro Fixed Lens for Canon SLR Cameras<\/h4>\n\n<p>Esta lente es un cl\u00e1sico de Canon. Bueno para macro y retrato. El AF y la calidad de construcci\u00f3n son promedio pero valen el precio que pagas. Really sharp and one of the best tools for macro photography I want to have in my bag.<\/p>\n\n<a href=\"https:\/\/www.amazon.com\/Canon-100mm-Macro-Fixed-Cameras\/dp\/B00004XOM3\/ref=as_li_ss_il?crid=2XS1Y507QYW91&dchild=1&keywords=100mm+2.8+macro+lens+for+canon&qid=1588543284&sprefix=100mm+2,aps,218&sr=8-2&linkCode=li2&tag=oriolmorte-20&linkId=c472db3c99ba684892ea7621e62b7e5e&language=en_US\" target=\"_blank\" rel=\"noopener noreferrer\"><img decoding=\"async\" border=\"0\" src=\"\/\/ws-na.amazon-adsystem.com\/widgets\/q?_encoding=UTF8&ASIN=B00004XOM3&Format=_SL160_&ID=AsinImage&MarketPlace=US&ServiceVersion=20070822&WS=1&tag=oriolmorte-20&language=en_US\"><\/a><img loading=\"lazy\" decoding=\"async\" src=\"https:\/\/ir-na.amazon-adsystem.com\/e\/ir?t=oriolmorte-20&language=en_US&l=li2&o=1&a=B00004XOM3\" width=\"1\" height=\"1\" border=\"0\" alt=\"\" style=\"border:none !important; margin:0px !important;\">\n\n<p>Comprar en Amazon.com<\/p>\n\n<div style=\"height:50px\" aria-hidden=\"true\" class=\"wp-block-spacer\"><\/div>\n\n<h4 class=\"wp-block-heading\">Canon EF 135mm f\/2L USM Lens for Canon SLR<\/h4>\n\n<p>Esta es una de las mejores lentes que Canon ha construido. Todav\u00eda se est\u00e1 vendiendo hoy en d\u00eda. Excelente para retratos y fotograf\u00edas con poca luz, es una de las lentes m\u00e1s n\u00edtidas y r\u00e1pidas que Canon haya fabricado. Es una de mis favoritas!<\/p>\n\n<a href=\"https:\/\/www.amazon.com\/Canon-135mm-USM-Lens-Cameras\/dp\/B000053HC5\/ref=as_li_ss_il?crid=12IQ1ZYXT9YYB&dchild=1&keywords=135+f2+canon&qid=1588543375&sprefix=135+f2,aps,215&sr=8-1&linkCode=li2&tag=oriolmorte-20&linkId=dbf1ce8a685175a638b9502037120ce0&language=en_US\" target=\"_blank\" rel=\"noopener noreferrer\"><img decoding=\"async\" border=\"0\" src=\"\/\/ws-na.amazon-adsystem.com\/widgets\/q?_encoding=UTF8&ASIN=B000053HC5&Format=_SL160_&ID=AsinImage&MarketPlace=US&ServiceVersion=20070822&WS=1&tag=oriolmorte-20&language=en_US\"><\/a><img loading=\"lazy\" decoding=\"async\" src=\"https:\/\/ir-na.amazon-adsystem.com\/e\/ir?t=oriolmorte-20&language=en_US&l=li2&o=1&a=B000053HC5\" width=\"1\" height=\"1\" border=\"0\" alt=\"\" style=\"border:none !important; margin:0px !important;\">\n\n<p>Comprar en Amazon.com<\/p>\n\n<div style=\"height:50px\" aria-hidden=\"true\" class=\"wp-block-spacer\"><\/div>\n\n<h4 class=\"wp-block-heading\">Canon EF 300mm f\/2.8L IS USM II Super Telephoto Lens for Canon SLR Cameras<\/h4>\n\n<p>Esta es una lente de palabras mayores. F\u00e1cil de adivinar, la lente m\u00e1s pesada que pose\u00eda. Por otro lado, tambi\u00e9n r\u00e1pida y n\u00edtida. Usar un monopie es casi un requisito. Lo he usado para deportes, conciertos, retratos y vida salvaje. Es m\u00e1s vers\u00e1til que otras opciones como las lentes de 400 mm y superiores. El detalle y el color es simplemente incre\u00edble.<\/p>\n\n<a href=\"https:\/\/www.amazon.com\/Canon-300mm-Super-Telephoto-Cameras\/dp\/B0040X4PRW\/ref=as_li_ss_il?crid=3NZKS5QA71XZS&dchild=1&keywords=canon+300mm+lens+f2.8&qid=1588543615&sprefix=canon+300mm,aps,221&sr=8-3&linkCode=li2&tag=oriolmorte-20&linkId=474b5132e50327f7dccc29bca655f2a5&language=en_US\" target=\"_blank\" rel=\"noopener noreferrer\"><img decoding=\"async\" border=\"0\" src=\"\/\/ws-na.amazon-adsystem.com\/widgets\/q?_encoding=UTF8&ASIN=B0040X4PRW&Format=_SL160_&ID=AsinImage&MarketPlace=US&ServiceVersion=20070822&WS=1&tag=oriolmorte-20&language=en_US\"><\/a><img loading=\"lazy\" decoding=\"async\" src=\"https:\/\/ir-na.amazon-adsystem.com\/e\/ir?t=oriolmorte-20&language=en_US&l=li2&o=1&a=B0040X4PRW\" width=\"1\" height=\"1\" border=\"0\" alt=\"\" style=\"border:none !important; margin:0px !important;\">\n\n<p>Comprar en Amazon.com<\/p>\n\n<div style=\"height:50px\" aria-hidden=\"true\" class=\"wp-block-spacer\"><\/div>\n\n<h3 class=\"wp-block-heading\" id=\"flashes\"><strong>Flashes<\/strong><\/h3>\n\n<div style=\"height:50px\" aria-hidden=\"true\" class=\"wp-block-spacer\"><\/div>\n\n<h4 class=\"wp-block-heading\">Godox AD200Pro<\/h4>\n\n<p>Tambi\u00e9n bajo la marca \u00abFlashpoint\u00bb en algunos pa\u00edses, el AD200Pro es uno de los flashes port\u00e1tiles m\u00e1s vers\u00e1tiles para sesiones de fotos en interiores y exteriores. Ofrece 200 W y una gran variedad de accesorios y herramientas de modelado. Es cierto que Godox ha hecho un gran trabajo los \u00faltimos a\u00f1os al lanzar algunas herramientas y accesorios de iluminaci\u00f3n potentes.<\/p>\n\n<a href=\"https:\/\/www.amazon.com\/Godox-AD200-0-01-1-8s-Recycling-Lightweight\/dp\/B07QM6RWPY\/ref=as_li_ss_il?crid=T0QR93XIRH6F&dchild=1&keywords=godox+ad200+pro&qid=1590337801&sprefix=godox+,aps,230&sr=8-1-spons&psc=1&smid=A3P9EAC3KD93H7&spLa=ZW5jcnlwdGVkUXVhbGlmaWVyPUExU0xZSTRMVVEwUzA1JmVuY3J5cHRlZElkPUEwNTgwOTE2MkVSR1U4U0pUVUNIQSZlbmNyeXB0ZWRBZElkPUEwOTk5ODk3MkwyVEIzT0NMSUNQOSZ3aWRnZXROYW1lPXNwX2F0ZiZhY3Rpb249Y2xpY2tSZWRpcmVjdCZkb05vdExvZ0NsaWNrPXRydWU=&linkCode=li2&tag=oriolmorte-20&linkId=07ec0c015bb7e3360b596b64c1aa61b8&language=en_US\" target=\"_blank\" rel=\"noopener noreferrer\"><img decoding=\"async\" border=\"0\" src=\"\/\/ws-na.amazon-adsystem.com\/widgets\/q?_encoding=UTF8&ASIN=B07QM6RWPY&Format=_SL160_&ID=AsinImage&MarketPlace=US&ServiceVersion=20070822&WS=1&tag=oriolmorte-20&language=en_US\"><\/a><img loading=\"lazy\" decoding=\"async\" src=\"https:\/\/ir-na.amazon-adsystem.com\/e\/ir?t=oriolmorte-20&language=en_US&l=li2&o=1&a=B07QM6RWPY\" width=\"1\" height=\"1\" border=\"0\" alt=\"\" style=\"border:none !important; margin:0px !important;\">\n\n<p>Comprar en Amazon.com<\/p>\n\n<div style=\"height:50px\" aria-hidden=\"true\" class=\"wp-block-spacer\"><\/div>\n\n<h4 class=\"wp-block-heading\">Godox X2T-C Wireless Flash Trigger for Canon<\/h4>\n\n<p>He estado usando los viejos y confiables Pocket Wizard Plus II por muchos a\u00f1os. Hasta ahora. Desde que prob\u00e9 el Godox X2T-C, es un transmisor que me permite no solo disparar flashes compatibles con Godox y Canon, sino que tambi\u00e9n permite configurar la potencia de cada flash y agruparlos como desees, de forma remota. Potente y fiable en su funcionamiento, donde las pocas desventajas que pueda mencionar es su calidad de construcci\u00f3n.<\/p>\n\n<a href=\"https:\/\/www.amazon.com\/Godox-Bluetooth-Connection-Relocated-Control-Wheel\/dp\/B07S1THV79\/ref=as_li_ss_il?crid=1DR8CIMF5JA0S&dchild=1&keywords=godox+x2t-c&qid=1590338893&sprefix=Godox+X2T-C,aps,446&sr=8-1-spons&psc=1&smid=A3P9EAC3KD93H7&spLa=ZW5jcnlwdGVkUXVhbGlmaWVyPUEzTUdVWEdUTzBFOVhXJmVuY3J5cHRlZElkPUEwNDEyMjA3Mk1JVVhJVkVaWDZUWCZlbmNyeXB0ZWRBZElkPUEwNTk3Njc4MTJHNDJJTlk3MkZTVSZ3aWRnZXROYW1lPXNwX2F0ZiZhY3Rpb249Y2xpY2tSZWRpcmVjdCZkb05vdExvZ0NsaWNrPXRydWU=&linkCode=li2&tag=oriolmorte-20&linkId=07d691a6c1e02164c8cd5770a5b70ec0&language=en_US\" target=\"_blank\" rel=\"noopener noreferrer\"><img decoding=\"async\" border=\"0\" src=\"\/\/ws-na.amazon-adsystem.com\/widgets\/q?_encoding=UTF8&ASIN=B07S1THV79&Format=_SL160_&ID=AsinImage&MarketPlace=US&ServiceVersion=20070822&WS=1&tag=oriolmorte-20&language=en_US\"><\/a><img loading=\"lazy\" decoding=\"async\" src=\"https:\/\/ir-na.amazon-adsystem.com\/e\/ir?t=oriolmorte-20&language=en_US&l=li2&o=1&a=B07S1THV79\" width=\"1\" height=\"1\" border=\"0\" alt=\"\" style=\"border:none !important; margin:0px !important;\">\n\n<p>Comprar en Amazon.com<\/p>\n\n<div style=\"height:50px\" aria-hidden=\"true\" class=\"wp-block-spacer\"><\/div>\n\n<h4 class=\"wp-block-heading\">Godox X1R-C Wireless Flash Receiver for Canon<\/h4>\n\n<p>En pareja con el <a rel=\"noreferrer noopener\" href=\"https:\/\/amzn.to\/3c33zOW\" target=\"_blank\">Godox X2T-C<\/a> mencionado anteriormente, el X1R-C es un receptor simple donde se puede configurar el grupo y el canal, y ya est\u00e1 listo para trabajar. Ofreciendo TTL y control de potencia remoto desde el transmisor para flashes compatibles con Godox y Canon como <a rel=\"noreferrer noopener\" href=\"https:\/\/amzn.to\/2A8q2gs\" target=\"_blank\">Canon Speedlite 600EX II-RT<\/a> o C<a href=\"https:\/\/amzn.to\/3eg9zpe\" target=\"_blank\" rel=\"noreferrer noopener\">anon 430EX III-RT.<\/a><\/p>\n\n<a href=\"https:\/\/www.amazon.com\/Godox-Wireless-Single-Receiver-X1C-R\/dp\/B01E58ZCM8\/ref=as_li_ss_il?crid=87JVVHWB1ZAL&dchild=1&keywords=godox+x1r-c&qid=1590338787&sprefix=godox+x1,aps,225&sr=8-3&linkCode=li2&tag=oriolmorte-20&linkId=10dcbe2a1d255b7974b5a9ed6b465162&language=en_US\" target=\"_blank\" rel=\"noopener noreferrer\"><img decoding=\"async\" border=\"0\" src=\"\/\/ws-na.amazon-adsystem.com\/widgets\/q?_encoding=UTF8&ASIN=B01E58ZCM8&Format=_SL160_&ID=AsinImage&MarketPlace=US&ServiceVersion=20070822&WS=1&tag=oriolmorte-20&language=en_US\"><\/a><img loading=\"lazy\" decoding=\"async\" src=\"https:\/\/ir-na.amazon-adsystem.com\/e\/ir?t=oriolmorte-20&language=en_US&l=li2&o=1&a=B01E58ZCM8\" width=\"1\" height=\"1\" border=\"0\" alt=\"\" style=\"border:none !important; margin:0px !important;\">\n\n<p>Comprar en Amazon.com<\/p>\n\n<div style=\"height:50px\" aria-hidden=\"true\" class=\"wp-block-spacer\"><\/div>\n\n<h3 class=\"wp-block-heading\" id=\"computer-it\"><strong>Inform\u00e1tica<\/strong><\/h3>\n\n<div style=\"height:50px\" aria-hidden=\"true\" class=\"wp-block-spacer\"><\/div>\n\n<h4 class=\"wp-block-heading\">Apple iMac Retina 5K 27\u2033 Intel Core i5<\/h4>\n\n<p>Esta es mi estaci\u00f3n de trabajo principal donde trabajo con toda mi biblioteca RAW. Es un modelo de finales de 2015 pero a\u00fan funcional. Me encanta la pantalla Retina y el color tan acurado. Uso 16 GB de RAM y una unidad Fusion de 2 TB. Sensaciones contradictorias sobre \u00e9ste \u00faltimo. \u00a1Probablemente lo habr\u00eda cambiado si no fuera porque hacerlo es parecido a una operaci\u00f3n de cirug\u00eda! El enlace no coincide con el modelo exacto ya que hay cientos de opciones y la configuraci\u00f3n de una ordenador es cuesti\u00f3n de gustos y casos de uso de cada no.<\/p>\n\n<a href=\"https:\/\/www.amazon.com\/Apple-Early-Retina-3-0GHz-Fusion\/dp\/B08286RCLP\/ref=as_li_ss_il?dchild=1&keywords=imac&qid=1590331168&s=electronics&sr=1-4&linkCode=li2&tag=oriolmorte-20&linkId=facdd8ab7efdb90ff07aa7e659a9f3f9&language=en_US\" target=\"_blank\" rel=\"noopener noreferrer\"><img decoding=\"async\" border=\"0\" src=\"\/\/ws-na.amazon-adsystem.com\/widgets\/q?_encoding=UTF8&ASIN=B08286RCLP&Format=_SL160_&ID=AsinImage&MarketPlace=US&ServiceVersion=20070822&WS=1&tag=oriolmorte-20&language=en_US\"><\/a><img loading=\"lazy\" decoding=\"async\" src=\"https:\/\/ir-na.amazon-adsystem.com\/e\/ir?t=oriolmorte-20&language=en_US&l=li2&o=1&a=B08286RCLP\" width=\"1\" height=\"1\" border=\"0\" alt=\"\" style=\"border:none !important; margin:0px !important;\">\n\n<p>Comprar en Amazon.com<\/p>\n\n<div style=\"height:50px\" aria-hidden=\"true\" class=\"wp-block-spacer\"><\/div>\n\n<h4 class=\"wp-block-heading\">Apple MacBook Pro 13\u2033<\/h4>\n\n<p>Mi compa\u00f1ero de viaje. Un MacBook Pro 13\u2033 Touchbar de mediados de 2017 con 8GB de RAM y 256GB SSD. Este era el modelo base de con Touchbar y funciona bastante bien. Una vez que el nuevo MacBook Pro se deshizo de todos los puertos USB tradicionales en favor de los puertos USBC, fue un tema muy discutido. Todav\u00eda extra\u00f1o a veces al menos uno de estos puertos olvidados. Por otro lado, estoy feliz de tener un ordenador port\u00e1til equipado con 4 puertos Thunderbolt 3 que permite una gran conectividad a la mayor\u00eda de los perif\u00e9ricos que necesito. Es un ordenador port\u00e1til potente con una pantalla con excelente precisi\u00f3n de color. Creo que una SSD de 8 GB de RAM y 256 GB es un buen equilibrio para la usabilidad y el precio. That doesn\u2019t mean that if you can afford something better, go do it.<\/p>\n\n<a href=\"https:\/\/www.amazon.com\/Apple-MacBook-13-inch-Storage-Keyboard\/dp\/B0882KD98F\/ref=as_li_ss_il?crid=1BEQYKG3WPMFJ&dchild=1&keywords=macbook+pro&qid=1590331919&sprefix=macbook+pro,aps,221&sr=8-3&th=1&linkCode=li2&tag=oriolmorte-20&linkId=93b9b287dddb8200a9ea0b5ae71d1e6e&language=en_US\" target=\"_blank\" rel=\"noopener noreferrer\"><img decoding=\"async\" border=\"0\" src=\"\/\/ws-na.amazon-adsystem.com\/widgets\/q?_encoding=UTF8&ASIN=B0882KD98F&Format=_SL160_&ID=AsinImage&MarketPlace=US&ServiceVersion=20070822&WS=1&tag=oriolmorte-20&language=en_US\"><\/a><img loading=\"lazy\" decoding=\"async\" src=\"https:\/\/ir-na.amazon-adsystem.com\/e\/ir?t=oriolmorte-20&language=en_US&l=li2&o=1&a=B0882KD98F\" width=\"1\" height=\"1\" border=\"0\" alt=\"\" style=\"border:none !important; margin:0px !important;\">\n\n<p>Comprar en Amazon.com<\/p>\n\n<div style=\"height:50px\" aria-hidden=\"true\" class=\"wp-block-spacer\"><\/div>\n\n<h4 class=\"wp-block-heading\">Tether Pro USB-C to USB Micro-B 3.0 4.6m<\/h4>\n\n<p>Ese es el cable ideal para sesiones de fotos. Es una herramienta genial y flexible para tener la c\u00e1mara conectada al ordenador port\u00e1til con suficiente cable para trabajar con modelo y hacer seguimiento en una pantalla grande de lo que est\u00e1 sucediendo. Puede ahorrar tiempo y dinero comprobando si alguna foto no tiene foco u otros problemas diversos.<\/p>\n\n<a href=\"https:\/\/www.amazon.com\/TetherPro-USB-C-Micro-B-High-Visibility-Orange\/dp\/B0794CS7JB\/ref=as_li_ss_il?dchild=1&keywords=tether+tools&qid=1590335847&sr=8-2-spons&psc=1&smid=A3FR7YOQDCCAIT&spLa=ZW5jcnlwdGVkUXVhbGlmaWVyPUFMQUFMNTU3N0pKS1kmZW5jcnlwdGVkSWQ9QTA4OTgxNzVXTTBKUUxHNlFaT0kmZW5jcnlwdGVkQWRJZD1BMDI3MDM4MTFWTktIMzAzQzFZRVQmd2lkZ2V0TmFtZT1zcF9hdGYmYWN0aW9uPWNsaWNrUmVkaXJlY3QmZG9Ob3RMb2dDbGljaz10cnVl&linkCode=li2&tag=oriolmorte-20&linkId=c1c9090bd411da958f500ddd19ff89ef&language=en_US\" target=\"_blank\" rel=\"noopener noreferrer\"><img decoding=\"async\" border=\"0\" src=\"\/\/ws-na.amazon-adsystem.com\/widgets\/q?_encoding=UTF8&ASIN=B0794CS7JB&Format=_SL160_&ID=AsinImage&MarketPlace=US&ServiceVersion=20070822&WS=1&tag=oriolmorte-20&language=en_US\"><\/a><img loading=\"lazy\" decoding=\"async\" src=\"https:\/\/ir-na.amazon-adsystem.com\/e\/ir?t=oriolmorte-20&language=en_US&l=li2&o=1&a=B0794CS7JB\" width=\"1\" height=\"1\" border=\"0\" alt=\"\" style=\"border:none !important; margin:0px !important;\">\n\n<p>Comprar en Amazon.com<\/p>\n\n<div style=\"height:50px\" aria-hidden=\"true\" class=\"wp-block-spacer\"><\/div>\n\n<h3 class=\"wp-block-heading\" id=\"storage\"><strong>Almacenamiento<\/strong><\/h3>\n\n<div style=\"height:50px\" aria-hidden=\"true\" class=\"wp-block-spacer\"><\/div>\n\n<h4 class=\"wp-block-heading\">Synology DS418<\/h4>\n\n<p>Una de las \u00fanicas desventajas de tomar cientos de fotos en una sesi\u00f3n de fotos es el hecho de que ocupa MUCHO espacio en el disco duro. Para eso est\u00e1 un NAS. Es uno de los NAS de 4 bah\u00edas m\u00e1s sencillos que hay y ayuda no solo a almacenar una gran cantidad de archivos RAW y videos, sino tambi\u00e9n a mantenerlos seguros gracias a la configuraci\u00f3n de redundancia disponible. Adem\u00e1s, un NAS tiene muchas herramientas \u00fatiles para organizar y acceder a los archivos multimedia. Esta unidad debe permanecer en casa y siempre encendida. Anteriormente ten\u00eda una unidad de segunda generaci\u00f3n Drobo usb\/fw de 4 bah\u00edas que he dejado de usar porque se volvi\u00f3 poco usable debido a su interfaz algo antigua ya. Cambiar a un sistema NAS m\u00e1s nuevo tambi\u00e9n me proporciona un pu\u00f1ado de nuevas funciones.<\/p>\n\n<a href=\"https:\/\/www.amazon.com\/Synology-bay-DiskStation-DS418-Diskless\/dp\/B075N17DM6\/ref=as_li_ss_il?crid=1EFD0UKQQTY7G&dchild=1&keywords=synology+ds418plus&qid=1590336308&sprefix=synology+ds418plu,aps,218&sr=8-5&linkCode=li2&tag=oriolmorte-20&linkId=0bec7f77e864d9b53a26278cd4297b8b&language=en_US\" target=\"_blank\" rel=\"noopener noreferrer\"><img decoding=\"async\" border=\"0\" src=\"\/\/ws-na.amazon-adsystem.com\/widgets\/q?_encoding=UTF8&ASIN=B075N17DM6&Format=_SL160_&ID=AsinImage&MarketPlace=US&ServiceVersion=20070822&WS=1&tag=oriolmorte-20&language=en_US\"><\/a><img loading=\"lazy\" decoding=\"async\" src=\"https:\/\/ir-na.amazon-adsystem.com\/e\/ir?t=oriolmorte-20&language=en_US&l=li2&o=1&a=B075N17DM6\" width=\"1\" height=\"1\" border=\"0\" alt=\"\" style=\"border:none !important; margin:0px !important;\">\n\n<p>Comprar en Amazon.com<\/p>\n\n<div style=\"height:50px\" aria-hidden=\"true\" class=\"wp-block-spacer\"><\/div>\n\n<h4 class=\"wp-block-heading\">Crucial X8 1TB SSD<\/h4>\n\n<p>Cuando estoy fuera, hay posibilidades que tenga que editar r\u00e1pidamente y entregar un trabajo lo antes posible o descargar y editar las fotos del d\u00eda actual en un viaje dfotogr\u00e1fico, por ejemplo. Por eso la velocidad es clave. Desde los discos duros mec\u00e1nicos m\u00e1s antiguos, ahora es el momento para los nuevos discos SSD que ofrecen velocidades ultrarr\u00e1pidas y tambi\u00e9n ayudan a admitir formatos de video m\u00e1s exigentes como el 4K. En una extensa investigaci\u00f3n para un SSD port\u00e1til, me encontr\u00e9 con algunos productos que pasar\u00edan la \u00abprueba\u00bb y asegurar\u00edan aproximadamente 1.000 MB\/s, duplicando la velocidad de muchas unidades m\u00e1s populares basadas en la interfaz SSD Sata, todav\u00eda en un rango de precio decente. Todav\u00eda hay opciones m\u00e1s r\u00e1pidas pero realmente caras que no mencionar\u00e9 en esta lista.<\/p>\n\n<ul><li><a href=\"https:\/\/amzn.to\/2TzC8WE\" target=\"_blank\" rel=\"noreferrer noopener\">Crucial X8 1TB<\/a><\/li><li><a href=\"https:\/\/amzn.to\/3d3ZNpS\" target=\"_blank\" rel=\"noreferrer noopener\">Sandisk Extreme Pro SSD 1TB<\/a><\/li><li><a href=\"https:\/\/amzn.to\/2X2xpix\" target=\"_blank\" rel=\"noreferrer noopener\">Samsung T7<\/a><\/li><li><a href=\"https:\/\/amzn.to\/2LRkNnM\">WD_Black P50 SSD 1TB<\/a><\/li><\/ul>\n\n<a href=\"https:\/\/www.amazon.com\/Crucial-1TB-Portable-SSD-USB\/dp\/B07YD5TK4F\/ref=as_li_ss_il?crid=2BR36CB4FN5HY&dchild=1&keywords=crucial+x8&qid=1590337582&sprefix=crucial+x,aps,220&sr=8-2&linkCode=li2&tag=oriolmorte-20&linkId=eeac0ebb085868b5947347999db1ca76&language=en_US\" target=\"_blank\" rel=\"noopener noreferrer\"><img decoding=\"async\" border=\"0\" src=\"\/\/ws-na.amazon-adsystem.com\/widgets\/q?_encoding=UTF8&ASIN=B07YD5TK4F&Format=_SL160_&ID=AsinImage&MarketPlace=US&ServiceVersion=20070822&WS=1&tag=oriolmorte-20&language=en_US\"><\/a><img loading=\"lazy\" decoding=\"async\" src=\"https:\/\/ir-na.amazon-adsystem.com\/e\/ir?t=oriolmorte-20&language=en_US&l=li2&o=1&a=B07YD5TK4F\" width=\"1\" height=\"1\" border=\"0\" alt=\"\" style=\"border:none !important; margin:0px !important;\">\n\n<p>Comprar en Amazon.com<\/p>\n\n<div style=\"height:50px\" aria-hidden=\"true\" class=\"wp-block-spacer\"><\/div>\n\n<h4 class=\"wp-block-heading\">Lexar Professional 1066x 64GB Compact Flash<\/h4>\n\n<p>Esa es mi elecci\u00f3n de Compact Flash para el almacenamiento en una Canon 5D Mark IV en formato CF. Ofrece velocidad y tambi\u00e9n la capacidad de mantener el exigente ancho de banda que requiere el modo de grabaci\u00f3n 4K.<\/p>\n\n<a href=\"https:\/\/www.amazon.com\/Lexar-Professional-VPG-65-CompactFlash-LCF64GCRBNA1066\/dp\/B00IAYFDIC\/ref=as_li_ss_il?dchild=1&keywords=lexar+cf&qid=1590339379&sr=8-1&linkCode=li2&tag=oriolmorte-20&linkId=7817542df23047371cfaee5d1370c317&language=en_US\" target=\"_blank\" rel=\"noopener noreferrer\"><img decoding=\"async\" border=\"0\" src=\"\/\/ws-na.amazon-adsystem.com\/widgets\/q?_encoding=UTF8&ASIN=B00IAYFDIC&Format=_SL160_&ID=AsinImage&MarketPlace=US&ServiceVersion=20070822&WS=1&tag=oriolmorte-20&language=en_US\"><\/a><img loading=\"lazy\" decoding=\"async\" src=\"https:\/\/ir-na.amazon-adsystem.com\/e\/ir?t=oriolmorte-20&language=en_US&l=li2&o=1&a=B00IAYFDIC\" width=\"1\" height=\"1\" border=\"0\" alt=\"\" style=\"border:none !important; margin:0px !important;\">\n\n<p>Comprar en Amazon.com<\/p>\n\n<div style=\"height:50px\" aria-hidden=\"true\" class=\"wp-block-spacer\"><\/div>\n\n<h4 class=\"wp-block-heading\">Sandisk 64GB Extreme Pro SDXC UHS-I SD<\/h4>\n\n<p>Despu\u00e9s de no poca investigaci\u00f3n, descubr\u00ed que esta es la mejor opci\u00f3n para una c\u00e1mara 5D Mark IV, ya que es lo suficientemente r\u00e1pida como para mantener la grabaci\u00f3n 4K y ser compatible con su interfaz. Hay que tener en cuenta que las tarjetas SD UHS-II m\u00e1s r\u00e1pidas NO son compatibles con esta c\u00e1mara, por lo que es un desperdicio de dinero.<\/p>\n\n<a href=\"https:\/\/www.amazon.com\/SanDisk-64GB-Extreme-UHS-I-SDSDXXY-064G-GN4IN\/dp\/B07H9J1YXN\/ref=as_li_ss_il?crid=SP7IS0KA7W5R&dchild=1&keywords=sandisk+sd+64gb+extreme+pro&qid=1590339718&sprefix=sandisk+sd+64,aps,225&sr=8-1&linkCode=li2&tag=oriolmorte-20&linkId=0620fcd5df5552e065f9a4fc20fa30e1&language=en_US\" target=\"_blank\" rel=\"noopener noreferrer\"><img decoding=\"async\" border=\"0\" src=\"\/\/ws-na.amazon-adsystem.com\/widgets\/q?_encoding=UTF8&ASIN=B07H9J1YXN&Format=_SL160_&ID=AsinImage&MarketPlace=US&ServiceVersion=20070822&WS=1&tag=oriolmorte-20&language=en_US\"><\/a><img loading=\"lazy\" decoding=\"async\" src=\"https:\/\/ir-na.amazon-adsystem.com\/e\/ir?t=oriolmorte-20&language=en_US&l=li2&o=1&a=B07H9J1YXN\" width=\"1\" height=\"1\" border=\"0\" alt=\"\" style=\"border:none !important; margin:0px !important;\">\n\n<p>Comprar en Amazon.com<\/p>\n\n<div style=\"height:50px\" aria-hidden=\"true\" class=\"wp-block-spacer\"><\/div>\n\n<h3 class=\"wp-block-heading\" id=\"bags\"><strong>Bolsas y Mochilas<\/strong><\/h3>\n\n<div style=\"height:50px\" aria-hidden=\"true\" class=\"wp-block-spacer\"><\/div>\n\n<h4 class=\"wp-block-heading\">Lowepro Pro Roller X100 Rolling Camera Bag<\/h4>\n\n<p>Esta es mi maleta para c\u00e1mara con ruedas favorita. Aunque la versi\u00f3n que tengo es anterior, tiene principalmente las mismas caracter\u00edsticas que el modelo actual. Es una maleta apta como equipaje de mano para volar en avi\u00f3n, pesa aproximadamente 5 kg, tiene una mochila extra\u00edble con asas, funda para todo tipo de clima y un candado aprobado por la TSA. Despu\u00e9s de alg\u00fan uso, tuve que cambiar sus ruedas por unas de patinaje en l\u00ednea que eran mucho m\u00e1s suaves y duraderas. Creo que Lowepro aprendi\u00f3 del modelo que tengo y lo cambi\u00f3 en el modelo actual :).<\/p>\n\n<a href=\"https:\/\/www.amazon.com\/Lowepro-Pro-Roller-X100-Camera\/dp\/B00JV8GM6S\/ref=as_li_ss_il?dchild=1&keywords=lowepro+pro+roller+x100+aw&qid=1590340704&sr=8-1&linkCode=li2&tag=oriolmorte-20&linkId=3ea1aac3ca4d4fe04c8c8ded2f7af8eb&language=en_US\" target=\"_blank\" rel=\"noopener noreferrer\"><img decoding=\"async\" border=\"0\" src=\"\/\/ws-na.amazon-adsystem.com\/widgets\/q?_encoding=UTF8&ASIN=B00JV8GM6S&Format=_SL160_&ID=AsinImage&MarketPlace=US&ServiceVersion=20070822&WS=1&tag=oriolmorte-20&language=en_US\"><\/a><img loading=\"lazy\" decoding=\"async\" src=\"https:\/\/ir-na.amazon-adsystem.com\/e\/ir?t=oriolmorte-20&language=en_US&l=li2&o=1&a=B00JV8GM6S\" width=\"1\" height=\"1\" border=\"0\" alt=\"\" style=\"border:none !important; margin:0px !important;\">\n\n<p>Comprar en Amazon.com<\/p>\n\n<div style=\"height:50px\" aria-hidden=\"true\" class=\"wp-block-spacer\"><\/div>\n\n<h4 class=\"wp-block-heading\">Lowepro Inverse 200 AW Camera Beltpack<\/h4>\n\n<p>Esa es mi bolsa para c\u00e1mara favorita cuando solo tengo que llevarme un par de lentes. Puedo meter un cuerpo full-frame + una lente 24-70 2.8 + una lente 70-200 2.8 y alg\u00fan peque\u00f1o accesorio. Tambi\u00e9n tiene un par de compartimentos para botellas a los lados. Utilizo esta bolsa ya sea para paseos fotogr\u00e1ficos por la ciudad, caminatas por la naturaleza y otros escenarios en los que la portabilidad es clave y una maleta con ruedas no es una opci\u00f3n.<\/p>\n\n<a href=\"https:\/\/www.amazon.com\/Lowepro-Inverse-Camera-Beltpack-Black\/dp\/B0016J7V7E\/ref=as_li_ss_il?crid=295UH3H6BLGTE&dchild=1&keywords=lowepro+inverse+200+aw&qid=1590340151&sprefix=lowepro+inverse,aps,222&sr=8-1&linkCode=li2&tag=oriolmorte-20&linkId=f796007e3833a4576f6831068eb0aa77&language=en_US\" target=\"_blank\" rel=\"noopener noreferrer\"><img decoding=\"async\" border=\"0\" src=\"\/\/ws-na.amazon-adsystem.com\/widgets\/q?_encoding=UTF8&ASIN=B0016J7V7E&Format=_SL160_&ID=AsinImage&MarketPlace=US&ServiceVersion=20070822&WS=1&tag=oriolmorte-20&language=en_US\"><\/a><img loading=\"lazy\" decoding=\"async\" src=\"https:\/\/ir-na.amazon-adsystem.com\/e\/ir?t=oriolmorte-20&language=en_US&l=li2&o=1&a=B0016J7V7E\" width=\"1\" height=\"1\" border=\"0\" alt=\"\" style=\"border:none !important; margin:0px !important;\">\n\n<p>Comprar en Amazon.com<\/p>\n\n<div style=\"height:50px\" aria-hidden=\"true\" class=\"wp-block-spacer\"><\/div>\n\n<h4 class=\"wp-block-heading\">Manfrotto MB BP-D1 for DJI Phantom drone<\/h4>\n\n<p>Esa es mi mochila favorita para caminar y hacer excursiones con mi dron DJI Phantom y la Canon 5D con un par de lentes y algunos accesorios y filtros. Parece grande pero, por otro lado, es bastante c\u00f3moda, ya que aunque sea una mochila grande no significa que tenga que pesar en exceso. El dron necesita mucho espacio en una mochila, pero es ligero.<\/p>\n\n<a href=\"https:\/\/www.amazon.com\/Manfrotto-MB-BP-D1-Professional-Equipment\/dp\/B017AED18Q\/ref=as_li_ss_il?dchild=1&keywords=manfrotto+d1&qid=1590341223&sr=8-1&linkCode=li2&tag=oriolmorte-20&linkId=84a362c9bdd4719b0b9c1c37a59cc4f2&language=en_US\" target=\"_blank\" rel=\"noopener noreferrer\"><img decoding=\"async\" border=\"0\" src=\"\/\/ws-na.amazon-adsystem.com\/widgets\/q?_encoding=UTF8&ASIN=B017AED18Q&Format=_SL160_&ID=AsinImage&MarketPlace=US&ServiceVersion=20070822&WS=1&tag=oriolmorte-20&language=en_US\"><\/a><img loading=\"lazy\" decoding=\"async\" src=\"https:\/\/ir-na.amazon-adsystem.com\/e\/ir?t=oriolmorte-20&language=en_US&l=li2&o=1&a=B017AED18Q\" width=\"1\" height=\"1\" border=\"0\" alt=\"\" style=\"border:none !important; margin:0px !important;\">\n\n<div style=\"height:50px\" aria-hidden=\"true\" class=\"wp-block-spacer\"><\/div>\n\n<p>Utilizo enlaces de afiliados de Amazon en este sitio web, puede consultar los t\u00e9rminos en nuestra <a rel=\"noreferrer noopener\" href=\"https:\/\/www.oriolmorte.com\/es\/politica-de-privacidad\/\" target=\"_blank\">Pol\u00edtica de privacidad<\/a>.<\/p>\n\n<div style=\"height:50px\" aria-hidden=\"true\" class=\"wp-block-spacer\"><\/div>\n\n<div style=\"height:50px\" aria-hidden=\"true\" class=\"wp-block-spacer\"><\/div>\n","protected":false},"excerpt":{"rendered":"<p>Mi Equipo Fotogr\u00e1fico La fotograf\u00eda es luz, pero no se toma una foto sin una c\u00e1mara. Es por eso que todos los fot\u00f3grafos necesitan las herramientas adecuadas para transformar la luz en im\u00e1genes. Desde la c\u00e1mara estenopeica hasta el sistema de c\u00e1mara m\u00e1s sofisticado tienen el mismo prop\u00f3sito. Capturar la luz. Es s\u00f3lo cuesti\u00f3n de gusto, presupuesto y necesidades cuando optamos por ciertos equipos. Te mostrar\u00e9 lo que uso. Eso no significa que sea mejor que otros. Solamente significa que [&hellip;]<\/p>\n","protected":false},"author":1,"featured_media":0,"parent":44440,"menu_order":0,"comment_status":"open","ping_status":"closed","template":"","meta":{"footnotes":""},"yoast_head":"<!-- This site is optimized with the Yoast SEO plugin v23.5 - https:\/\/yoast.com\/wordpress\/plugins\/seo\/ -->\n<title>Mi Equipo Fotogr\u00e1fico - Oriol Morte | Visuals<\/title>\n<meta name=\"description\" content=\"Equipo fotogr\u00e1fico de Oriol Morte. C\u00e1mara, Lentes fijas y zooms, Flashes, Bolsas, Tr\u00edpodes y todos los accesorios fotogr\u00e1ficos utilizados para los trabajos fotogr\u00e1ficos.\" \/>\n<meta name=\"robots\" content=\"index, follow, max-snippet:-1, max-image-preview:large, max-video-preview:-1\" \/>\n<link rel=\"canonical\" href=\"https:\/\/www.oriolmorte.com\/es\/sobre-mi\/equipo-fotografico\/\" \/>\n<meta property=\"og:locale\" content=\"es_ES\" \/>\n<meta property=\"og:type\" content=\"article\" \/>\n<meta property=\"og:title\" content=\"Mi Equipo Fotogr\u00e1fico - Oriol Morte | Visuals\" \/>\n<meta property=\"og:description\" content=\"Equipo fotogr\u00e1fico de Oriol Morte. C\u00e1mara, Lentes fijas y zooms, Flashes, Bolsas, Tr\u00edpodes y todos los accesorios fotogr\u00e1ficos utilizados para los trabajos fotogr\u00e1ficos.\" \/>\n<meta property=\"og:url\" content=\"https:\/\/www.oriolmorte.com\/es\/sobre-mi\/equipo-fotografico\/\" \/>\n<meta property=\"og:site_name\" content=\"Oriol Morte | Visuals\" \/>\n<meta property=\"article:modified_time\" content=\"2020-05-24T21:07:24+00:00\" \/>\n<meta property=\"og:image\" content=\"\/\/ws-na.amazon-adsystem.com\/widgets\/q?_encoding=UTF8&amp;ASIN=B01KURGS9E&amp;Format=_SL160_&amp;ID=AsinImage&amp;MarketPlace=US&amp;ServiceVersion=20070822&amp;WS=1&amp;tag=oriolmorte-20&amp;language=en_US\" \/>\n<meta name=\"twitter:card\" content=\"summary_large_image\" \/>\n<meta name=\"twitter:site\" content=\"@oriolmorte\" \/>\n<meta name=\"twitter:label1\" content=\"Tiempo de lectura\" \/>\n\t<meta name=\"twitter:data1\" content=\"12 minutos\" \/>\n<script type=\"application\/ld+json\" class=\"yoast-schema-graph\">{\"@context\":\"https:\/\/schema.org\",\"@graph\":[{\"@type\":\"WebPage\",\"@id\":\"https:\/\/www.oriolmorte.com\/es\/sobre-mi\/equipo-fotografico\/\",\"url\":\"https:\/\/www.oriolmorte.com\/es\/sobre-mi\/equipo-fotografico\/\",\"name\":\"Mi Equipo Fotogr\u00e1fico - Oriol Morte | Visuals\",\"isPartOf\":{\"@id\":\"https:\/\/www.oriolmorte.com\/es\/#website\"},\"primaryImageOfPage\":{\"@id\":\"https:\/\/www.oriolmorte.com\/es\/sobre-mi\/equipo-fotografico\/#primaryimage\"},\"image\":{\"@id\":\"https:\/\/www.oriolmorte.com\/es\/sobre-mi\/equipo-fotografico\/#primaryimage\"},\"thumbnailUrl\":\"https:\/\/ir-na.amazon-adsystem.com\/e\/ir?t=oriolmorte-20&amp;language=en_US&amp;l=li2&amp;o=1&amp;a=B01KURGS9E\",\"datePublished\":\"2013-11-18T22:49:13+00:00\",\"dateModified\":\"2020-05-24T21:07:24+00:00\",\"description\":\"Equipo fotogr\u00e1fico de Oriol Morte. C\u00e1mara, Lentes fijas y zooms, Flashes, Bolsas, Tr\u00edpodes y todos los accesorios fotogr\u00e1ficos utilizados para los trabajos fotogr\u00e1ficos.\",\"breadcrumb\":{\"@id\":\"https:\/\/www.oriolmorte.com\/es\/sobre-mi\/equipo-fotografico\/#breadcrumb\"},\"inLanguage\":\"es\",\"potentialAction\":[{\"@type\":\"ReadAction\",\"target\":[\"https:\/\/www.oriolmorte.com\/es\/sobre-mi\/equipo-fotografico\/\"]}]},{\"@type\":\"ImageObject\",\"inLanguage\":\"es\",\"@id\":\"https:\/\/www.oriolmorte.com\/es\/sobre-mi\/equipo-fotografico\/#primaryimage\",\"url\":\"https:\/\/ir-na.amazon-adsystem.com\/e\/ir?t=oriolmorte-20&amp;language=en_US&amp;l=li2&amp;o=1&amp;a=B01KURGS9E\",\"contentUrl\":\"https:\/\/ir-na.amazon-adsystem.com\/e\/ir?t=oriolmorte-20&amp;language=en_US&amp;l=li2&amp;o=1&amp;a=B01KURGS9E\"},{\"@type\":\"BreadcrumbList\",\"@id\":\"https:\/\/www.oriolmorte.com\/es\/sobre-mi\/equipo-fotografico\/#breadcrumb\",\"itemListElement\":[{\"@type\":\"ListItem\",\"position\":1,\"name\":\"Home\",\"item\":\"https:\/\/www.oriolmorte.com\/es\/\"},{\"@type\":\"ListItem\",\"position\":2,\"name\":\"Sobre m\u00ed\",\"item\":\"https:\/\/www.oriolmorte.com\/es\/sobre-mi\/\"},{\"@type\":\"ListItem\",\"position\":3,\"name\":\"Mi Equipo Fotogr\u00e1fico\"}]},{\"@type\":\"WebSite\",\"@id\":\"https:\/\/www.oriolmorte.com\/es\/#website\",\"url\":\"https:\/\/www.oriolmorte.com\/es\/\",\"name\":\"Oriol Morte | Visuals\",\"description\":\"Photography\",\"publisher\":{\"@id\":\"https:\/\/www.oriolmorte.com\/es\/#\/schema\/person\/c939f3cb1e4f0e0d005eba682aa7f5a3\"},\"potentialAction\":[{\"@type\":\"SearchAction\",\"target\":{\"@type\":\"EntryPoint\",\"urlTemplate\":\"https:\/\/www.oriolmorte.com\/es\/?s={search_term_string}\"},\"query-input\":{\"@type\":\"PropertyValueSpecification\",\"valueRequired\":true,\"valueName\":\"search_term_string\"}}],\"inLanguage\":\"es\"},{\"@type\":[\"Person\",\"Organization\"],\"@id\":\"https:\/\/www.oriolmorte.com\/es\/#\/schema\/person\/c939f3cb1e4f0e0d005eba682aa7f5a3\",\"name\":\"Oriol Morte\",\"image\":{\"@type\":\"ImageObject\",\"inLanguage\":\"es\",\"@id\":\"https:\/\/www.oriolmorte.com\/es\/#\/schema\/person\/image\/\",\"url\":\"https:\/\/www.oriolmorte.com\/wp-content\/uploads\/2014\/03\/logo_OM_black_translucent_background.png\",\"contentUrl\":\"https:\/\/www.oriolmorte.com\/wp-content\/uploads\/2014\/03\/logo_OM_black_translucent_background.png\",\"width\":500,\"height\":500,\"caption\":\"Oriol Morte\"},\"logo\":{\"@id\":\"https:\/\/www.oriolmorte.com\/es\/#\/schema\/person\/image\/\"},\"description\":\"Photographer since 2002\"}]}<\/script>\n<!-- \/ Yoast SEO plugin. -->","yoast_head_json":{"title":"Mi Equipo Fotogr\u00e1fico - Oriol Morte | Visuals","description":"Equipo fotogr\u00e1fico de Oriol Morte. C\u00e1mara, Lentes fijas y zooms, Flashes, Bolsas, Tr\u00edpodes y todos los accesorios fotogr\u00e1ficos utilizados para los trabajos fotogr\u00e1ficos.","robots":{"index":"index","follow":"follow","max-snippet":"max-snippet:-1","max-image-preview":"max-image-preview:large","max-video-preview":"max-video-preview:-1"},"canonical":"https:\/\/www.oriolmorte.com\/es\/sobre-mi\/equipo-fotografico\/","og_locale":"es_ES","og_type":"article","og_title":"Mi Equipo Fotogr\u00e1fico - Oriol Morte | Visuals","og_description":"Equipo fotogr\u00e1fico de Oriol Morte. C\u00e1mara, Lentes fijas y zooms, Flashes, Bolsas, Tr\u00edpodes y todos los accesorios fotogr\u00e1ficos utilizados para los trabajos fotogr\u00e1ficos.","og_url":"https:\/\/www.oriolmorte.com\/es\/sobre-mi\/equipo-fotografico\/","og_site_name":"Oriol Morte | Visuals","article_modified_time":"2020-05-24T21:07:24+00:00","og_image":[{"url":"\/\/ws-na.amazon-adsystem.com\/widgets\/q?_encoding=UTF8&amp;ASIN=B01KURGS9E&amp;Format=_SL160_&amp;ID=AsinImage&amp;MarketPlace=US&amp;ServiceVersion=20070822&amp;WS=1&amp;tag=oriolmorte-20&amp;language=en_US"}],"twitter_card":"summary_large_image","twitter_site":"@oriolmorte","twitter_misc":{"Tiempo de lectura":"12 minutos"},"schema":{"@context":"https:\/\/schema.org","@graph":[{"@type":"WebPage","@id":"https:\/\/www.oriolmorte.com\/es\/sobre-mi\/equipo-fotografico\/","url":"https:\/\/www.oriolmorte.com\/es\/sobre-mi\/equipo-fotografico\/","name":"Mi Equipo Fotogr\u00e1fico - Oriol Morte | Visuals","isPartOf":{"@id":"https:\/\/www.oriolmorte.com\/es\/#website"},"primaryImageOfPage":{"@id":"https:\/\/www.oriolmorte.com\/es\/sobre-mi\/equipo-fotografico\/#primaryimage"},"image":{"@id":"https:\/\/www.oriolmorte.com\/es\/sobre-mi\/equipo-fotografico\/#primaryimage"},"thumbnailUrl":"https:\/\/ir-na.amazon-adsystem.com\/e\/ir?t=oriolmorte-20&amp;language=en_US&amp;l=li2&amp;o=1&amp;a=B01KURGS9E","datePublished":"2013-11-18T22:49:13+00:00","dateModified":"2020-05-24T21:07:24+00:00","description":"Equipo fotogr\u00e1fico de Oriol Morte. C\u00e1mara, Lentes fijas y zooms, Flashes, Bolsas, Tr\u00edpodes y todos los accesorios fotogr\u00e1ficos utilizados para los trabajos fotogr\u00e1ficos.","breadcrumb":{"@id":"https:\/\/www.oriolmorte.com\/es\/sobre-mi\/equipo-fotografico\/#breadcrumb"},"inLanguage":"es","potentialAction":[{"@type":"ReadAction","target":["https:\/\/www.oriolmorte.com\/es\/sobre-mi\/equipo-fotografico\/"]}]},{"@type":"ImageObject","inLanguage":"es","@id":"https:\/\/www.oriolmorte.com\/es\/sobre-mi\/equipo-fotografico\/#primaryimage","url":"https:\/\/ir-na.amazon-adsystem.com\/e\/ir?t=oriolmorte-20&amp;language=en_US&amp;l=li2&amp;o=1&amp;a=B01KURGS9E","contentUrl":"https:\/\/ir-na.amazon-adsystem.com\/e\/ir?t=oriolmorte-20&amp;language=en_US&amp;l=li2&amp;o=1&amp;a=B01KURGS9E"},{"@type":"BreadcrumbList","@id":"https:\/\/www.oriolmorte.com\/es\/sobre-mi\/equipo-fotografico\/#breadcrumb","itemListElement":[{"@type":"ListItem","position":1,"name":"Home","item":"https:\/\/www.oriolmorte.com\/es\/"},{"@type":"ListItem","position":2,"name":"Sobre m\u00ed","item":"https:\/\/www.oriolmorte.com\/es\/sobre-mi\/"},{"@type":"ListItem","position":3,"name":"Mi Equipo Fotogr\u00e1fico"}]},{"@type":"WebSite","@id":"https:\/\/www.oriolmorte.com\/es\/#website","url":"https:\/\/www.oriolmorte.com\/es\/","name":"Oriol Morte | Visuals","description":"Photography","publisher":{"@id":"https:\/\/www.oriolmorte.com\/es\/#\/schema\/person\/c939f3cb1e4f0e0d005eba682aa7f5a3"},"potentialAction":[{"@type":"SearchAction","target":{"@type":"EntryPoint","urlTemplate":"https:\/\/www.oriolmorte.com\/es\/?s={search_term_string}"},"query-input":{"@type":"PropertyValueSpecification","valueRequired":true,"valueName":"search_term_string"}}],"inLanguage":"es"},{"@type":["Person","Organization"],"@id":"https:\/\/www.oriolmorte.com\/es\/#\/schema\/person\/c939f3cb1e4f0e0d005eba682aa7f5a3","name":"Oriol Morte","image":{"@type":"ImageObject","inLanguage":"es","@id":"https:\/\/www.oriolmorte.com\/es\/#\/schema\/person\/image\/","url":"https:\/\/www.oriolmorte.com\/wp-content\/uploads\/2014\/03\/logo_OM_black_translucent_background.png","contentUrl":"https:\/\/www.oriolmorte.com\/wp-content\/uploads\/2014\/03\/logo_OM_black_translucent_background.png","width":500,"height":500,"caption":"Oriol Morte"},"logo":{"@id":"https:\/\/www.oriolmorte.com\/es\/#\/schema\/person\/image\/"},"description":"Photographer since 2002"}]}},"_links":{"self":[{"href":"https:\/\/www.oriolmorte.com\/es\/wp-json\/wp\/v2\/pages\/2418"}],"collection":[{"href":"https:\/\/www.oriolmorte.com\/es\/wp-json\/wp\/v2\/pages"}],"about":[{"href":"https:\/\/www.oriolmorte.com\/es\/wp-json\/wp\/v2\/types\/page"}],"author":[{"embeddable":true,"href":"https:\/\/www.oriolmorte.com\/es\/wp-json\/wp\/v2\/users\/1"}],"replies":[{"embeddable":true,"href":"https:\/\/www.oriolmorte.com\/es\/wp-json\/wp\/v2\/comments?post=2418"}],"version-history":[{"count":10,"href":"https:\/\/www.oriolmorte.com\/es\/wp-json\/wp\/v2\/pages\/2418\/revisions"}],"predecessor-version":[{"id":49375,"href":"https:\/\/www.oriolmorte.com\/es\/wp-json\/wp\/v2\/pages\/2418\/revisions\/49375"}],"up":[{"embeddable":true,"href":"https:\/\/www.oriolmorte.com\/es\/wp-json\/wp\/v2\/pages\/44440"}],"wp:attachment":[{"href":"https:\/\/www.oriolmorte.com\/es\/wp-json\/wp\/v2\/media?parent=2418"}],"curies":[{"name":"wp","href":"https:\/\/api.w.org\/{rel}","templated":true}]}}